{"id":3495,"date":"2025-11-28T14:22:46","date_gmt":"2025-11-28T13:22:46","guid":{"rendered":"https:\/\/irma.ac\/nosso-trabalho\/amp-amplificando-as-perspectivas-dos-musicos\/"},"modified":"2026-01-21T09:44:07","modified_gmt":"2026-01-21T08:44:07","slug":"amp-amplificando-as-perspectivas-dos-musicos","status":"publish","type":"page","link":"https:\/\/irma.ac\/pt-br\/nosso-trabalho\/amp-amplificando-as-perspectivas-dos-musicos\/","title":{"rendered":"AMP: AMPLIFICANDO AS PERSPECTIVAS D@S M\u00daSIC@S"},"content":{"rendered":"<p>[et_pb_section fb_built=&#8221;1&#8243; admin_label=&#8221;Intro&#8221; _builder_version=&#8221;4.27.4&#8243; _module_preset=&#8221;default&#8221; custom_margin=&#8221;2rem||||false|false&#8221; global_colors_info=&#8221;{}&#8221;][et_pb_row column_structure=&#8221;2_5,3_5&#8243; _builder_version=&#8221;4.27.4&#8243; _module_preset=&#8221;default&#8221; custom_margin=&#8221;||||false|false&#8221; custom_padding=&#8221;||3rem||false|false&#8221; global_colors_info=&#8221;{}&#8221;][et_pb_column type=&#8221;2_5&#8243; _builder_version=&#8221;4.27.4&#8243; _module_preset=&#8221;default&#8221; global_colors_info=&#8221;{}&#8221;][et_pb_text _builder_version=&#8221;4.27.5&#8243; _module_preset=&#8221;default&#8221; global_colors_info=&#8221;{}&#8221;]<\/p>\n<h1>AMP: <br \/>AMPLIFICANDO AS PERSPECTIVAS D@S M\u00daSIC@S<\/h1>\n<p>[\/et_pb_text][\/et_pb_column][et_pb_column type=&#8221;3_5&#8243; _builder_version=&#8221;4.27.4&#8243; _module_preset=&#8221;default&#8221; global_colors_info=&#8221;{}&#8221;][et_pb_text _builder_version=&#8221;4.27.4&#8243; _module_preset=&#8221;default&#8221; global_colors_info=&#8221;{}&#8221;]<\/p>\n<p>As escolas de m\u00fasica podem transformar vidas. Elas treinam os administradores da cultura em todo o mundo. Al\u00e9m da m\u00fasica, elas proporcionam aos alun@s espa\u00e7os seguros para criar novas perspectivas, amizades e habilidades sociais.  <\/p>\n<p>Mas quando jovens m\u00fasic@s entram no setor musical como profissionais, muit@s lutam para sobreviver. Para encontrar trabalho, eles e elas precisam mostrar seu talento. Precisam produzir conte\u00fado e promov\u00ea-lo. Precisam se tornar empreendedores. Infelizmente, a maioria das escolas de m\u00fasica n\u00e3o ensina essas habilidades.    <\/p>\n<p>Nosso programa de capacita\u00e7\u00e3o <strong>AMP<\/strong> \u00e9 uma resposta a isso. Trata-se de um programa educacional acess\u00edvel e acelerado em produ\u00e7\u00e3o e promo\u00e7\u00e3o musical, que pode ser conclu\u00eddo apenas com um smartphone. O <strong>AMP<\/strong> abrange todos os aspectos essenciais que os artistas precisam para prosperar na ind\u00fastria musical contempor\u00e2nea, desde produ\u00e7\u00e3o e promo\u00e7\u00e3o de \u00e1udio\/v\u00eddeo at\u00e9 sa\u00fade (mental) e gest\u00e3o de carreira. Ele complementa o trabalho essencial realizado pelas escolas de m\u00fasica, ajudando seus alunos a iniciar suas jornadas profissionais.  <\/p>\n<p>[\/et_pb_text][\/et_pb_column][\/et_pb_row][et_pb_row _builder_version=&#8221;4.27.4&#8243; _module_preset=&#8221;default&#8221; custom_margin=&#8221;||||false|false&#8221; custom_padding=&#8221;||3rem||false|false&#8221; global_colors_info=&#8221;{}&#8221;][et_pb_column type=&#8221;4_4&#8243; _builder_version=&#8221;4.27.4&#8243; _module_preset=&#8221;default&#8221; global_colors_info=&#8221;{}&#8221;][et_pb_video src=&#8221;https:\/\/irma.ac\/wp-content\/uploads\/2025\/10\/IRMA-promo-video-2026.mov&#8221; image_src=&#8221;https:\/\/irma.ac\/wp-content\/uploads\/2025\/11\/Thumbnail-scaled.png&#8221; _builder_version=&#8221;4.27.5&#8243; _module_preset=&#8221;default&#8221; global_colors_info=&#8221;{}&#8221;][\/et_pb_video][\/et_pb_column][\/et_pb_row][\/et_pb_section][et_pb_section fb_built=&#8221;1&#8243; admin_label=&#8221;AMP is&#8221; _builder_version=&#8221;4.27.4&#8243; _module_preset=&#8221;default&#8221; custom_margin=&#8221;0px||||false|false&#8221; custom_padding=&#8221;0px||0px||false|false&#8221; global_colors_info=&#8221;{}&#8221;][et_pb_row column_structure=&#8221;2_5,3_5&#8243; _builder_version=&#8221;4.27.4&#8243; _module_preset=&#8221;default&#8221; custom_padding=&#8221;||3rem||false|false&#8221; global_colors_info=&#8221;{}&#8221;][et_pb_column type=&#8221;2_5&#8243; _builder_version=&#8221;4.27.4&#8243; _module_preset=&#8221;default&#8221; global_colors_info=&#8221;{}&#8221;][et_pb_text _builder_version=&#8221;4.27.4&#8243; _module_preset=&#8221;default&#8221; global_colors_info=&#8221;{}&#8221;]<\/p>\n<h2>AMP \u00e9<\/h2>\n<p>[\/et_pb_text][\/et_pb_column][et_pb_column type=&#8221;3_5&#8243; _builder_version=&#8221;4.27.4&#8243; _module_preset=&#8221;default&#8221; global_colors_info=&#8221;{}&#8221;][et_pb_text _builder_version=&#8221;4.27.5&#8243; _module_preset=&#8221;20481be7-2273-4696-9762-3ac21d12901e&#8221; global_colors_info=&#8221;{}&#8221;]<\/p>\n<p><strong>Acess\u00edvel<\/strong>: Ele desafia as barreiras financeiras que impedem que as pessoas entrem no mundo da produ\u00e7\u00e3o musical, usando solu\u00e7\u00f5es m\u00f3veis gratuitas, por\u00e9m inflex\u00edveis.<\/p>\n<p><strong>Capacita\u00e7\u00e3o<\/strong>: \u00c9 uma jornada passo a passo para a independ\u00eancia. Com o AMP, @s alun@s aprendem a produzir conte\u00fado de \u00e1udio e v\u00eddeo do in\u00edcio ao fim e a promov\u00ea-lo. <\/p>\n<p><strong>Acion\u00e1vel<\/strong>: Concentra-se no desenvolvimento de habilidades para ampliar as oportunidades de carreira. O programa oferece treinamento pr\u00e1tico e recursos para voc\u00ea explorar mais. <\/p>\n<p>[\/et_pb_text][\/et_pb_column][\/et_pb_row][\/et_pb_section][et_pb_section fb_built=&#8221;1&#8243; _builder_version=&#8221;4.27.4&#8243; _module_preset=&#8221;default&#8221; custom_padding=&#8221;0px||||false|false&#8221; global_colors_info=&#8221;{}&#8221;][et_pb_row column_structure=&#8221;2_5,3_5&#8243; _builder_version=&#8221;4.27.4&#8243; _module_preset=&#8221;default&#8221; custom_margin=&#8221;||||false|false&#8221; custom_padding=&#8221;||3rem||false|false&#8221; global_colors_info=&#8221;{}&#8221;][et_pb_column type=&#8221;2_5&#8243; _builder_version=&#8221;4.27.4&#8243; _module_preset=&#8221;default&#8221; global_colors_info=&#8221;{}&#8221;][et_pb_text _builder_version=&#8221;4.27.4&#8243; _module_preset=&#8221;default&#8221; global_colors_info=&#8221;{}&#8221;]<\/p>\n<h2>Impacto<\/h2>\n<p>[\/et_pb_text][\/et_pb_column][et_pb_column type=&#8221;3_5&#8243; _builder_version=&#8221;4.27.4&#8243; _module_preset=&#8221;default&#8221; position_origin_a=&#8221;center_right&#8221; position_origin_a_tablet=&#8221;center_right&#8221; position_origin_a_phone=&#8221;center_right&#8221; position_origin_a_last_edited=&#8221;off|desktop&#8221; position_origin_f_last_edited=&#8221;off|desktop&#8221; position_origin_r_last_edited=&#8221;off|desktop&#8221; positioning_tablet=&#8221;none&#8221; positioning_phone=&#8221;none&#8221; positioning_last_edited=&#8221;off|desktop&#8221; global_colors_info=&#8221;{}&#8221;][et_pb_text _builder_version=&#8221;4.27.5&#8243; _module_preset=&#8221;20481be7-2273-4696-9762-3ac21d12901e&#8221; global_colors_info=&#8221;{}&#8221;]<\/p>\n<p>Pesquisas, <a href=\"\/resources\/\" target=\"_blank\" rel=\"noopener\">inclusive as nossas<\/a>, demonstram que o treinamento em produ\u00e7\u00e3o musical proporciona v\u00e1rios benef\u00edcios, incluindo<\/p>\n<p><strong>Desempenho aprimorado<\/strong>: As habilidades de produ\u00e7\u00e3o musical enriquecem a educa\u00e7\u00e3o musical, permitindo que @s artistas revisem e refinem sua arte.<\/p>\n<p><strong>Melhoria da comunica\u00e7\u00e3o<\/strong>: A confian\u00e7a na produ\u00e7\u00e3o de conte\u00fado aumenta o poder art\u00edstico e de comunica\u00e7\u00e3o d@s m\u00fasic@s.<\/p>\n<p><strong>Perspectivas profissionais ampliadas<\/strong>: As habilidades de produ\u00e7\u00e3o musical abrem caminhos profissionais al\u00e9m da performance, incluindo produ\u00e7\u00e3o audiovisual, comunica\u00e7\u00e3o e fun\u00e7\u00f5es de marketing.<\/p>\n<p>[\/et_pb_text][\/et_pb_column][\/et_pb_row][\/et_pb_section][et_pb_section fb_built=&#8221;1&#8243; _builder_version=&#8221;4.27.4&#8243; _module_preset=&#8221;default&#8221; background_color=&#8221;#F1FF30&#8243; custom_padding=&#8221;4rem||4rem||false|false&#8221; global_colors_info=&#8221;{}&#8221;][et_pb_row _builder_version=&#8221;4.27.4&#8243; _module_preset=&#8221;default&#8221; custom_margin=&#8221;||||false|false&#8221; custom_padding=&#8221;0px||0px||false|false&#8221; global_colors_info=&#8221;{}&#8221;][et_pb_column type=&#8221;4_4&#8243; _builder_version=&#8221;4.27.4&#8243; _module_preset=&#8221;default&#8221; global_colors_info=&#8221;{}&#8221;][et_pb_text _builder_version=&#8221;4.27.5&#8243; _module_preset=&#8221;20481be7-2273-4696-9762-3ac21d12901e&#8221; text_orientation=&#8221;center&#8221; locked=&#8221;off&#8221; global_colors_info=&#8221;{}&#8221;]<\/p>\n<p>Entre @s participantes do projeto piloto da <strong>AMP <\/strong>em S\u00e3o Paulo:<\/p>\n<p>[\/et_pb_text][\/et_pb_column][\/et_pb_row][et_pb_row column_structure=&#8221;1_4,1_4,1_4,1_4&#8243; _builder_version=&#8221;4.27.5&#8243; _module_preset=&#8221;default&#8221; custom_padding=&#8221;50px||||false|false&#8221; global_colors_info=&#8221;{}&#8221;][et_pb_column type=&#8221;1_4&#8243; _builder_version=&#8221;4.27.4&#8243; _module_preset=&#8221;default&#8221; global_colors_info=&#8221;{}&#8221;][dipi_counter count_circle_percent=&#8221;100&#8243; count_to_number=&#8221;100&#8243; _builder_version=&#8221;4.27.4&#8243; _module_preset=&#8221;cbdb5513-9fae-474f-b857-1cbbdfdd56c4&#8243; all_font_size=&#8221;3em&#8221; global_colors_info=&#8221;{}&#8221;][\/dipi_counter][et_pb_text _builder_version=&#8221;4.27.5&#8243; _module_preset=&#8221;default&#8221; text_orientation=&#8221;center&#8221; global_colors_info=&#8221;{}&#8221;]<\/p>\n<p>Obteve novas perspectivas de carreira<\/p>\n<p>[\/et_pb_text][\/et_pb_column][et_pb_column type=&#8221;1_4&#8243; _builder_version=&#8221;4.27.4&#8243; _module_preset=&#8221;default&#8221; global_colors_info=&#8221;{}&#8221;][dipi_counter count_circle_percent=&#8221;82&#8243; count_to_number=&#8221;82&#8243; _builder_version=&#8221;4.27.4&#8243; _module_preset=&#8221;cbdb5513-9fae-474f-b857-1cbbdfdd56c4&#8243; all_font_size=&#8221;3em&#8221; global_colors_info=&#8221;{}&#8221;][\/dipi_counter][et_pb_text _builder_version=&#8221;4.27.5&#8243; _module_preset=&#8221;default&#8221; text_orientation=&#8221;center&#8221; global_colors_info=&#8221;{}&#8221;]<\/p>\n<p>Usou as novas habilidades profissionalmente em 6 meses<\/p>\n<p>[\/et_pb_text][\/et_pb_column][et_pb_column type=&#8221;1_4&#8243; _builder_version=&#8221;4.27.4&#8243; _module_preset=&#8221;default&#8221; global_colors_info=&#8221;{}&#8221;][dipi_counter _builder_version=&#8221;4.27.4&#8243; _module_preset=&#8221;cbdb5513-9fae-474f-b857-1cbbdfdd56c4&#8243; all_font_size=&#8221;3em&#8221; global_colors_info=&#8221;{}&#8221;][\/dipi_counter][et_pb_text _builder_version=&#8221;4.27.5&#8243; _module_preset=&#8221;default&#8221; text_orientation=&#8221;center&#8221; global_colors_info=&#8221;{}&#8221;]<\/p>\n<p>Experimentou uma sensa\u00e7\u00e3o de fortalecimento como artista<\/p>\n<p>[\/et_pb_text][\/et_pb_column][et_pb_column type=&#8221;1_4&#8243; _builder_version=&#8221;4.27.4&#8243; _module_preset=&#8221;default&#8221; global_colors_info=&#8221;{}&#8221;][dipi_counter count_circle_percent=&#8221;100&#8243; count_to_number=&#8221;100&#8243; _builder_version=&#8221;4.27.4&#8243; _module_preset=&#8221;cbdb5513-9fae-474f-b857-1cbbdfdd56c4&#8243; all_font_size=&#8221;3em&#8221; global_colors_info=&#8221;{}&#8221;][\/dipi_counter][et_pb_text _builder_version=&#8221;4.27.5&#8243; _module_preset=&#8221;default&#8221; text_orientation=&#8221;center&#8221; global_colors_info=&#8221;{}&#8221;]<\/p>\n<p>Recomendaria o programa a um amigo<\/p>\n<p>[\/et_pb_text][\/et_pb_column][\/et_pb_row][\/et_pb_section][et_pb_section fb_built=&#8221;1&#8243; custom_padding_last_edited=&#8221;on|desktop&#8221; _builder_version=&#8221;4.27.4&#8243; _module_preset=&#8221;default&#8221; custom_padding=&#8221;4rem||2rem||false|false&#8221; custom_padding_tablet=&#8221;||0rem||false|false&#8221; custom_padding_phone=&#8221;||0rem||false|false&#8221; global_colors_info=&#8221;{}&#8221;][et_pb_row _builder_version=&#8221;4.27.4&#8243; _module_preset=&#8221;default&#8221; global_colors_info=&#8221;{}&#8221;][et_pb_column type=&#8221;4_4&#8243; _builder_version=&#8221;4.27.4&#8243; _module_preset=&#8221;default&#8221; global_colors_info=&#8221;{}&#8221;][et_pb_text _builder_version=&#8221;4.27.4&#8243; _module_preset=&#8221;default&#8221; global_colors_info=&#8221;{}&#8221;]<\/p>\n<h3>O que @s participantes do nosso projeto-piloto de AMP em S\u00e3o Paulo tinham a dizer:<\/h3>\n<p>[\/et_pb_text][\/et_pb_column][\/et_pb_row][et_pb_row disabled_on=&#8221;off|off|off&#8221; _builder_version=&#8221;4.27.4&#8243; _module_preset=&#8221;default&#8221; custom_margin=&#8221;||||false|false&#8221; custom_padding=&#8221;||0px||false|false&#8221; global_colors_info=&#8221;{}&#8221;][et_pb_column type=&#8221;4_4&#8243; _builder_version=&#8221;4.27.4&#8243; _module_preset=&#8221;default&#8221; global_colors_info=&#8221;{}&#8221;][dipi_testimonial item_align=&#8221;left&#8221; use_hide_img=&#8221;on&#8221; use_hide_rating=&#8221;on&#8221; use_hide_readmore=&#8221;on&#8221; review_length=&#8221;500&#8243; orderby=&#8221;title_asc&#8221; review_type=&#8221;off|off|off|off&#8221; testimonial_categories=&#8221;29&#8243; testimonial_suppress_filters=&#8221;off&#8221; use_show_popup_rating=&#8221;off&#8221; use_show_popup_review=&#8221;off&#8221; use_show_popup_image=&#8221;off&#8221; use_show_popup_company=&#8221;off&#8221; use_show_popup_name=&#8221;off&#8221; columns=&#8221;2&#8243; container_padding=&#8221;30px|30px|30px|30px|false|false&#8221; loop=&#8221;on&#8221; navigation=&#8221;on&#8221; pagination=&#8221;on&#8221; use_navi_prev_icon=&#8221;on&#8221; navi_prev_icon=&#8221;&#x34;||divi||400&#8243; use_navi_next_icon=&#8221;on&#8221; navi_next_icon=&#8221;&#x35;||divi||400&#8243; pagi_position=&#8221;10&#8243; pagi_color=&#8221;rgba(0,7,73,0.6)&#8221; columns_tablet=&#8221;1&#8243; columns_phone=&#8221;1&#8243; columns_last_edited=&#8221;on|phone&#8221; navi_position_left_tablet=&#8221;-30&#8243; navi_position_left_phone=&#8221;-18&#8243; navi_position_left_last_edited=&#8221;on|tablet&#8221; navi_position_right_tablet=&#8221;-30&#8243; navi_position_right_phone=&#8221;-18&#8243; navi_position_right_last_edited=&#8221;on|phone&#8221; _builder_version=&#8221;4.27.5&#8243; _module_preset=&#8221;default&#8221; testimonial_text_font=&#8221;||on||||||&#8221; testimonial_text_font_size=&#8221;1.5rem&#8221; testimonial_text_line_height=&#8221;1.35em&#8221; locked=&#8221;off&#8221; global_colors_info=&#8221;{}&#8221;][\/dipi_testimonial][\/et_pb_column][\/et_pb_row][\/et_pb_section][et_pb_section fb_built=&#8221;1&#8243; _builder_version=&#8221;4.27.4&#8243; _module_preset=&#8221;default&#8221; background_color=&#8221;#7FFFF6&#8243; custom_padding=&#8221;3rem||3rem||false|false&#8221; global_colors_info=&#8221;{}&#8221;][et_pb_row column_structure=&#8221;2_5,3_5&#8243; module_class=&#8221;middle&#8221; _builder_version=&#8221;4.27.4&#8243; _module_preset=&#8221;default&#8221; global_colors_info=&#8221;{}&#8221;][et_pb_column type=&#8221;2_5&#8243; _builder_version=&#8221;4.27.4&#8243; _module_preset=&#8221;default&#8221; global_colors_info=&#8221;{}&#8221;][et_pb_text _builder_version=&#8221;4.27.5&#8243; _module_preset=&#8221;default&#8221; global_colors_info=&#8221;{}&#8221;]<\/p>\n<h3>O AMP foi testado com sucesso em 2024 em colabora\u00e7\u00e3o com:<\/h3>\n<p>[\/et_pb_text][\/et_pb_column][et_pb_column type=&#8221;3_5&#8243; _builder_version=&#8221;4.27.4&#8243; _module_preset=&#8221;default&#8221; global_colors_info=&#8221;{}&#8221;][dipi_masonry_gallery gallery_ids=&#8221;2394,2395&#8243; use_media_link=&#8221;on&#8221; columns=&#8221;2&#8243; columns_tablet=&#8221;2&#8243; columns_phone=&#8221;1&#8243; columns_last_edited=&#8221;on|tablet&#8221; _builder_version=&#8221;4.27.5&#8243; _module_preset=&#8221;default&#8221; custom_margin=&#8221;0px||||false|false&#8221; custom_padding=&#8221;||40px||false|false&#8221; global_colors_info=&#8221;{}&#8221;][\/dipi_masonry_gallery][\/et_pb_column][\/et_pb_row][\/et_pb_section][et_pb_section fb_built=&#8221;1&#8243; _builder_version=&#8221;4.27.4&#8243; _module_preset=&#8221;default&#8221; custom_padding=&#8221;3rem||3rem||false|false&#8221; global_colors_info=&#8221;{}&#8221;][et_pb_row column_structure=&#8221;1_2,1_2&#8243; module_class=&#8221;middle&#8221; _builder_version=&#8221;4.27.4&#8243; _module_preset=&#8221;default&#8221; global_colors_info=&#8221;{}&#8221;][et_pb_column type=&#8221;1_2&#8243; _builder_version=&#8221;4.27.4&#8243; _module_preset=&#8221;default&#8221; global_colors_info=&#8221;{}&#8221;][et_pb_image src=&#8221;https:\/\/irma.ac\/wp-content\/uploads\/2025\/11\/Vignette_PROJECT-REPORT-AMP-SAO-PAULO-2024-Public.jpg&#8221; title_text=&#8221;Vinheta_PROJETO-RELAT\u00d3RIO-AMP-SAO-PAULO-2024-P\u00fablico&#8221; url=&#8221;@ET-DC@eyJkeW5hbWljIjp0cnVlLCJjb250ZW50IjoicG9zdF9saW5rX3VybF9hdHRhY2htZW50Iiwic2V0dGluZ3MiOnsicG9zdF9pZCI6IjI2MjEifX0=@&#8221; url_new_window=&#8221;on&#8221; module_class=&#8221;image-cadre-var zoom-hover&#8221; _builder_version=&#8221;4.27.5&#8243; _dynamic_attributes=&#8221;url&#8221; _module_preset=&#8221;default&#8221; global_colors_info=&#8221;{}&#8221;][\/et_pb_image][\/et_pb_column][et_pb_column type=&#8221;1_2&#8243; _builder_version=&#8221;4.27.4&#8243; _module_preset=&#8221;default&#8221; global_colors_info=&#8221;{}&#8221;][et_pb_text _builder_version=&#8221;4.27.5&#8243; _module_preset=&#8221;20481be7-2273-4696-9762-3ac21d12901e&#8221; text_orientation_tablet=&#8221;center&#8221; text_orientation_phone=&#8221;center&#8221; text_orientation_last_edited=&#8221;on|phone&#8221; global_colors_info=&#8221;{}&#8221;]<\/p>\n<p>Relat\u00f3rio sobre o projeto piloto 2024 da AMP em S\u00e3o Paulo.<\/p>\n<p>[\/et_pb_text][\/et_pb_column][\/et_pb_row][et_pb_row _builder_version=&#8221;4.27.4&#8243; _module_preset=&#8221;default&#8221; custom_padding=&#8221;5rem||||false|false&#8221; global_colors_info=&#8221;{}&#8221;][et_pb_column type=&#8221;4_4&#8243; _builder_version=&#8221;4.27.4&#8243; _module_preset=&#8221;default&#8221; global_colors_info=&#8221;{}&#8221;][et_pb_text _builder_version=&#8221;4.27.5&#8243; _module_preset=&#8221;default&#8221; header_4_text_align=&#8221;center&#8221; header_4_font_size=&#8221;2.2vh&#8221; hover_enabled=&#8221;0&#8243; global_colors_info=&#8221;{}&#8221; sticky_enabled=&#8221;0&#8243;]<\/p>\n<p>&nbsp;<\/p>\n<h4>Descubra o projeto piloto e seus produtos finais.<\/h4>\n<p>[\/et_pb_text][et_pb_button button_url=&#8221;@ET-DC@eyJkeW5hbWljIjp0cnVlLCJjb250ZW50IjoicG9zdF9saW5rX3VybF9wYWdlIiwic2V0dGluZ3MiOnsicG9zdF9pZCI6IjUxOCJ9fQ==@&#8221; button_text=&#8221;Veja&#8221; button_alignment=&#8221;center&#8221; _builder_version=&#8221;4.27.4&#8243; _dynamic_attributes=&#8221;button_url&#8221; _module_preset=&#8221;090a9174-c0ce-4f3a-9897-8c3a69069ef9&#8243; global_colors_info=&#8221;{}&#8221;][\/et_pb_button][\/et_pb_column][\/et_pb_row][\/et_pb_section]<\/p>\n","protected":false},"excerpt":{"rendered":"<p>AMP: AMPLIFICANDO AS PERSPECTIVAS D@S M\u00daSIC@SAs escolas de m\u00fasica podem transformar vidas. Elas treinam os administradores da cultura em todo o mundo. Al\u00e9m da m\u00fasica, elas proporcionam aos alun@s espa\u00e7os seguros para criar novas perspectivas, amizades e habilidades sociais. Mas quando jovens m\u00fasic@s entram no setor musical como profissionais, muit@s lutam para sobreviver. Para encontrar [&hellip;]<\/p>\n","protected":false},"author":1,"featured_media":0,"parent":3459,"menu_order":0,"comment_status":"closed","ping_status":"closed","template":"","meta":{"_et_pb_use_builder":"on","_et_pb_old_content":"","_et_gb_content_width":"","footnotes":""},"dipi_cpt_category":[],"class_list":["post-3495","page","type-page","status-publish","hentry"],"_links":{"self":[{"href":"https:\/\/irma.ac\/pt-br\/wp-json\/wp\/v2\/pages\/3495","targetHints":{"allow":["GET"]}}],"collection":[{"href":"https:\/\/irma.ac\/pt-br\/wp-json\/wp\/v2\/pages"}],"about":[{"href":"https:\/\/irma.ac\/pt-br\/wp-json\/wp\/v2\/types\/page"}],"author":[{"embeddable":true,"href":"https:\/\/irma.ac\/pt-br\/wp-json\/wp\/v2\/users\/1"}],"replies":[{"embeddable":true,"href":"https:\/\/irma.ac\/pt-br\/wp-json\/wp\/v2\/comments?post=3495"}],"version-history":[{"count":17,"href":"https:\/\/irma.ac\/pt-br\/wp-json\/wp\/v2\/pages\/3495\/revisions"}],"predecessor-version":[{"id":4863,"href":"https:\/\/irma.ac\/pt-br\/wp-json\/wp\/v2\/pages\/3495\/revisions\/4863"}],"up":[{"embeddable":true,"href":"https:\/\/irma.ac\/pt-br\/wp-json\/wp\/v2\/pages\/3459"}],"wp:attachment":[{"href":"https:\/\/irma.ac\/pt-br\/wp-json\/wp\/v2\/media?parent=3495"}],"wp:term":[{"taxonomy":"dipi_cpt_category","embeddable":true,"href":"https:\/\/irma.ac\/pt-br\/wp-json\/wp\/v2\/dipi_cpt_category?post=3495"}],"curies":[{"name":"wp","href":"https:\/\/api.w.org\/{rel}","templated":true}]}}