{"id":3459,"date":"2025-07-17T14:24:23","date_gmt":"2025-07-17T12:24:23","guid":{"rendered":"https:\/\/irma.ac\/nosso-trabalho\/"},"modified":"2025-12-18T18:44:32","modified_gmt":"2025-12-18T17:44:32","slug":"nosso-trabalho","status":"publish","type":"page","link":"https:\/\/irma.ac\/pt-br\/nosso-trabalho\/","title":{"rendered":"Nosso trabalho"},"content":{"rendered":"<p>[et_pb_section fb_built=&#8221;1&#8243; admin_label=&#8221;Our work&#8221; _builder_version=&#8221;4.27.4&#8243; _module_preset=&#8221;default&#8221; custom_margin=&#8221;2rem||||false|false&#8221; collapsed=&#8221;off&#8221; global_colors_info=&#8221;{}&#8221;][et_pb_row _builder_version=&#8221;4.27.4&#8243; _module_preset=&#8221;default&#8221; global_colors_info=&#8221;{}&#8221;][et_pb_column type=&#8221;4_4&#8243; _builder_version=&#8221;4.27.4&#8243; _module_preset=&#8221;default&#8221; global_colors_info=&#8221;{}&#8221;][et_pb_text _builder_version=&#8221;4.27.4&#8243; _module_preset=&#8221;default&#8221; global_colors_info=&#8221;{}&#8221;]<\/p>\n<h1>Nosso trabalho<\/h1>\n<p>[\/et_pb_text][\/et_pb_column][\/et_pb_row][\/et_pb_section][et_pb_section fb_built=&#8221;1&#8243; admin_label=&#8221;Our work &#8211; projects&#8221; _builder_version=&#8221;4.27.4&#8243; _module_preset=&#8221;default&#8221; custom_padding=&#8221;2rem||||false|false&#8221; collapsed=&#8221;off&#8221; global_colors_info=&#8221;{}&#8221;][et_pb_row column_structure=&#8221;3_5,2_5&#8243; admin_label=&#8221;O Instituto Baccarelli&#8221; module_class=&#8221;middle&#8221; _builder_version=&#8221;4.27.4&#8243; _module_preset=&#8221;default&#8221; positioning=&#8221;none&#8221; position_origin_a=&#8221;center_center&#8221; position_origin_a_tablet=&#8221;center_center&#8221; position_origin_a_phone=&#8221;center_center&#8221; position_origin_a_last_edited=&#8221;on|desktop&#8221; position_origin_f_tablet=&#8221;&#8221; position_origin_f_phone=&#8221;&#8221; position_origin_f_last_edited=&#8221;on|desktop&#8221; position_origin_r_tablet=&#8221;&#8221; position_origin_r_phone=&#8221;&#8221; position_origin_r_last_edited=&#8221;on|desktop&#8221; custom_margin=&#8221;||4rem||false|false&#8221; custom_padding=&#8221;0px||||false|false&#8221; positioning_tablet=&#8221;none&#8221; positioning_phone=&#8221;none&#8221; positioning_last_edited=&#8221;on|phone&#8221; global_colors_info=&#8221;{}&#8221;][et_pb_column type=&#8221;3_5&#8243; _builder_version=&#8221;4.27.4&#8243; _module_preset=&#8221;default&#8221; global_colors_info=&#8221;{}&#8221;][et_pb_image src=&#8221;https:\/\/irma.ac\/wp-content\/uploads\/2025\/09\/Homepage_01-Baccarelli_m.jpg&#8221; title_text=&#8221;P\u00e1gina inicial_01-Baccarelli_m&#8221; url=&#8221;@ET-DC@eyJkeW5hbWljIjp0cnVlLCJjb250ZW50IjoicG9zdF9saW5rX3VybF9wYWdlIiwic2V0dGluZ3MiOnsicG9zdF9pZCI6IjI3OTUifX0=@&#8221; show_bottom_space=&#8221;off&#8221; module_class=&#8221;image-cadre-var zoom-hover&#8221; _builder_version=&#8221;4.27.4&#8243; _dynamic_attributes=&#8221;url&#8221; _module_preset=&#8221;default&#8221; custom_margin=&#8221;||0px||false|false&#8221; custom_padding=&#8221;0px||||false|false&#8221; global_colors_info=&#8221;{}&#8221;][\/et_pb_image][\/et_pb_column][et_pb_column type=&#8221;2_5&#8243; _builder_version=&#8221;4.27.4&#8243; _module_preset=&#8221;default&#8221; global_colors_info=&#8221;{}&#8221;][et_pb_text _builder_version=&#8221;4.27.4&#8243; _module_preset=&#8221;default&#8221; global_colors_info=&#8221;{}&#8221;]<\/p>\n<h2>NOSSO PRINCIPAL PROJETO: AMP<\/h2>\n<p>Milhares de m\u00fasic@s se formam em escolas de m\u00fasica todos os anos com sonhos de carreira. No entanto, muitos deles n\u00e3o t\u00eam as habilidades essenciais de produ\u00e7\u00e3o musical e de neg\u00f3cios para ter sucesso em um setor saturado. <\/p>\n<p>Nosso projeto <strong>AMP<\/strong> \u00e9 uma resposta a esse problema. Trata-se de um programa de desenvolvimento de capacidades que capacita aspirantes a profissionais da m\u00fasica com as habilidades necess\u00e1rias para produzir, publicar e promover seu trabalho. <strong>O AMP<\/strong> melhora a educa\u00e7\u00e3o musical, amplia as perspectivas profissionais e ap\u00f3ia a preserva\u00e7\u00e3o cultural. <\/p>\n<p>[\/et_pb_text][et_pb_button button_url=&#8221;@ET-DC@eyJkeW5hbWljIjp0cnVlLCJjb250ZW50IjoicG9zdF9saW5rX3VybF9wYWdlIiwic2V0dGluZ3MiOnsicG9zdF9pZCI6IjI3OTUifX0=@&#8221; button_text=&#8221;Saiba mais&#8221; _builder_version=&#8221;4.27.4&#8243; _dynamic_attributes=&#8221;button_url&#8221; _module_preset=&#8221;090a9174-c0ce-4f3a-9897-8c3a69069ef9&#8243; custom_margin=&#8221;||2rem||false|false&#8221; global_colors_info=&#8221;{}&#8221; button_bg_color__hover_enabled=&#8221;on|hover&#8221; button_text_color__hover_enabled=&#8221;on|hover&#8221;][\/et_pb_button][\/et_pb_column][\/et_pb_row][et_pb_row column_structure=&#8221;2_5,3_5&#8243; admin_label=&#8221;Casa dos Curumins&#8221; module_class=&#8221;middle reverse&#8221; _builder_version=&#8221;4.27.5&#8243; _module_preset=&#8221;default&#8221; positioning=&#8221;none&#8221; position_origin_a=&#8221;center_center&#8221; position_origin_a_tablet=&#8221;center_center&#8221; position_origin_a_phone=&#8221;center_center&#8221; position_origin_a_last_edited=&#8221;on|desktop&#8221; position_origin_f_tablet=&#8221;&#8221; position_origin_f_phone=&#8221;&#8221; position_origin_f_last_edited=&#8221;on|desktop&#8221; position_origin_r_tablet=&#8221;&#8221; position_origin_r_phone=&#8221;&#8221; position_origin_r_last_edited=&#8221;on|desktop&#8221; custom_margin=&#8221;||4rem||false|false&#8221; custom_padding=&#8221;0px||||false|false&#8221; animation_style=&#8221;slide&#8221; animation_direction=&#8221;bottom&#8221; positioning_tablet=&#8221;none&#8221; positioning_phone=&#8221;none&#8221; positioning_last_edited=&#8221;on|desktop&#8221; global_colors_info=&#8221;{}&#8221;][et_pb_column type=&#8221;2_5&#8243; _builder_version=&#8221;4.27.4&#8243; _module_preset=&#8221;default&#8221; global_colors_info=&#8221;{}&#8221;][et_pb_text _builder_version=&#8221;4.27.5&#8243; _module_preset=&#8221;default&#8221; global_colors_info=&#8221;{}&#8221;]<\/p>\n<h2>REFLEX\u00d5ES COLETIVAS<\/h2>\n<h3>QUAL O PAPEL D@S M\u00daSIC@S EM UM MUNDO EM CRISE?<\/h3>\n<p>As Reflex\u00f5es Coletivas s\u00e3o workshops nos quais propomos mobilizar a intelig\u00eancia coletiva e a criatividade d@s m\u00fasic@s para identificar respostas \u00e0s crises mundiais. Iniciamos esse projeto porque acreditamos que @s artistas s\u00e3o atores-chave capazes de catalisar mudan\u00e7as positivas, especialmente em uma \u00e9poca em que as tens\u00f5es globais e o abuso dos direitos humanos atingem novos patamares. <\/p>\n<p>A primeira edi\u00e7\u00e3o desse evento foi realizada em Neuch\u00e2tel, em 1\u00ba de dezembro de 2024, e teve seus ingressos esgotados. Suas conclus\u00f5es est\u00e3o dispon\u00edveis <a href=\"https:\/\/irma.ac\/wp-content\/uploads\/2025\/07\/Reflexions-Collectives-Neuchatel-2024-Rapport-final-public.pdf\" target=\"_blank\" rel=\"noopener\">em um relat\u00f3rio<\/a> (somente em franc\u00eas). <\/p>\n<p>[\/et_pb_text][et_pb_button button_url=&#8221;@ET-DC@eyJkeW5hbWljIjp0cnVlLCJjb250ZW50IjoicG9zdF9saW5rX3VybF9wYWdlIiwic2V0dGluZ3MiOnsicG9zdF9pZCI6IjEzMTIifX0=@&#8221; button_text=&#8221;Saiba mais&#8221; _builder_version=&#8221;4.27.4&#8243; _dynamic_attributes=&#8221;button_url&#8221; _module_preset=&#8221;090a9174-c0ce-4f3a-9897-8c3a69069ef9&#8243; custom_margin=&#8221;||||false|false&#8221; global_colors_info=&#8221;{}&#8221; button_bg_color__hover_enabled=&#8221;on|hover&#8221; button_border_color__hover_enabled=&#8221;on|desktop&#8221;][\/et_pb_button][\/et_pb_column][et_pb_column type=&#8221;3_5&#8243; _builder_version=&#8221;4.27.4&#8243; _module_preset=&#8221;default&#8221; global_colors_info=&#8221;{}&#8221;][et_pb_image src=&#8221;https:\/\/irma.ac\/wp-content\/uploads\/2025\/08\/Homepage-05-RC.jpg&#8221; title_text=&#8221;P\u00e1gina inicial 05 &#8211; RC&#8221; url=&#8221;@ET-DC@eyJkeW5hbWljIjp0cnVlLCJjb250ZW50IjoicG9zdF9saW5rX3VybF9wYWdlIiwic2V0dGluZ3MiOnsicG9zdF9pZCI6IjEzMTIifX0=@&#8221; show_bottom_space=&#8221;off&#8221; module_class=&#8221;image-cadre-var zoom-hover&#8221; _builder_version=&#8221;4.27.4&#8243; _dynamic_attributes=&#8221;url&#8221; _module_preset=&#8221;default&#8221; custom_margin=&#8221;||0px||false|false&#8221; custom_margin_tablet=&#8221;||0px||false|false&#8221; custom_margin_phone=&#8221;||2rem||false|false&#8221; custom_margin_last_edited=&#8221;on|phone&#8221; custom_padding=&#8221;0px||||false|false&#8221; global_colors_info=&#8221;{}&#8221;][\/et_pb_image][\/et_pb_column][\/et_pb_row][et_pb_row column_structure=&#8221;3_5,2_5&#8243; admin_label=&#8221;Universidade de Manchester X Studio M\u00e9canique&#8221; module_class=&#8221;middle&#8221; _builder_version=&#8221;4.27.4&#8243; _module_preset=&#8221;default&#8221; positioning=&#8221;none&#8221; position_origin_a=&#8221;center_center&#8221; position_origin_a_tablet=&#8221;center_center&#8221; position_origin_a_phone=&#8221;center_center&#8221; position_origin_a_last_edited=&#8221;on|desktop&#8221; position_origin_f_tablet=&#8221;&#8221; position_origin_f_phone=&#8221;&#8221; position_origin_f_last_edited=&#8221;on|desktop&#8221; position_origin_r_tablet=&#8221;&#8221; position_origin_r_phone=&#8221;&#8221; position_origin_r_last_edited=&#8221;on|desktop&#8221; custom_padding=&#8221;0px||||false|false&#8221; animation_style=&#8221;slide&#8221; animation_direction=&#8221;bottom&#8221; positioning_tablet=&#8221;none&#8221; positioning_phone=&#8221;none&#8221; positioning_last_edited=&#8221;on|phone&#8221; global_colors_info=&#8221;{}&#8221;][et_pb_column type=&#8221;3_5&#8243; _builder_version=&#8221;4.27.4&#8243; _module_preset=&#8221;default&#8221; global_colors_info=&#8221;{}&#8221;][et_pb_image src=&#8221;https:\/\/irma.ac\/wp-content\/uploads\/2025\/09\/Research-ITM-Medellin-scaled.jpeg&#8221; title_text=&#8221;Pesquisa &#8211; ITM Medellin&#8221; show_bottom_space=&#8221;off&#8221; module_class=&#8221;image-cadre-var&#8221; _builder_version=&#8221;4.27.4&#8243; _module_preset=&#8221;default&#8221; custom_margin=&#8221;||0px||false|false&#8221; custom_padding=&#8221;0px||||false|false&#8221; global_colors_info=&#8221;{}&#8221;][\/et_pb_image][\/et_pb_column][et_pb_column type=&#8221;2_5&#8243; _builder_version=&#8221;4.27.4&#8243; _module_preset=&#8221;default&#8221; global_colors_info=&#8221;{}&#8221;][et_pb_text _builder_version=&#8221;4.27.5&#8243; _module_preset=&#8221;default&#8221; global_colors_info=&#8221;{}&#8221;]<\/p>\n<h2>Pesquisa<\/h2>\n<p>Estudamos o impacto da m\u00fasica na sociedade e apresentamos nossas descobertas em diferentes formatos e ambientes em festivais, universidades, museus e muito mais.<\/p>\n<ul>\n<li>Estudo acad\u00eamico mais recente: <a href=\"\/wp-content\/uploads\/2025\/09\/Fehlmann-J.-2025-IHEID-MAS-IR-Thesis-Executive-Summary.pdf\" target=\"_blank\" rel=\"noopener\">O ensino de produ\u00e7\u00e3o musical pode ser um instrumento significativo para o desenvolvimento?<\/a><\/li>\n<li>N\u00f3s nos juntamos ao artista su\u00ed\u00e7o <a href=\"https:\/\/arthur-henry.com\/\" target=\"_blank\" rel=\"noopener\">Arthur Henry<\/a> para discutir seu impressionante projeto Sampling The World, explorando <a href=\"https:\/\/irma.ac\/wp-content\/uploads\/2025\/09\/Sampling-the-World-MJF-2024-202407173.pdf\" target=\"_blank\" rel=\"noopener\">como os projetos musicais podem influenciar a sociedade<\/a> no <a href=\"https:\/\/www.montreuxjazzfestival.com\/en\/workshop-by-mjaf-sampling-the-world-with-arthur-henry-julien-fehlmann-irma\/\" target=\"_blank\" rel=\"noopener\">Montreux Jazz Festival 2024<\/a>.<\/li>\n<li>Tivemos a sorte de trocar opini\u00f5es sobre m\u00fasica, produ\u00e7\u00e3o musical e advocacia em institui\u00e7\u00f5es de ensino superior de renome, como o <a href=\"https:\/\/www.itm.edu.co\/\" target=\"_blank\" rel=\"noopener\">ITM em Medell\u00edn<\/a> e o <a href=\"https:\/\/www.graduateinstitute.ch\/\" target=\"_blank\" rel=\"noopener\">Geneva Graduate Institute<\/a>.<\/li>\n<\/ul>\n<p>[\/et_pb_text][\/et_pb_column][\/et_pb_row][\/et_pb_section][et_pb_section fb_built=&#8221;1&#8243; admin_label=&#8221;Collaborations&#8221; _builder_version=&#8221;4.27.4&#8243; _module_preset=&#8221;default&#8221; background_color=&#8221;#7FFFF6&#8243; custom_margin=&#8221;2.4rem||||false|false&#8221; custom_padding=&#8221;3rem||3rem||false|false&#8221; collapsed=&#8221;off&#8221; global_colors_info=&#8221;{}&#8221;][et_pb_row admin_label=&#8221;t\u00edtulo&#8221; _builder_version=&#8221;4.27.4&#8243; _module_preset=&#8221;default&#8221; global_colors_info=&#8221;{}&#8221;][et_pb_column type=&#8221;4_4&#8243; _builder_version=&#8221;4.27.4&#8243; _module_preset=&#8221;default&#8221; global_colors_info=&#8221;{}&#8221;][et_pb_text _builder_version=&#8221;4.27.4&#8243; _module_preset=&#8221;default&#8221; custom_margin=&#8221;||2rem||false|false&#8221; global_colors_info=&#8221;{}&#8221;]<\/p>\n<h2>Colabora\u00e7\u00f5es<\/h2>\n<p>[\/et_pb_text][\/et_pb_column][\/et_pb_row][et_pb_row column_structure=&#8221;3_5,2_5&#8243; admin_label=&#8221;Ouvindo as mudan\u00e7as clim\u00e1ticas&#8221; module_class=&#8221;middle&#8221; _builder_version=&#8221;4.27.4&#8243; _module_preset=&#8221;default&#8221; positioning=&#8221;none&#8221; position_origin_a=&#8221;center_center&#8221; position_origin_a_tablet=&#8221;center_center&#8221; position_origin_a_phone=&#8221;center_center&#8221; position_origin_a_last_edited=&#8221;on|desktop&#8221; position_origin_f_tablet=&#8221;&#8221; position_origin_f_phone=&#8221;&#8221; position_origin_f_last_edited=&#8221;on|desktop&#8221; position_origin_r_tablet=&#8221;&#8221; position_origin_r_phone=&#8221;&#8221; position_origin_r_last_edited=&#8221;on|desktop&#8221; custom_margin=&#8221;||4rem||false|false&#8221; custom_padding=&#8221;0px||||false|false&#8221; animation_style=&#8221;slide&#8221; animation_direction=&#8221;bottom&#8221; positioning_tablet=&#8221;none&#8221; positioning_phone=&#8221;none&#8221; positioning_last_edited=&#8221;on|phone&#8221; global_colors_info=&#8221;{}&#8221;][et_pb_column type=&#8221;3_5&#8243; _builder_version=&#8221;4.27.4&#8243; _module_preset=&#8221;default&#8221; global_colors_info=&#8221;{}&#8221;][et_pb_image src=&#8221;https:\/\/irma.ac\/wp-content\/uploads\/2025\/07\/peoplefest-01_orig.jpg&#8221; title_text=&#8221;peoplefest-01_orig&#8221; show_bottom_space=&#8221;off&#8221; module_class=&#8221;image-cadre-var&#8221; _builder_version=&#8221;4.27.4&#8243; _module_preset=&#8221;default&#8221; custom_margin=&#8221;||0px||false|false&#8221; custom_padding=&#8221;0px||||false|false&#8221; global_colors_info=&#8221;{}&#8221;][\/et_pb_image][\/et_pb_column][et_pb_column type=&#8221;2_5&#8243; _builder_version=&#8221;4.27.4&#8243; _module_preset=&#8221;default&#8221; global_colors_info=&#8221;{}&#8221;][et_pb_text _builder_version=&#8221;4.27.5&#8243; _module_preset=&#8221;default&#8221; global_colors_info=&#8221;{}&#8221;]<\/p>\n<h3>Ouvindo as mudan\u00e7as clim\u00e1ticas<\/h3>\n<p>Criamos instala\u00e7\u00f5es de \u00e1udio para aumentar a conscientiza\u00e7\u00e3o sobre as mudan\u00e7as clim\u00e1ticas com a equipe da <a href=\"https:\/\/cucusonic.net\/\" target=\"_blank\" rel=\"noopener\">Cucusonic<\/a>. Em 2024, apresentamos uma instala\u00e7\u00e3o de \u00e1udio imersiva no <a href=\"https:\/\/www.theasa.org\/conferences\/peoplefest\/programme#day-one\" target=\"_blank\" rel=\"noopener\">PeopleFest<\/a> em colabora\u00e7\u00e3o com o <a href=\"https:\/\/granadacentre.co.uk\/\" target=\"_blank\" rel=\"noopener\">Granada Centre for Visual Anthropology <\/a>da Universidade de Manchester. A obra de arte reproduziu o som natural de uma floresta tropical colombiana e levou o p\u00fablico a experimentar os sons desse habitat amea\u00e7ado de extin\u00e7\u00e3o. Ela buscou abrir discuss\u00f5es sobre as mudan\u00e7as clim\u00e1ticas e a perda de biodiversidade.<\/p>\n<p>Esse projeto foi realizado em colabora\u00e7\u00e3o com Alejandro Valencia Tob\u00f3n <a href=\"https:\/\/cucusonic.net\/\" target=\"_blank\" rel=\"noopener\">(Cucusonic<\/a>) e Rupert Cox, diretor do <a href=\"https:\/\/granadacentre.co.uk\/\" target=\"_blank\" rel=\"noopener\">Granada Centre for Visual Anthropology<\/a>. <a href=\"https:\/\/studiomecanique.weebly.com\/\" target=\"_blank\" rel=\"noopener\">O Studio M\u00e9canique<\/a> gentilmente emprestou sua infraestrutura para finalizar nosso trabalho art\u00edstico de \u00e1udio.<\/p>\n<p>[\/et_pb_text][\/et_pb_column][\/et_pb_row][et_pb_row column_structure=&#8221;2_5,3_5&#8243; admin_label=&#8221;Uni\u00e3o Criativa Mihr&#8221; module_class=&#8221;middle reverse&#8221; _builder_version=&#8221;4.27.4&#8243; _module_preset=&#8221;default&#8221; positioning=&#8221;none&#8221; position_origin_a=&#8221;center_center&#8221; position_origin_a_tablet=&#8221;center_center&#8221; position_origin_a_phone=&#8221;center_center&#8221; position_origin_a_last_edited=&#8221;on|desktop&#8221; position_origin_f_tablet=&#8221;&#8221; position_origin_f_phone=&#8221;&#8221; position_origin_f_last_edited=&#8221;on|desktop&#8221; position_origin_r_tablet=&#8221;&#8221; position_origin_r_phone=&#8221;&#8221; position_origin_r_last_edited=&#8221;on|desktop&#8221; custom_margin=&#8221;||4rem||false|false&#8221; custom_padding=&#8221;0px||||false|false&#8221; animation_style=&#8221;slide&#8221; animation_direction=&#8221;bottom&#8221; positioning_tablet=&#8221;none&#8221; positioning_phone=&#8221;none&#8221; positioning_last_edited=&#8221;on|phone&#8221; global_colors_info=&#8221;{}&#8221;][et_pb_column type=&#8221;2_5&#8243; _builder_version=&#8221;4.27.4&#8243; _module_preset=&#8221;default&#8221; global_colors_info=&#8221;{}&#8221;][et_pb_text _builder_version=&#8221;4.27.5&#8243; _module_preset=&#8221;default&#8221; global_colors_info=&#8221;{}&#8221;]<\/p>\n<h3>Acampamentos de ver\u00e3o criativos na Arm\u00eania<\/h3>\n<p>Em 2023, apoiamos os acampamentos de ver\u00e3o criativos de 10 dias organizados pela <a href=\"https:\/\/mihrtheatre.com\/\" target=\"_blank\" rel=\"noopener\">Mihr Creative Union<\/a>, uma organiza\u00e7\u00e3o sem fins lucrativos, na Arm\u00eania, para crian\u00e7as afetadas pela guerra. Durante o retiro, as crian\u00e7as participaram de atividades art\u00edsticas, cozinharam e exploraram as maravilhas naturais locais, descobrindo novas perspectivas para imaginar a vida longe das consequ\u00eancias do conflito.<\/p>\n<p>[\/et_pb_text][\/et_pb_column][et_pb_column type=&#8221;3_5&#8243; _builder_version=&#8221;4.27.4&#8243; _module_preset=&#8221;default&#8221; global_colors_info=&#8221;{}&#8221;][dipi_image_gallery thumb_horizontal_placement=&#8221;flex-end&#8221; thumbs_container_padding=&#8221;10px|10px||10px|false|false&#8221; thumbs_container_margin=&#8221;0px|0px||0px|false|false&#8221; enable_popup=&#8221;on&#8221; popup_animation=&#8221;zoom&#8221; module_class=&#8221;image-cadre-var&#8221; _builder_version=&#8221;4.27.4&#8243; _module_preset=&#8221;default&#8221; custom_margin=&#8221;||||false|false&#8221; global_colors_info=&#8221;{}&#8221;][dipi_image_gallery_child item_image=&#8221;https:\/\/irma.ac\/wp-content\/uploads\/2025\/09\/06-Outdoor-Dining-2-scaled.jpeg&#8221; _builder_version=&#8221;4.27.4&#8243; _module_preset=&#8221;default&#8221; global_colors_info=&#8221;{}&#8221;][\/dipi_image_gallery_child][dipi_image_gallery_child item_image=&#8221;https:\/\/irma.ac\/wp-content\/uploads\/2025\/09\/05-Handiwork-scaled.jpeg&#8221; _builder_version=&#8221;4.27.4&#8243; _module_preset=&#8221;default&#8221; global_colors_info=&#8221;{}&#8221;][\/dipi_image_gallery_child][dipi_image_gallery_child item_image=&#8221;https:\/\/irma.ac\/wp-content\/uploads\/2025\/09\/04-Painting-2-scaled.jpeg&#8221; _builder_version=&#8221;4.27.4&#8243; _module_preset=&#8221;default&#8221; global_colors_info=&#8221;{}&#8221;][\/dipi_image_gallery_child][dipi_image_gallery_child item_image=&#8221;https:\/\/irma.ac\/wp-content\/uploads\/2025\/09\/03-Surroundings-scaled.jpeg&#8221; _builder_version=&#8221;4.27.4&#8243; _module_preset=&#8221;default&#8221; global_colors_info=&#8221;{}&#8221;][\/dipi_image_gallery_child][dipi_image_gallery_child item_image=&#8221;https:\/\/irma.ac\/wp-content\/uploads\/2025\/09\/02-Disguise-scaled.jpeg&#8221; _builder_version=&#8221;4.27.4&#8243; _module_preset=&#8221;default&#8221; global_colors_info=&#8221;{}&#8221;][\/dipi_image_gallery_child][dipi_image_gallery_child item_image=&#8221;https:\/\/irma.ac\/wp-content\/uploads\/2025\/09\/01-Dance-2-scaled.jpeg&#8221; _builder_version=&#8221;4.27.4&#8243; _module_preset=&#8221;default&#8221; global_colors_info=&#8221;{}&#8221;][\/dipi_image_gallery_child][\/dipi_image_gallery][\/et_pb_column][\/et_pb_row][et_pb_row column_structure=&#8221;3_5,2_5&#8243; admin_label=&#8221;Universidade de Manchester X Studio M\u00e9canique&#8221; module_class=&#8221;middle&#8221; _builder_version=&#8221;4.27.4&#8243; _module_preset=&#8221;default&#8221; positioning=&#8221;none&#8221; position_origin_a=&#8221;center_center&#8221; position_origin_a_tablet=&#8221;center_center&#8221; position_origin_a_phone=&#8221;center_center&#8221; position_origin_a_last_edited=&#8221;on|desktop&#8221; position_origin_f_tablet=&#8221;&#8221; position_origin_f_phone=&#8221;&#8221; position_origin_f_last_edited=&#8221;on|desktop&#8221; position_origin_r_tablet=&#8221;&#8221; position_origin_r_phone=&#8221;&#8221; position_origin_r_last_edited=&#8221;on|desktop&#8221; custom_padding=&#8221;0px||||false|false&#8221; animation_style=&#8221;slide&#8221; animation_direction=&#8221;bottom&#8221; positioning_tablet=&#8221;none&#8221; positioning_phone=&#8221;none&#8221; positioning_last_edited=&#8221;on|phone&#8221; global_colors_info=&#8221;{}&#8221;][et_pb_column type=&#8221;3_5&#8243; _builder_version=&#8221;4.27.4&#8243; _module_preset=&#8221;default&#8221; global_colors_info=&#8221;{}&#8221;][et_pb_image src=&#8221;https:\/\/irma.ac\/wp-content\/uploads\/2025\/09\/Collaboration-Studio-Plan.jpg&#8221; title_text=&#8221;Colabora\u00e7\u00e3o&#8212;Plano de est\u00fadio&#8221; module_class=&#8221;image-cadre-var &#8221; _builder_version=&#8221;4.27.4&#8243; _module_preset=&#8221;default&#8221; custom_margin=&#8221;||0px||false|false&#8221; custom_padding=&#8221;0px||||false|false&#8221; global_colors_info=&#8221;{}&#8221;][\/et_pb_image][\/et_pb_column][et_pb_column type=&#8221;2_5&#8243; _builder_version=&#8221;4.27.4&#8243; _module_preset=&#8221;default&#8221; global_colors_info=&#8221;{}&#8221;][et_pb_text _builder_version=&#8221;4.27.5&#8243; _module_preset=&#8221;default&#8221; hover_enabled=&#8221;0&#8243; global_colors_info=&#8221;{}&#8221; sticky_enabled=&#8221;0&#8243;]<\/p>\n<h2>Apoio a organiza\u00e7\u00f5es com ideias semelhantes<\/h2>\n<p>Apoiamos organiza\u00e7\u00f5es que trabalham com objetivos semelhantes. No momento, estamos orientando a constru\u00e7\u00e3o de est\u00fadios de grava\u00e7\u00e3o em todo o mundo com a <a href=\"https:\/\/www.inplaceofwar.net\/projects\/hackmusic-catalyst-programme\">In Place Of War<\/a>, como parte de seu programa #HackMusic. Tamb\u00e9m acompanhamos jovens m\u00fasicos ucranianos que fugiram de seu pa\u00eds com a <a href=\"https:\/\/www.johnsonstiftung.ch\/\" target=\"_blank\" rel=\"noopener\">Stanley Thomas Johnson Foundation<\/a>, ajudando-os a se estabelecer na Su\u00ed\u00e7a.<\/p>\n<p>[\/et_pb_text][\/et_pb_column][\/et_pb_row][\/et_pb_section]<\/p>\n","protected":false},"excerpt":{"rendered":"<p>Nosso trabalhoNOSSO PRINCIPAL PROJETO: AMP Milhares de m\u00fasic@s se formam em escolas de m\u00fasica todos os anos com sonhos de carreira. No entanto, muitos deles n\u00e3o t\u00eam as habilidades essenciais de produ\u00e7\u00e3o musical e de neg\u00f3cios para ter sucesso em um setor saturado. Nosso projeto AMP \u00e9 uma resposta a esse problema. Trata-se de um [&hellip;]<\/p>\n","protected":false},"author":1,"featured_media":0,"parent":0,"menu_order":0,"comment_status":"closed","ping_status":"closed","template":"","meta":{"_et_pb_use_builder":"on","_et_pb_old_content":"","_et_gb_content_width":"","footnotes":""},"dipi_cpt_category":[],"class_list":["post-3459","page","type-page","status-publish","hentry"],"_links":{"self":[{"href":"https:\/\/irma.ac\/pt-br\/wp-json\/wp\/v2\/pages\/3459","targetHints":{"allow":["GET"]}}],"collection":[{"href":"https:\/\/irma.ac\/pt-br\/wp-json\/wp\/v2\/pages"}],"about":[{"href":"https:\/\/irma.ac\/pt-br\/wp-json\/wp\/v2\/types\/page"}],"author":[{"embeddable":true,"href":"https:\/\/irma.ac\/pt-br\/wp-json\/wp\/v2\/users\/1"}],"replies":[{"embeddable":true,"href":"https:\/\/irma.ac\/pt-br\/wp-json\/wp\/v2\/comments?post=3459"}],"version-history":[{"count":12,"href":"https:\/\/irma.ac\/pt-br\/wp-json\/wp\/v2\/pages\/3459\/revisions"}],"predecessor-version":[{"id":3938,"href":"https:\/\/irma.ac\/pt-br\/wp-json\/wp\/v2\/pages\/3459\/revisions\/3938"}],"wp:attachment":[{"href":"https:\/\/irma.ac\/pt-br\/wp-json\/wp\/v2\/media?parent=3459"}],"wp:term":[{"taxonomy":"dipi_cpt_category","embeddable":true,"href":"https:\/\/irma.ac\/pt-br\/wp-json\/wp\/v2\/dipi_cpt_category?post=3459"}],"curies":[{"name":"wp","href":"https:\/\/api.w.org\/{rel}","templated":true}]}}