{"id":3423,"date":"2025-06-17T13:07:26","date_gmt":"2025-06-17T11:07:26","guid":{"rendered":"https:\/\/irma.ac\/sobre-nos\/"},"modified":"2026-04-13T13:11:20","modified_gmt":"2026-04-13T11:11:20","slug":"sobre-nos","status":"publish","type":"page","link":"https:\/\/irma.ac\/pt-br\/sobre-nos\/","title":{"rendered":"Sobre n\u00f3s"},"content":{"rendered":"<p>[et_pb_section fb_built=&#8221;1&#8243; admin_label=&#8221;titre&#8221; _builder_version=&#8221;4.27.4&#8243; _module_preset=&#8221;default&#8221; custom_margin=&#8221;2rem||||false|false&#8221; custom_padding=&#8221;||||false|false&#8221; global_colors_info=&#8221;{}&#8221;][et_pb_row _builder_version=&#8221;4.27.4&#8243; _module_preset=&#8221;default&#8221; global_colors_info=&#8221;{}&#8221;][et_pb_column type=&#8221;4_4&#8243; _builder_version=&#8221;4.27.4&#8243; _module_preset=&#8221;default&#8221; global_colors_info=&#8221;{}&#8221;][et_pb_text _builder_version=&#8221;4.27.4&#8243; _module_preset=&#8221;default&#8221; global_colors_info=&#8221;{}&#8221;]<\/p>\n<h1>Sobre n\u00f3s<\/h1>\n<p>[\/et_pb_text][\/et_pb_column][\/et_pb_row][\/et_pb_section][et_pb_section fb_built=&#8221;1&#8243; custom_padding_last_edited=&#8221;on|phone&#8221; admin_label=&#8221;mission\/vision\/focus&#8221; _builder_version=&#8221;4.27.4&#8243; _module_preset=&#8221;default&#8221; custom_padding=&#8221;3rem||0px||false|false&#8221; custom_padding_tablet=&#8221;3rem||0px||false|false&#8221; custom_padding_phone=&#8221;1.5rem||||false|false&#8221; global_colors_info=&#8221;{}&#8221;][et_pb_row column_structure=&#8221;1_3,2_3&#8243; admin_label=&#8221;Miss\u00e3o&#8221; _builder_version=&#8221;4.27.4&#8243; _module_preset=&#8221;default&#8221; custom_margin=&#8221;||||false|false&#8221; custom_padding=&#8221;||6rem||false|false&#8221; global_colors_info=&#8221;{}&#8221;][et_pb_column type=&#8221;1_3&#8243; _builder_version=&#8221;4.27.4&#8243; _module_preset=&#8221;default&#8221; global_colors_info=&#8221;{}&#8221;][et_pb_text _builder_version=&#8221;4.27.4&#8243; _module_preset=&#8221;20481be7-2273-4696-9762-3ac21d12901e&#8221; header_2_text_align=&#8221;left&#8221; text_orientation=&#8221;center&#8221; global_colors_info=&#8221;{}&#8221;]<\/p>\n<h2>Miss\u00e3o<\/h2>\n<p>[\/et_pb_text][\/et_pb_column][et_pb_column type=&#8221;2_3&#8243; _builder_version=&#8221;4.27.4&#8243; _module_preset=&#8221;default&#8221; global_colors_info=&#8221;{}&#8221;][et_pb_text _builder_version=&#8221;4.27.4&#8243; _module_preset=&#8221;default&#8221; global_colors_info=&#8221;{}&#8221;]<\/p>\n<p>Reconhecemos que os privil\u00e9gios est\u00e3o distribu\u00eddos de forma desigual no mundo e agimos em resposta a isso. Mobilizamos a m\u00fasica, o talento musical e a produ\u00e7\u00e3o audiovisual em favor de uma sociedade global mais justa, com a convic\u00e7\u00e3o de que a criatividade pode inspirar mudan\u00e7as sociais positivas.  Ampliamos a arte para igualar as oportunidades.<\/p>\n<p>[\/et_pb_text][\/et_pb_column][\/et_pb_row][et_pb_row column_structure=&#8221;1_3,2_3&#8243; admin_label=&#8221;Vis\u00e3o&#8221; _builder_version=&#8221;4.27.4&#8243; _module_preset=&#8221;default&#8221; custom_padding=&#8221;||6rem||false|false&#8221; global_colors_info=&#8221;{}&#8221;][et_pb_column type=&#8221;1_3&#8243; _builder_version=&#8221;4.27.4&#8243; _module_preset=&#8221;default&#8221; global_colors_info=&#8221;{}&#8221;][et_pb_text _builder_version=&#8221;4.27.4&#8243; _module_preset=&#8221;20481be7-2273-4696-9762-3ac21d12901e&#8221; header_2_text_align=&#8221;left&#8221; text_orientation=&#8221;center&#8221; global_colors_info=&#8221;{}&#8221;]<\/p>\n<h2>Vis\u00e3o<\/h2>\n<p>[\/et_pb_text][\/et_pb_column][et_pb_column type=&#8221;2_3&#8243; _builder_version=&#8221;4.27.4&#8243; _module_preset=&#8221;default&#8221; global_colors_info=&#8221;{}&#8221;][et_pb_text _builder_version=&#8221;4.27.4&#8243; _module_preset=&#8221;default&#8221; global_colors_info=&#8221;{}&#8221;]<\/p>\n<p>Um mundo em que as trajet\u00f3rias de vida n\u00e3o sejam mais determinadas pelo lugar de nascimento nem pelos recursos familiares, e no qual quem tem mais recursos encontre sentido em compartilhar com quem tem menos oportunidades. Acreditamos que artistas e pessoas criadoras s\u00e3o essenciais para inspirar e gerar as transforma\u00e7\u00f5es necess\u00e1rias para tornar essa vis\u00e3o realidade. <\/p>\n<p>[\/et_pb_text][\/et_pb_column][\/et_pb_row][et_pb_row column_structure=&#8221;1_3,2_3&#8243; admin_label=&#8221;Foco&#8221; _builder_version=&#8221;4.27.4&#8243; _module_preset=&#8221;default&#8221; custom_padding=&#8221;||6rem||false|false&#8221; global_colors_info=&#8221;{}&#8221;][et_pb_column type=&#8221;1_3&#8243; _builder_version=&#8221;4.27.4&#8243; _module_preset=&#8221;default&#8221; global_colors_info=&#8221;{}&#8221;][et_pb_text _builder_version=&#8221;4.27.4&#8243; _module_preset=&#8221;20481be7-2273-4696-9762-3ac21d12901e&#8221; header_2_text_align=&#8221;left&#8221; text_orientation=&#8221;center&#8221; global_colors_info=&#8221;{}&#8221;]<\/p>\n<h2>Foco<\/h2>\n<p>[\/et_pb_text][\/et_pb_column][et_pb_column type=&#8221;2_3&#8243; _builder_version=&#8221;4.27.4&#8243; _module_preset=&#8221;default&#8221; global_colors_info=&#8221;{}&#8221;][et_pb_text _builder_version=&#8221;4.27.5&#8243; _module_preset=&#8221;default&#8221; hover_enabled=&#8221;0&#8243; global_colors_info=&#8221;{}&#8221; sticky_enabled=&#8221;0&#8243;]<\/p>\n<p>O trabalho do IRMA contribui principalmente para os <a href=\"https:\/\/sdgs.un.org\/goals\" target=\"_blank\" rel=\"noopener\">Objetivos de Desenvolvimento Sustent\u00e1vel das Na\u00e7\u00f5es Unidas<\/a> 1 (erradica\u00e7\u00e3o da pobreza), 4 (educa\u00e7\u00e3o de qualidade), 8 (trabalho decente para todos) e 10 (redu\u00e7\u00e3o das desigualdades).<\/p>\n<p>[\/et_pb_text][\/et_pb_column][\/et_pb_row][et_pb_row column_structure=&#8221;1_3,2_3&#8243; _builder_version=&#8221;4.27.4&#8243; _module_preset=&#8221;default&#8221; custom_padding=&#8221;||0px||false|false&#8221; global_colors_info=&#8221;{}&#8221;][et_pb_column type=&#8221;1_3&#8243; _builder_version=&#8221;4.27.4&#8243; _module_preset=&#8221;default&#8221; global_colors_info=&#8221;{}&#8221;][et_pb_text _builder_version=&#8221;4.27.4&#8243; _module_preset=&#8221;20481be7-2273-4696-9762-3ac21d12901e&#8221; header_2_text_align=&#8221;left&#8221; text_orientation=&#8221;center&#8221; sticky_position=&#8221;top&#8221; sticky_offset_top=&#8221;10rem&#8221; sticky_limit_bottom=&#8221;row&#8221; sticky_position_tablet=&#8221;none&#8221; sticky_position_phone=&#8221;none&#8221; sticky_position_last_edited=&#8221;on|desktop&#8221; global_colors_info=&#8221;{}&#8221;]<\/p>\n<h2>Ethos<\/h2>\n<p>[\/et_pb_text][\/et_pb_column][et_pb_column type=&#8221;2_3&#8243; _builder_version=&#8221;4.27.4&#8243; _module_preset=&#8221;default&#8221; global_colors_info=&#8221;{}&#8221;][et_pb_text admin_label=&#8221;Discernment&#8221; _builder_version=&#8221;4.27.4&#8243; _module_preset=&#8221;default&#8221; global_colors_info=&#8221;{}&#8221;]<\/p>\n<h3>Discernimento<\/h3>\n<p>Acreditamos que a m\u00fasica e a arte podem produzir efeitos positivos sobre as pessoas quando aplicadas com cuidado. Pesquisas mostram que a m\u00fasica pode aliviar a dor f\u00edsica, apoiar a sa\u00fade mental, conectar comunidades e gerar renda, entre outros benef\u00edcios. Mas a m\u00fasica e a arte tamb\u00e9m podem ser mal utilizadas. \u00c9 por isso que sempre fundamentamos nossos projetos em pesquisas cr\u00edticas e baseadas em evid\u00eancias.   <\/p>\n<p>[\/et_pb_text][et_pb_text admin_label=&#8221;Integrity&#8221; _builder_version=&#8221;4.27.4&#8243; _module_preset=&#8221;default&#8221; global_colors_info=&#8221;{}&#8221;]<\/p>\n<h3>Integridade<\/h3>\n<p>Alinhamos nossas a\u00e7\u00f5es \u00e0 nossa miss\u00e3o e aos nossos valores, mesmo quando isso \u00e9 dif\u00edcil ou oneroso. Somos transparentes em rela\u00e7\u00e3o \u00e0s nossas limita\u00e7\u00f5es, erros e processos de aprendizagem. Avaliamos nosso trabalho e reconhecemos quando ele fica aqu\u00e9m das expectativas, assumindo a responsabilidade pelo aprimoramento. Nunca prometemos mais do que podemos cumprir, nem reivindicamos o cr\u00e9dito pelo sucesso d@s outr@s.   <\/p>\n<p>[\/et_pb_text][et_pb_text admin_label=&#8221;Optimism&#8221; _builder_version=&#8221;4.27.4&#8243; _module_preset=&#8221;default&#8221; global_colors_info=&#8221;{}&#8221;]<\/p>\n<h3>Otimismo<\/h3>\n<p>Reconhecemos que muitas comunidades enfrentam desafios significativos, mas optamos por abordar nosso trabalho a partir de um lugar de possibilidades. Isso n\u00e3o \u00e9 uma esperan\u00e7a ing\u00eanua. \u00c9 um compromisso deliberado de acreditar que \u00e9 poss\u00edvel realizar mudan\u00e7as significativas. Afirmamos que trazer positividade ao nosso trabalho melhora tanto a experi\u00eancia quanto os resultados.   <\/p>\n<p>[\/et_pb_text][et_pb_text admin_label=&#8221;Selflessness&#8221; _builder_version=&#8221;4.27.4&#8243; _module_preset=&#8221;default&#8221; global_colors_info=&#8221;{}&#8221;]<\/p>\n<h3>Altru\u00edsmo<\/h3>\n<p>Nosso trabalho e nossas a\u00e7\u00f5es s\u00e3o orientados pelas pessoas a quem procuramos servir. N\u00e3o pensamos pelas pessoas, mas ouvimos primeiro. Em seguida, examinamos cuidadosamente as possibilidades, os impactos potenciais e os riscos. Prosseguimos somente se pudermos estimar com confian\u00e7a que nosso trabalho gerar\u00e1 resultados positivos significativos sem causar danos. Em suma, agimos somente quando solicitados e quando isso \u00e9 comprovadamente apropriado.    <\/p>\n<p>[\/et_pb_text][\/et_pb_column][\/et_pb_row][et_pb_row _builder_version=&#8221;4.27.4&#8243; _module_preset=&#8221;default&#8221; width=&#8221;75%&#8221; width_tablet=&#8221;75%&#8221; width_phone=&#8221;98%&#8221; width_last_edited=&#8221;on|phone&#8221; module_alignment=&#8221;right&#8221; custom_margin=&#8221;7rem||||false|false&#8221; custom_margin_tablet=&#8221;7rem||||false|false&#8221; custom_margin_phone=&#8221;5rem||||false|false&#8221; custom_margin_last_edited=&#8221;on|phone&#8221; custom_padding=&#8221;0px||0px||false|false&#8221; global_colors_info=&#8221;{}&#8221;][et_pb_column type=&#8221;4_4&#8243; _builder_version=&#8221;4.27.4&#8243; _module_preset=&#8221;default&#8221; global_colors_info=&#8221;{}&#8221;][et_pb_image src=&#8221;https:\/\/irma.ac\/wp-content\/uploads\/2025\/09\/About-Us-02-AMP-at-Baccarelli.jpg&#8221; title_text=&#8221;About-Us-02&#8212;AMP-at-Baccarelli&#8221; force_fullwidth=&#8221;on&#8221; module_class=&#8221;image-cadre&#8221; _builder_version=&#8221;4.27.4&#8243; _module_preset=&#8221;default&#8221; global_colors_info=&#8221;{}&#8221;][\/et_pb_image][\/et_pb_column][\/et_pb_row][\/et_pb_section][et_pb_section fb_built=&#8221;1&#8243; admin_label=&#8221;Equipe&#8221; _builder_version=&#8221;4.27.4&#8243; _module_preset=&#8221;default&#8221; background_color=&#8221;#7FFFF6&#8243; custom_padding=&#8221;5rem||2rem||false|false&#8221; collapsed=&#8221;off&#8221; global_colors_info=&#8221;{}&#8221;][et_pb_row _builder_version=&#8221;4.27.4&#8243; _module_preset=&#8221;default&#8221; global_colors_info=&#8221;{}&#8221;][et_pb_column type=&#8221;4_4&#8243; _builder_version=&#8221;4.27.4&#8243; _module_preset=&#8221;default&#8221; global_colors_info=&#8221;{}&#8221;][et_pb_text _builder_version=&#8221;4.27.4&#8243; _module_preset=&#8221;default&#8221; global_colors_info=&#8221;{}&#8221;]<\/p>\n<h2>Comit\u00ea<\/h2>\n<p>[\/et_pb_text][\/et_pb_column][\/et_pb_row][et_pb_row _builder_version=&#8221;4.27.4&#8243; _module_preset=&#8221;default&#8221; custom_margin=&#8221;||||false|false&#8221; custom_padding=&#8221;0px||||false|false&#8221; global_colors_info=&#8221;{}&#8221;][et_pb_column type=&#8221;4_4&#8243; _builder_version=&#8221;4.27.4&#8243; _module_preset=&#8221;default&#8221; global_colors_info=&#8221;{}&#8221;][et_pb_text _builder_version=&#8221;4.27.4&#8243; _module_preset=&#8221;default&#8221; global_colors_info=&#8221;{}&#8221;]<\/p>\n<h4>Presidente<\/h4>\n<p><strong>Stefanie Sch\u00fcpbach<br \/><\/strong>Vice-diretora do F\u00f3rum Pol\u00edtico de Berna e ex-diretora geral do Festival de Cinema de Solothurn. Ela \u00e9 formada em Administra\u00e7\u00e3o de Empresas e Hist\u00f3ria da Arte pela Universidade de Berna. <\/p>\n<p>[\/et_pb_text][et_pb_text _builder_version=&#8221;4.27.4&#8243; _module_preset=&#8221;default&#8221; global_colors_info=&#8221;{}&#8221;]<\/p>\n<h4>Vice-Presidente<\/h4>\n<p><strong>David Gerber<br \/><\/strong>Gerente de projetos da cidade de Vernier, doutor em Ci\u00eancias Sociais e membro ativo de v\u00e1rias associa\u00e7\u00f5es em Genebra. Ele toca na banda DOR. <\/p>\n<p>[\/et_pb_text][et_pb_text _builder_version=&#8221;4.27.4&#8243; _module_preset=&#8221;default&#8221; global_colors_info=&#8221;{}&#8221;]<\/p>\n<h4>Secret\u00e1rio<\/h4>\n<p><strong>Elie Burgos<br \/><\/strong>Vice-reitor da Universidade de Lausanne, doutor em Ci\u00eancias Pol\u00edticas e graduado pela Sa\u00efd Business School (Oxford). Ele toca na banda Unfold. <\/p>\n<p>[\/et_pb_text][et_pb_text _builder_version=&#8221;4.27.4&#8243; _module_preset=&#8221;default&#8221; hover_enabled=&#8221;0&#8243; global_colors_info=&#8221;{}&#8221; sticky_enabled=&#8221;0&#8243;]<\/p>\n<h4>Tesoureiro<\/h4>\n<p><strong>Laetitia Gauchat<br \/><\/strong>Criadora de conte\u00fado audiovisual na Das Playground, administradora cultural e DJ. \u00c9 mestre em Direito, Crime e Seguran\u00e7a das Novas Tecnologias e concluiu estudos em Museologia. <\/p>\n<p>[\/et_pb_text][et_pb_text _builder_version=&#8221;4.27.5&#8243; _module_preset=&#8221;default&#8221; hover_enabled=&#8221;0&#8243; global_colors_info=&#8221;{}&#8221; sticky_enabled=&#8221;0&#8243;]<\/p>\n<h4>Diretor de comunica\u00e7\u00f5es<\/h4>\n<p><strong>Amarande L\u00e9chot<br \/><\/strong>Diretora de Comunica\u00e7\u00e3o da Bikini Test e Festi&#8217;neuch. Ela possui mestrado em Ci\u00eancias da Linguagem e da Comunica\u00e7\u00e3o pela Universidade de Neuch\u00e2tel. Ela toca na banda Morgoran.  <\/p>\n<p>[\/et_pb_text][\/et_pb_column][\/et_pb_row][et_pb_row column_structure=&#8221;1_2,1_2&#8243; _builder_version=&#8221;4.27.4&#8243; _module_preset=&#8221;default&#8221; custom_margin=&#8221;2rem||||false|false&#8221; custom_padding=&#8221;||0px||false|false&#8221; global_colors_info=&#8221;{}&#8221;][et_pb_column type=&#8221;1_2&#8243; _builder_version=&#8221;4.27.4&#8243; _module_preset=&#8221;default&#8221; global_colors_info=&#8221;{}&#8221;][et_pb_text _builder_version=&#8221;4.27.4&#8243; _module_preset=&#8221;default&#8221; global_colors_info=&#8221;{}&#8221;]<\/p>\n<h2>Funcion\u00e1rio(s)<\/h2>\n<p>[\/et_pb_text][et_pb_text _builder_version=&#8221;4.27.5&#8243; _module_preset=&#8221;default&#8221; custom_margin=&#8221;||2rem||false|false&#8221; hover_enabled=&#8221;0&#8243; global_colors_info=&#8221;{}&#8221; sticky_enabled=&#8221;0&#8243; link_option_url_new_window=&#8221;on&#8221;]<\/p>\n<h4>Diretor de Opera\u00e7\u00f5es<\/h4>\n<p><strong>Julien Fehlmann<br \/><\/strong>\u00c9 especialista em engenharia de \u00e1udio com p\u00f3s-gradua\u00e7\u00e3o em rela\u00e7\u00f5es internacionais e desenvolvimento. Julien fundou o est\u00fadio de grava\u00e7\u00e3o Studio M\u00e9canique em 2005 e j\u00e1 trabalhou em centenas de produ\u00e7\u00f5es de est\u00fadio e shows ao vivo. <\/p>\n<p>[\/et_pb_text][\/et_pb_column][et_pb_column type=&#8221;1_2&#8243; _builder_version=&#8221;4.27.4&#8243; _module_preset=&#8221;default&#8221; global_colors_info=&#8221;{}&#8221;][et_pb_text _builder_version=&#8221;4.27.4&#8243; _module_preset=&#8221;default&#8221; global_colors_info=&#8221;{}&#8221;]<\/p>\n<h2>Auditor financeiro<\/h2>\n<p>[\/et_pb_text][et_pb_text _builder_version=&#8221;4.27.4&#8243; _module_preset=&#8221;default&#8221; global_colors_info=&#8221;{}&#8221;]<\/p>\n<p><strong>Denis de la Reussille<br \/><\/strong>Conselheiro Nacional de 2015 a 2023 (Partido Verde, Partido Trabalhista Su\u00ed\u00e7o), membro do Comit\u00ea de Rela\u00e7\u00f5es Exteriores da Assembleia Nacional. Foi membro do Grande Conselho de Neuch\u00e2tel (1999-2015) e prefeito de Le Locle (2000-2015). <\/p>\n<p>[\/et_pb_text][\/et_pb_column][\/et_pb_row][\/et_pb_section]<\/p>\n","protected":false},"excerpt":{"rendered":"<p>Sobre n\u00f3sMiss\u00e3oReconhecemos que os privil\u00e9gios est\u00e3o distribu\u00eddos de forma desigual no mundo e agimos em resposta a isso. Mobilizamos a m\u00fasica, o talento musical e a produ\u00e7\u00e3o audiovisual em favor de uma sociedade global mais justa, com a convic\u00e7\u00e3o de que a criatividade pode inspirar mudan\u00e7as sociais positivas. Ampliamos a arte para igualar as oportunidades.Vis\u00e3oUm [&hellip;]<\/p>\n","protected":false},"author":1,"featured_media":0,"parent":0,"menu_order":0,"comment_status":"closed","ping_status":"closed","template":"","meta":{"_et_pb_use_builder":"on","_et_pb_old_content":"","_et_gb_content_width":"","footnotes":""},"dipi_cpt_category":[],"class_list":["post-3423","page","type-page","status-publish","hentry"],"_links":{"self":[{"href":"https:\/\/irma.ac\/pt-br\/wp-json\/wp\/v2\/pages\/3423","targetHints":{"allow":["GET"]}}],"collection":[{"href":"https:\/\/irma.ac\/pt-br\/wp-json\/wp\/v2\/pages"}],"about":[{"href":"https:\/\/irma.ac\/pt-br\/wp-json\/wp\/v2\/types\/page"}],"author":[{"embeddable":true,"href":"https:\/\/irma.ac\/pt-br\/wp-json\/wp\/v2\/users\/1"}],"replies":[{"embeddable":true,"href":"https:\/\/irma.ac\/pt-br\/wp-json\/wp\/v2\/comments?post=3423"}],"version-history":[{"count":32,"href":"https:\/\/irma.ac\/pt-br\/wp-json\/wp\/v2\/pages\/3423\/revisions"}],"predecessor-version":[{"id":6160,"href":"https:\/\/irma.ac\/pt-br\/wp-json\/wp\/v2\/pages\/3423\/revisions\/6160"}],"wp:attachment":[{"href":"https:\/\/irma.ac\/pt-br\/wp-json\/wp\/v2\/media?parent=3423"}],"wp:term":[{"taxonomy":"dipi_cpt_category","embeddable":true,"href":"https:\/\/irma.ac\/pt-br\/wp-json\/wp\/v2\/dipi_cpt_category?post=3423"}],"curies":[{"name":"wp","href":"https:\/\/api.w.org\/{rel}","templated":true}]}}