{"id":3409,"date":"2025-06-17T13:06:48","date_gmt":"2025-06-17T11:06:48","guid":{"rendered":"https:\/\/irma.ac\/recursos\/"},"modified":"2026-03-26T12:01:14","modified_gmt":"2026-03-26T11:01:14","slug":"recursos","status":"publish","type":"page","link":"https:\/\/irma.ac\/pt-br\/recursos\/","title":{"rendered":"Recursos"},"content":{"rendered":"<p>[et_pb_section fb_built=&#8221;1&#8243; _builder_version=&#8221;4.27.4&#8243; _module_preset=&#8221;default&#8221; custom_margin=&#8221;2rem||||false|false&#8221; global_colors_info=&#8221;{}&#8221;][et_pb_row _builder_version=&#8221;4.27.4&#8243; _module_preset=&#8221;default&#8221; global_colors_info=&#8221;{}&#8221;][et_pb_column type=&#8221;4_4&#8243; _builder_version=&#8221;4.27.4&#8243; _module_preset=&#8221;default&#8221; global_colors_info=&#8221;{}&#8221;][et_pb_text _builder_version=&#8221;4.27.5&#8243; _module_preset=&#8221;default&#8221; global_colors_info=&#8221;{}&#8221;]<\/p>\n<h1>Recursos<\/h1>\n<p>[\/et_pb_text][\/et_pb_column][\/et_pb_row][\/et_pb_section][et_pb_section fb_built=&#8221;1&#8243; _builder_version=&#8221;4.27.4&#8243; _module_preset=&#8221;default&#8221; min_height=&#8221;40vh&#8221; global_colors_info=&#8221;{}&#8221;][et_pb_row _builder_version=&#8221;4.27.4&#8243; _module_preset=&#8221;default&#8221; global_colors_info=&#8221;{}&#8221;][et_pb_column type=&#8221;4_4&#8243; _builder_version=&#8221;4.27.4&#8243; _module_preset=&#8221;default&#8221; global_colors_info=&#8221;{}&#8221;][et_pb_text _builder_version=&#8221;4.27.4&#8243; _module_preset=&#8221;default&#8221; global_colors_info=&#8221;{}&#8221;]<\/p>\n<h2>Relat\u00f3rios anuais (em franc\u00eas)<\/h2>\n<p>[\/et_pb_text][\/et_pb_column][\/et_pb_row][et_pb_row column_structure=&#8221;1_2,1_2&#8243; module_class=&#8221;middle&#8221; _builder_version=&#8221;4.27.5&#8243; _module_preset=&#8221;default&#8221; custom_margin=&#8221;||||false|false&#8221; custom_padding=&#8221;2rem||3rem||false|false&#8221; animation_direction=&#8221;bottom&#8221; global_colors_info=&#8221;{}&#8221;][et_pb_column type=&#8221;1_2&#8243; _builder_version=&#8221;4.27.4&#8243; _module_preset=&#8221;default&#8221; global_colors_info=&#8221;{}&#8221;][et_pb_text _builder_version=&#8221;4.27.5&#8243; _module_preset=&#8221;94b7047c-6776-44d7-b6e7-70199b4b2eb9&#8243; text_orientation_tablet=&#8221;center&#8221; text_orientation_phone=&#8221;center&#8221; text_orientation_last_edited=&#8221;on|phone&#8221; global_colors_info=&#8221;{}&#8221;]<\/p>\n<p>2023<\/p>\n<p>[\/et_pb_text][et_pb_image src=&#8221;https:\/\/irma.ac\/wp-content\/uploads\/2025\/11\/Vignette_RA23.jpg&#8221; title_text=&#8221;Vinheta_RA23&#8243; url_new_window=&#8221;on&#8221; module_class=&#8221;image-cadre-var zoom-hover&#8221; _builder_version=&#8221;4.27.5&#8243; _module_preset=&#8221;default&#8221; global_colors_info=&#8221;{}&#8221;][\/et_pb_image][\/et_pb_column][et_pb_column type=&#8221;1_2&#8243; _builder_version=&#8221;4.27.4&#8243; _module_preset=&#8221;default&#8221; global_colors_info=&#8221;{}&#8221;][et_pb_text _builder_version=&#8221;4.27.5&#8243; _module_preset=&#8221;94b7047c-6776-44d7-b6e7-70199b4b2eb9&#8243; text_orientation_tablet=&#8221;center&#8221; text_orientation_phone=&#8221;center&#8221; text_orientation_last_edited=&#8221;on|tablet&#8221; global_colors_info=&#8221;{}&#8221;]<\/p>\n<p>2024<\/p>\n<p>[\/et_pb_text][et_pb_image src=&#8221;https:\/\/irma.ac\/wp-content\/uploads\/2025\/11\/Vignette_RA24.jpg&#8221; title_text=&#8221;Vinheta_RA24&#8243; url_new_window=&#8221;on&#8221; module_class=&#8221;image-cadre-var zoom-hover&#8221; _builder_version=&#8221;4.27.5&#8243; _module_preset=&#8221;default&#8221; global_colors_info=&#8221;{}&#8221;][\/et_pb_image][\/et_pb_column][\/et_pb_row][\/et_pb_section][et_pb_section fb_built=&#8221;1&#8243; _builder_version=&#8221;4.27.4&#8243; _module_preset=&#8221;default&#8221; background_color=&#8221;#000749&#8243; custom_padding=&#8221;5rem||0px||false|false&#8221; global_colors_info=&#8221;{}&#8221;][et_pb_row _builder_version=&#8221;4.27.4&#8243; _module_preset=&#8221;default&#8221; global_colors_info=&#8221;{}&#8221;][et_pb_column type=&#8221;4_4&#8243; _builder_version=&#8221;4.27.4&#8243; _module_preset=&#8221;default&#8221; global_colors_info=&#8221;{}&#8221;][et_pb_text _builder_version=&#8221;4.27.4&#8243; _module_preset=&#8221;default&#8221; header_2_text_color=&#8221;#FFFFFF&#8221; global_colors_info=&#8221;{}&#8221;]<\/p>\n<h2>Publica\u00e7\u00f5es<\/h2>\n<p>[\/et_pb_text][\/et_pb_column][\/et_pb_row][et_pb_row column_structure=&#8221;1_2,1_2&#8243; admin_label=&#8221;Resumo executivo 2025&#8243; module_class=&#8221;middle&#8221; _builder_version=&#8221;4.27.5&#8243; _module_preset=&#8221;default&#8221; custom_padding=&#8221;4rem||6rem||false|false&#8221; animation_style=&#8221;slide&#8221; animation_direction=&#8221;bottom&#8221; global_colors_info=&#8221;{}&#8221;][et_pb_column type=&#8221;1_2&#8243; _builder_version=&#8221;4.27.4&#8243; _module_preset=&#8221;default&#8221; global_colors_info=&#8221;{}&#8221;][et_pb_image src=&#8221;https:\/\/irma.ac\/wp-content\/uploads\/2025\/10\/Vignette_MAS-IR-Thesis-Executive-Summary.jpg&#8221; title_text=&#8221;Vinheta_MAS-IR-Thesis-Executive-Summary&#8221; url=&#8221;\/wp-content\/uploads\/2025\/09\/Fehlmann-J.-2025-IHEID-MAS-IR-Thesis-Executive-Summary.pdf&#8221; url_new_window=&#8221;on&#8221; module_class=&#8221;image-cadre-var zoom-hover&#8221; _builder_version=&#8221;4.27.5&#8243; _module_preset=&#8221;default&#8221; custom_margin=&#8221;||||false|false&#8221; global_colors_info=&#8221;{}&#8221;][\/et_pb_image][\/et_pb_column][et_pb_column type=&#8221;1_2&#8243; _builder_version=&#8221;4.27.4&#8243; _module_preset=&#8221;default&#8221; global_colors_info=&#8221;{}&#8221;][et_pb_text _builder_version=&#8221;4.27.5&#8243; _module_preset=&#8221;default&#8221; text_text_color=&#8221;#FFFFFF&#8221; link_font=&#8221;|700|||on|||#F1FF30|&#8221; link_text_color=&#8221;#F1FF30&#8243; global_colors_info=&#8221;{}&#8221;]<\/p>\n<p>Resumo executivo de uma tese profissional sobre o potencial da educa\u00e7\u00e3o em produ\u00e7\u00e3o musical para o desenvolvimento (internacional) na Am\u00e9rica Latina. Esta pesquisa foi escrita em 2025 como parte do Mestrado em Estudos Avan\u00e7ados (MAS) em Rela\u00e7\u00f5es Internacionais no <a href=\"https:\/\/executive.graduateinstitute.ch\/programmes\/conflict-fragility-management\" target=\"_blank\" rel=\"noopener\">Instituto de P\u00f3s-Gradua\u00e7\u00e3o de Genebra<\/a>. <\/p>\n<p>[\/et_pb_text][\/et_pb_column][\/et_pb_row][et_pb_row column_structure=&#8221;1_2,1_2&#8243; admin_label=&#8221;Resumo executivo 2023&#8243; module_class=&#8221;middle&#8221; _builder_version=&#8221;4.27.5&#8243; _module_preset=&#8221;default&#8221; custom_padding=&#8221;0px||6rem||false|false&#8221; animation_style=&#8221;slide&#8221; animation_direction=&#8221;bottom&#8221; global_colors_info=&#8221;{}&#8221;][et_pb_column type=&#8221;1_2&#8243; _builder_version=&#8221;4.27.4&#8243; _module_preset=&#8221;default&#8221; global_colors_info=&#8221;{}&#8221;][et_pb_image src=&#8221;https:\/\/irma.ac\/wp-content\/uploads\/2025\/10\/Vignette_Thesis-An-Ambivalent-Gaze-at-the-Power-of-Music-Executive-Summary.jpg&#8221; title_text=&#8221;Vinheta_Tese-Um-Gaze-Ambivalente-no-Poder-da-M\u00fasica-Resumo Executivo&#8221; url=&#8221;\/wp-content\/uploads\/2025\/09\/Fehlmann-J.-2023-IHEID-Thesis-An-Ambivalent-Gaze-at-the-Power-of-Music-Executive-Summary.pdf&#8221; url_new_window=&#8221;on&#8221; module_class=&#8221;image-cadre-var zoom-hover&#8221; _builder_version=&#8221;4.27.5&#8243; _module_preset=&#8221;default&#8221; custom_margin=&#8221;||||false|false&#8221; global_colors_info=&#8221;{}&#8221;][\/et_pb_image][\/et_pb_column][et_pb_column type=&#8221;1_2&#8243; _builder_version=&#8221;4.27.4&#8243; _module_preset=&#8221;default&#8221; global_colors_info=&#8221;{}&#8221;][et_pb_text _builder_version=&#8221;4.27.5&#8243; _module_preset=&#8221;default&#8221; text_text_color=&#8221;#FFFFFF&#8221; link_font=&#8221;|700|||on|||#F1FF30|&#8221; link_text_color=&#8221;#F1FF30&#8243; global_colors_info=&#8221;{}&#8221;]<\/p>\n<p>Resumo executivo de uma tese profissional sobre o cen\u00e1rio de avalia\u00e7\u00e3o de projetos musicais com finalidade social na Am\u00e9rica Latina. Esta pesquisa foi escrita em 2023 como parte do Diploma of Advanced Studies (DAS) Conflict &amp; Fragility Management no <a href=\"https:\/\/executive.graduateinstitute.ch\/programmes\/conflict-fragility-management\" target=\"_blank\" rel=\"noopener\">Geneva Graduate Institute<\/a>. <\/p>\n<p>[\/et_pb_text][\/et_pb_column][\/et_pb_row][et_pb_row column_structure=&#8221;1_2,1_2&#8243; admin_label=&#8221;Relat\u00f3rio de reflex\u00e3o coletiva do projeto&#8221; module_class=&#8221;middle&#8221; _builder_version=&#8221;4.27.5&#8243; _module_preset=&#8221;default&#8221; custom_padding=&#8221;0px||6rem||false|false&#8221; animation_style=&#8221;slide&#8221; animation_direction=&#8221;bottom&#8221; global_colors_info=&#8221;{}&#8221;][et_pb_column type=&#8221;1_2&#8243; _builder_version=&#8221;4.27.4&#8243; _module_preset=&#8221;default&#8221; global_colors_info=&#8221;{}&#8221;][et_pb_image src=&#8221;https:\/\/irma.ac\/wp-content\/uploads\/2025\/10\/Vignette_Reflexions-Collectives-Neuchatel.jpg&#8221; title_text=&#8221;Vinheta_Reflex\u00f5es-Coletivos-Neuchatel&#8221; url=&#8221;https:\/\/irma.ac\/wp-content\/uploads\/2025\/07\/Reflexions-Collectives-Neuchatel-2024-Rapport-final-public.pdf&#8221; url_new_window=&#8221;on&#8221; module_class=&#8221;image-cadre-var zoom-hover&#8221; _builder_version=&#8221;4.27.5&#8243; _module_preset=&#8221;default&#8221; custom_margin=&#8221;||||false|false&#8221; global_colors_info=&#8221;{}&#8221;][\/et_pb_image][\/et_pb_column][et_pb_column type=&#8221;1_2&#8243; _builder_version=&#8221;4.27.4&#8243; _module_preset=&#8221;default&#8221; global_colors_info=&#8221;{}&#8221;][et_pb_text _builder_version=&#8221;4.27.4&#8243; _module_preset=&#8221;default&#8221; text_text_color=&#8221;#FFFFFF&#8221; link_font=&#8221;|700|||on|||#F1FF30|&#8221; link_text_color=&#8221;#F1FF30&#8243; global_colors_info=&#8221;{}&#8221;]<\/p>\n<p>Relate a primeira itera\u00e7\u00e3o de nosso projeto Collective Reflections, no qual mobilizamos m\u00fasic@s para imaginar solu\u00e7\u00f5es concretas para algumas das muitas crises do mundo.<a href=\"\/wp-content\/uploads\/2025\/09\/Sampling-the-World-MJF-2024-20240717.pdf\"><\/a><\/p>\n<p>[\/et_pb_text][\/et_pb_column][\/et_pb_row][et_pb_row column_structure=&#8221;1_2,1_2&#8243; admin_label=&#8221;Relat\u00f3rio de reflex\u00e3o coletiva do projeto&#8221; module_class=&#8221;middle&#8221; _builder_version=&#8221;4.27.5&#8243; _module_preset=&#8221;default&#8221; custom_padding=&#8221;0px||6rem||false|false&#8221; animation_style=&#8221;slide&#8221; animation_direction=&#8221;bottom&#8221; global_colors_info=&#8221;{}&#8221;][et_pb_column type=&#8221;1_2&#8243; _builder_version=&#8221;4.27.4&#8243; _module_preset=&#8221;default&#8221; global_colors_info=&#8221;{}&#8221;][et_pb_image src=&#8221;https:\/\/irma.ac\/wp-content\/uploads\/2025\/10\/Vignette_Sampling-the-World-MJF-2024-20240717.jpg&#8221; title_text=&#8221;Vignette_Sampling-the-World-MJF-2024-20240717&#8243; url=&#8221;\/wp-content\/uploads\/2025\/09\/Sampling-the-World-MJF-2024-20240717.pdf&#8221; url_new_window=&#8221;on&#8221; module_class=&#8221;image-cadre-var zoom-hover&#8221; _builder_version=&#8221;4.27.5&#8243; _module_preset=&#8221;default&#8221; custom_margin=&#8221;||||false|false&#8221; global_colors_info=&#8221;{}&#8221;][\/et_pb_image][\/et_pb_column][et_pb_column type=&#8221;1_2&#8243; _builder_version=&#8221;4.27.4&#8243; _module_preset=&#8221;default&#8221; global_colors_info=&#8221;{}&#8221;][et_pb_text _builder_version=&#8221;4.27.5&#8243; _module_preset=&#8221;default&#8221; text_text_color=&#8221;#FFFFFF&#8221; link_font=&#8221;|700|||on|||#F1FF30|&#8221; link_text_color=&#8221;#F1FF30&#8243; global_colors_info=&#8221;{}&#8221;]<\/p>\n<p>Apresenta\u00e7\u00e3o no <a href=\"https:\/\/www.montreuxjazzfestival.com\/en\/workshop-by-mjaf-sampling-the-world-with-arthur-henry-julien-fehlmann-irma\/\" target=\"_blank\" rel=\"noopener\">Montreux Jazz Festival 2024<\/a> com <a href=\"https:\/\/arthur-henry.com\/\" target=\"_blank\" rel=\"noopener\">Arthur Henry<\/a> sobre o impacto social de seu extraordin\u00e1rio projeto musical Sampling the World.<\/p>\n<p>[\/et_pb_text][\/et_pb_column][\/et_pb_row][et_pb_row _builder_version=&#8221;4.27.4&#8243; _module_preset=&#8221;default&#8221; width=&#8221;75%&#8221; width_tablet=&#8221;75%&#8221; width_phone=&#8221;98%&#8221; width_last_edited=&#8221;on|desktop&#8221; module_alignment=&#8221;right&#8221; custom_padding=&#8221;0px||0px||false|false&#8221; global_colors_info=&#8221;{}&#8221;][et_pb_column type=&#8221;4_4&#8243; _builder_version=&#8221;4.27.4&#8243; _module_preset=&#8221;default&#8221; global_colors_info=&#8221;{}&#8221;][et_pb_image src=&#8221;https:\/\/irma.ac\/wp-content\/uploads\/2025\/09\/Research-Sampling-the-World-@MJF2024-scaled.jpeg&#8221; title_text=&#8221;Pesquisa &#8211; Amostragem do mundo @MJF2024&#8243; module_class=&#8221;image-cadre&#8221; _builder_version=&#8221;4.27.4&#8243; _module_preset=&#8221;default&#8221; global_colors_info=&#8221;{}&#8221;][\/et_pb_image][\/et_pb_column][\/et_pb_row][\/et_pb_section][et_pb_section fb_built=&#8221;1&#8243; admin_label=&#8221;partners&#8221; _builder_version=&#8221;4.27.4&#8243; _module_preset=&#8221;default&#8221; background_color=&#8221;#7FFFF6&#8243; custom_margin=&#8221;||||false|false&#8221; custom_padding=&#8221;5rem||5rem||false|false&#8221; global_colors_info=&#8221;{}&#8221;][et_pb_row admin_label=&#8221;outras organiza\u00e7\u00f5es&#8221; _builder_version=&#8221;4.27.4&#8243; _module_preset=&#8221;default&#8221; custom_margin=&#8221;||||false|false&#8221; custom_padding=&#8221;0px||||false|false&#8221; global_colors_info=&#8221;{}&#8221;][et_pb_column type=&#8221;4_4&#8243; _builder_version=&#8221;4.27.4&#8243; _module_preset=&#8221;default&#8221; global_colors_info=&#8221;{}&#8221;][et_pb_text _builder_version=&#8221;4.27.4&#8243; _module_preset=&#8221;default&#8221; global_colors_info=&#8221;{}&#8221;]<\/p>\n<h3>As organiza\u00e7\u00f5es com as quais tivemos o privil\u00e9gio de colaborar<\/h3>\n<p>[\/et_pb_text][dipi_masonry_gallery gallery_ids=&#8221;2394,2395,2396,2397,2398,2399,2400,2401,2402,2403,2404,2405,2406&#8243; horizontal_order_direction=&#8221;on&#8221; use_media_link=&#8221;on&#8221; icon_in_overlay=&#8221;off&#8221; columns=&#8221;5&#8243; gutter=&#8221;30&#8243; grid_animation_speed=&#8221;0ms&#8221; fix_lazy=&#8221;on&#8221; columns_tablet=&#8221;4&#8243; columns_phone=&#8221;2&#8243; columns_last_edited=&#8221;on|tablet&#8221; _builder_version=&#8221;4.27.4&#8243; _module_preset=&#8221;default&#8221; global_colors_info=&#8221;{}&#8221;][\/dipi_masonry_gallery][\/et_pb_column][\/et_pb_row][et_pb_row _builder_version=&#8221;4.27.4&#8243; _module_preset=&#8221;default&#8221; global_colors_info=&#8221;{}&#8221;][et_pb_column type=&#8221;4_4&#8243; _builder_version=&#8221;4.27.4&#8243; _module_preset=&#8221;default&#8221; global_colors_info=&#8221;{}&#8221;][et_pb_text _builder_version=&#8221;4.27.4&#8243; _module_preset=&#8221;default&#8221; custom_padding=&#8221;1px|||||&#8221; global_colors_info=&#8221;{}&#8221;]<\/p>\n<h3>Organiza\u00e7\u00f5es ativas no campo da m\u00fasica para mudan\u00e7a social<\/h3>\n<p>[\/et_pb_text][dipi_masonry_gallery gallery_ids=&#8221;2407,2410,2411,2412,2413,2414&#8243; horizontal_order_direction=&#8221;on&#8221; use_media_link=&#8221;on&#8221; icon_in_overlay=&#8221;off&#8221; columns=&#8221;6&#8243; gutter=&#8221;30&#8243; grid_animation_speed=&#8221;0ms&#8221; fix_lazy=&#8221;on&#8221; columns_tablet=&#8221;4&#8243; columns_phone=&#8221;2&#8243; columns_last_edited=&#8221;on|phone&#8221; _builder_version=&#8221;4.27.4&#8243; _module_preset=&#8221;default&#8221; custom_padding=&#8221;||3px|||&#8221; global_colors_info=&#8221;{}&#8221;][\/dipi_masonry_gallery][\/et_pb_column][\/et_pb_row][\/et_pb_section]<\/p>\n","protected":false},"excerpt":{"rendered":"<p>RecursosRelat\u00f3rios anuais (em franc\u00eas)20232024Publica\u00e7\u00f5esResumo executivo de uma tese profissional sobre o potencial da educa\u00e7\u00e3o em produ\u00e7\u00e3o musical para o desenvolvimento (internacional) na Am\u00e9rica Latina. Esta pesquisa foi escrita em 2025 como parte do Mestrado em Estudos Avan\u00e7ados (MAS) em Rela\u00e7\u00f5es Internacionais no Instituto de P\u00f3s-Gradua\u00e7\u00e3o de Genebra. Resumo executivo de uma tese profissional sobre o [&hellip;]<\/p>\n","protected":false},"author":1,"featured_media":0,"parent":0,"menu_order":0,"comment_status":"closed","ping_status":"closed","template":"","meta":{"_et_pb_use_builder":"on","_et_pb_old_content":"","_et_gb_content_width":"","footnotes":""},"dipi_cpt_category":[],"class_list":["post-3409","page","type-page","status-publish","hentry"],"_links":{"self":[{"href":"https:\/\/irma.ac\/pt-br\/wp-json\/wp\/v2\/pages\/3409","targetHints":{"allow":["GET"]}}],"collection":[{"href":"https:\/\/irma.ac\/pt-br\/wp-json\/wp\/v2\/pages"}],"about":[{"href":"https:\/\/irma.ac\/pt-br\/wp-json\/wp\/v2\/types\/page"}],"author":[{"embeddable":true,"href":"https:\/\/irma.ac\/pt-br\/wp-json\/wp\/v2\/users\/1"}],"replies":[{"embeddable":true,"href":"https:\/\/irma.ac\/pt-br\/wp-json\/wp\/v2\/comments?post=3409"}],"version-history":[{"count":7,"href":"https:\/\/irma.ac\/pt-br\/wp-json\/wp\/v2\/pages\/3409\/revisions"}],"predecessor-version":[{"id":5943,"href":"https:\/\/irma.ac\/pt-br\/wp-json\/wp\/v2\/pages\/3409\/revisions\/5943"}],"wp:attachment":[{"href":"https:\/\/irma.ac\/pt-br\/wp-json\/wp\/v2\/media?parent=3409"}],"wp:term":[{"taxonomy":"dipi_cpt_category","embeddable":true,"href":"https:\/\/irma.ac\/pt-br\/wp-json\/wp\/v2\/dipi_cpt_category?post=3409"}],"curies":[{"name":"wp","href":"https:\/\/api.w.org\/{rel}","templated":true}]}}