{"id":3272,"date":"2025-06-17T13:06:48","date_gmt":"2025-06-17T11:06:48","guid":{"rendered":"https:\/\/irma.ac\/ressources\/"},"modified":"2026-04-01T10:54:38","modified_gmt":"2026-04-01T08:54:38","slug":"ressources","status":"publish","type":"page","link":"https:\/\/irma.ac\/fr\/ressources\/","title":{"rendered":"Ressources"},"content":{"rendered":"<p>[et_pb_section fb_built=\u00a0\u00bb1&Prime; _builder_version=\u00a0\u00bb4.27.4&Prime; _module_preset=\u00a0\u00bbdefault\u00a0\u00bb custom_margin=\u00a0\u00bb2rem||||false|false\u00a0\u00bb global_colors_info=\u00a0\u00bb{}\u00a0\u00bb][et_pb_row _builder_version=\u00a0\u00bb4.27.4&Prime; _module_preset=\u00a0\u00bbdefault\u00a0\u00bb global_colors_info=\u00a0\u00bb{}\u00a0\u00bb][et_pb_column type=\u00a0\u00bb4_4&Prime; _builder_version=\u00a0\u00bb4.27.4&Prime; _module_preset=\u00a0\u00bbdefault\u00a0\u00bb global_colors_info=\u00a0\u00bb{}\u00a0\u00bb][et_pb_text _builder_version=\u00a0\u00bb4.27.5&Prime; _module_preset=\u00a0\u00bbdefault\u00a0\u00bb global_colors_info=\u00a0\u00bb{}\u00a0\u00bb]<\/p>\n<h1>Ressources<\/h1>\n<p>[\/et_pb_text][\/et_pb_column][\/et_pb_row][\/et_pb_section][et_pb_section fb_built=\u00a0\u00bb1&Prime; _builder_version=\u00a0\u00bb4.27.4&Prime; _module_preset=\u00a0\u00bbdefault\u00a0\u00bb min_height=\u00a0\u00bb40vh\u00a0\u00bb global_colors_info=\u00a0\u00bb{}\u00a0\u00bb][et_pb_row _builder_version=\u00a0\u00bb4.27.4&Prime; _module_preset=\u00a0\u00bbdefault\u00a0\u00bb global_colors_info=\u00a0\u00bb{}\u00a0\u00bb][et_pb_column type=\u00a0\u00bb4_4&Prime; _builder_version=\u00a0\u00bb4.27.4&Prime; _module_preset=\u00a0\u00bbdefault\u00a0\u00bb global_colors_info=\u00a0\u00bb{}\u00a0\u00bb][et_pb_text _builder_version=\u00a0\u00bb4.27.4&Prime; _module_preset=\u00a0\u00bbdefault\u00a0\u00bb global_colors_info=\u00a0\u00bb{}\u00a0\u00bb]<\/p>\n<h2>Rapports annuels (en fran\u00e7ais)<\/h2>\n<p>[\/et_pb_text][\/et_pb_column][\/et_pb_row][et_pb_row column_structure=\u00a0\u00bb1_2,1_2&Prime; module_class=\u00a0\u00bbmiddle\u00a0\u00bb _builder_version=\u00a0\u00bb4.27.5&Prime; _module_preset=\u00a0\u00bbdefault\u00a0\u00bb custom_margin=\u00a0\u00bb||||false|false\u00a0\u00bb custom_padding=\u00a0\u00bb2rem||3rem||false|false\u00a0\u00bb animation_direction=\u00a0\u00bbbottom\u00a0\u00bb global_colors_info=\u00a0\u00bb{}\u00a0\u00bb][et_pb_column type=\u00a0\u00bb1_2&Prime; _builder_version=\u00a0\u00bb4.27.4&Prime; _module_preset=\u00a0\u00bbdefault\u00a0\u00bb global_colors_info=\u00a0\u00bb{}\u00a0\u00bb][et_pb_text _builder_version=\u00a0\u00bb4.27.5&Prime; _module_preset=\u00a0\u00bb94b7047c-6776-44d7-b6e7-70199b4b2eb9&Prime; text_orientation_tablet=\u00a0\u00bbcenter\u00a0\u00bb text_orientation_phone=\u00a0\u00bbcenter\u00a0\u00bb text_orientation_last_edited=\u00a0\u00bbon|phone\u00a0\u00bb global_colors_info=\u00a0\u00bb{}\u00a0\u00bb]<\/p>\n<p>2023<\/p>\n<p>[\/et_pb_text][et_pb_image src=\u00a0\u00bbhttps:\/\/irma.ac\/wp-content\/uploads\/2025\/11\/Vignette_RA23.jpg\u00a0\u00bb title_text=\u00a0\u00bbVignette_RA23&Prime; url_new_window=\u00a0\u00bbon\u00a0\u00bb module_class=\u00a0\u00bbimage-cadre-var zoom-hover\u00a0\u00bb _builder_version=\u00a0\u00bb4.27.6&Prime; _module_preset=\u00a0\u00bbdefault\u00a0\u00bb hover_enabled=\u00a0\u00bb0&Prime; global_colors_info=\u00a0\u00bb{}\u00a0\u00bb url=\u00a0\u00bbhttps:\/\/drive.google.com\/file\/d\/10qD11KB76ypM8w_C7dc-Yq8dFEYL-_BJ\/view?usp=share_link\u00a0\u00bb sticky_enabled=\u00a0\u00bb0&Prime;][\/et_pb_image][\/et_pb_column][et_pb_column type=\u00a0\u00bb1_2&Prime; _builder_version=\u00a0\u00bb4.27.4&Prime; _module_preset=\u00a0\u00bbdefault\u00a0\u00bb global_colors_info=\u00a0\u00bb{}\u00a0\u00bb][et_pb_text _builder_version=\u00a0\u00bb4.27.5&Prime; _module_preset=\u00a0\u00bb94b7047c-6776-44d7-b6e7-70199b4b2eb9&Prime; text_orientation_tablet=\u00a0\u00bbcenter\u00a0\u00bb text_orientation_phone=\u00a0\u00bbcenter\u00a0\u00bb text_orientation_last_edited=\u00a0\u00bbon|tablet\u00a0\u00bb global_colors_info=\u00a0\u00bb{}\u00a0\u00bb]<\/p>\n<p>2024<\/p>\n<p>[\/et_pb_text][et_pb_image src=\u00a0\u00bbhttps:\/\/irma.ac\/wp-content\/uploads\/2025\/11\/Vignette_RA24.jpg\u00a0\u00bb title_text=\u00a0\u00bbVignette_RA24&Prime; url_new_window=\u00a0\u00bbon\u00a0\u00bb module_class=\u00a0\u00bbimage-cadre-var zoom-hover\u00a0\u00bb _builder_version=\u00a0\u00bb4.27.6&Prime; _module_preset=\u00a0\u00bbdefault\u00a0\u00bb hover_enabled=\u00a0\u00bb0&Prime; global_colors_info=\u00a0\u00bb{}\u00a0\u00bb url=\u00a0\u00bbhttps:\/\/drive.google.com\/file\/d\/1qw2ibP7HIs1eeyhPrzaZRYY6j19QLIyI\/view?usp=share_link\u00a0\u00bb sticky_enabled=\u00a0\u00bb0&Prime;][\/et_pb_image][\/et_pb_column][\/et_pb_row][\/et_pb_section][et_pb_section fb_built=\u00a0\u00bb1&Prime; _builder_version=\u00a0\u00bb4.27.4&Prime; _module_preset=\u00a0\u00bbdefault\u00a0\u00bb background_color=\u00a0\u00bb#000749&Prime; custom_padding=\u00a0\u00bb5rem||0px||false|false\u00a0\u00bb global_colors_info=\u00a0\u00bb{}\u00a0\u00bb][et_pb_row _builder_version=\u00a0\u00bb4.27.4&Prime; _module_preset=\u00a0\u00bbdefault\u00a0\u00bb global_colors_info=\u00a0\u00bb{}\u00a0\u00bb][et_pb_column type=\u00a0\u00bb4_4&Prime; _builder_version=\u00a0\u00bb4.27.4&Prime; _module_preset=\u00a0\u00bbdefault\u00a0\u00bb global_colors_info=\u00a0\u00bb{}\u00a0\u00bb][et_pb_text _builder_version=\u00a0\u00bb4.27.4&Prime; _module_preset=\u00a0\u00bbdefault\u00a0\u00bb header_2_text_color=\u00a0\u00bb#FFFFFF\u00a0\u00bb global_colors_info=\u00a0\u00bb{}\u00a0\u00bb]<\/p>\n<h2>Publications<\/h2>\n<p>[\/et_pb_text][\/et_pb_column][\/et_pb_row][et_pb_row column_structure=\u00a0\u00bb1_2,1_2&Prime; admin_label=\u00a0\u00bbR\u00e9sum\u00e9 ex\u00e9cutif 2025&Prime; module_class=\u00a0\u00bbmiddle\u00a0\u00bb _builder_version=\u00a0\u00bb4.27.5&Prime; _module_preset=\u00a0\u00bbdefault\u00a0\u00bb custom_padding=\u00a0\u00bb4rem||6rem||false|false\u00a0\u00bb animation_style=\u00a0\u00bbslide\u00a0\u00bb animation_direction=\u00a0\u00bbbottom\u00a0\u00bb global_colors_info=\u00a0\u00bb{}\u00a0\u00bb][et_pb_column type=\u00a0\u00bb1_2&Prime; _builder_version=\u00a0\u00bb4.27.4&Prime; _module_preset=\u00a0\u00bbdefault\u00a0\u00bb global_colors_info=\u00a0\u00bb{}\u00a0\u00bb][et_pb_image src=\u00a0\u00bbhttps:\/\/irma.ac\/wp-content\/uploads\/2025\/10\/Vignette_MAS-IR-Thesis-Executive-Summary.jpg\u00a0\u00bb title_text=\u00a0\u00bbVignette_MAS-IR-Thesis-Executive-Summary\u00a0\u00bb url=\u00a0\u00bb\/wp-content\/uploads\/2025\/09\/Fehlmann-J.-2025-IHEID-MAS-IR-Thesis-Executive-Summary.pdf\u00a0\u00bb url_new_window=\u00a0\u00bbon\u00a0\u00bb module_class=\u00a0\u00bbimage-cadre-var zoom-hover\u00a0\u00bb _builder_version=\u00a0\u00bb4.27.5&Prime; _module_preset=\u00a0\u00bbdefault\u00a0\u00bb custom_margin=\u00a0\u00bb||||false|false\u00a0\u00bb global_colors_info=\u00a0\u00bb{}\u00a0\u00bb][\/et_pb_image][\/et_pb_column][et_pb_column type=\u00a0\u00bb1_2&Prime; _builder_version=\u00a0\u00bb4.27.4&Prime; _module_preset=\u00a0\u00bbdefault\u00a0\u00bb global_colors_info=\u00a0\u00bb{}\u00a0\u00bb][et_pb_text _builder_version=\u00a0\u00bb4.27.5&Prime; _module_preset=\u00a0\u00bbdefault\u00a0\u00bb text_text_color=\u00a0\u00bb#FFFFFF\u00a0\u00bb link_font=\u00a0\u00bb|700|||on|||#F1FF30|\u00a0\u00bb link_text_color=\u00a0\u00bb#F1FF30&Prime; global_colors_info=\u00a0\u00bb{}\u00a0\u00bb]<\/p>\n<p>R\u00e9sum\u00e9 ex\u00e9cutif d&rsquo;une th\u00e8se professionnelle sur le potentiel de l&rsquo;\u00e9ducation \u00e0 la production musicale pour le d\u00e9veloppement (international) en Am\u00e9rique latine. Cette recherche a \u00e9t\u00e9 r\u00e9dig\u00e9e en 2025 dans le cadre du Master of Advanced Studies (MAS) en relations internationales au <a href=\"https:\/\/executive.graduateinstitute.ch\/programmes\/conflict-fragility-management\" target=\"_blank\" rel=\"noopener\">Geneva Graduate Institute<\/a>. <\/p>\n<p>[\/et_pb_text][\/et_pb_column][\/et_pb_row][et_pb_row column_structure=\u00a0\u00bb1_2,1_2&Prime; admin_label=\u00a0\u00bbR\u00e9sum\u00e9 ex\u00e9cutif 2023&Prime; module_class=\u00a0\u00bbmiddle\u00a0\u00bb _builder_version=\u00a0\u00bb4.27.5&Prime; _module_preset=\u00a0\u00bbdefault\u00a0\u00bb custom_padding=\u00a0\u00bb0px||6rem||false|false\u00a0\u00bb animation_style=\u00a0\u00bbslide\u00a0\u00bb animation_direction=\u00a0\u00bbbottom\u00a0\u00bb global_colors_info=\u00a0\u00bb{}\u00a0\u00bb][et_pb_column type=\u00a0\u00bb1_2&Prime; _builder_version=\u00a0\u00bb4.27.4&Prime; _module_preset=\u00a0\u00bbdefault\u00a0\u00bb global_colors_info=\u00a0\u00bb{}\u00a0\u00bb][et_pb_image src=\u00a0\u00bbhttps:\/\/irma.ac\/wp-content\/uploads\/2025\/10\/Vignette_Thesis-An-Ambivalent-Gaze-at-the-Power-of-Music-Executive-Summary.jpg\u00a0\u00bb title_text=\u00a0\u00bbVignette_Thesis-An-Ambivalent-Gaze-at-the-Power-of-Music-Executive-Summary\u00a0\u00bb url=\u00a0\u00bb\/wp-content\/uploads\/2025\/09\/Fehlmann-J.-2023-IHEID-Thesis-An-Ambivalent-Gaze-at-the-Power-of-Music-Executive-Summary.pdf\u00a0\u00bb url_new_window=\u00a0\u00bbon\u00a0\u00bb module_class=\u00a0\u00bbimage-cadre-var zoom-hover\u00a0\u00bb _builder_version=\u00a0\u00bb4.27.5&Prime; _module_preset=\u00a0\u00bbdefault\u00a0\u00bb custom_margin=\u00a0\u00bb||||false|false\u00a0\u00bb global_colors_info=\u00a0\u00bb{}\u00a0\u00bb][\/et_pb_image][\/et_pb_column][et_pb_column type=\u00a0\u00bb1_2&Prime; _builder_version=\u00a0\u00bb4.27.4&Prime; _module_preset=\u00a0\u00bbdefault\u00a0\u00bb global_colors_info=\u00a0\u00bb{}\u00a0\u00bb][et_pb_text _builder_version=\u00a0\u00bb4.27.5&Prime; _module_preset=\u00a0\u00bbdefault\u00a0\u00bb text_text_color=\u00a0\u00bb#FFFFFF\u00a0\u00bb link_font=\u00a0\u00bb|700|||on|||#F1FF30|\u00a0\u00bb link_text_color=\u00a0\u00bb#F1FF30&Prime; global_colors_info=\u00a0\u00bb{}\u00a0\u00bb]<\/p>\n<p>R\u00e9sum\u00e9 ex\u00e9cutif d&rsquo;une th\u00e8se professionnelle sur le paysage de l&rsquo;\u00e9valuation des projets musicaux \u00e0 vocation sociale en Am\u00e9rique latine. Cette recherche a \u00e9t\u00e9 r\u00e9dig\u00e9e en 2023 dans le cadre du Dipl\u00f4me d&rsquo;\u00e9tudes avanc\u00e9es (DAS) en gestion des conflits et de fragilit\u00e9 au <a href=\"https:\/\/executive.graduateinstitute.ch\/programmes\/conflict-fragility-management\" target=\"_blank\" rel=\"noopener\">Geneva Graduate Institute<\/a>. <\/p>\n<p>[\/et_pb_text][\/et_pb_column][\/et_pb_row][et_pb_row column_structure=\u00a0\u00bb1_2,1_2&Prime; admin_label=\u00a0\u00bbRapport projet r\u00e9flexion collective\u00a0\u00bb module_class=\u00a0\u00bbmiddle\u00a0\u00bb _builder_version=\u00a0\u00bb4.27.5&Prime; _module_preset=\u00a0\u00bbdefault\u00a0\u00bb custom_padding=\u00a0\u00bb0px||6rem||false|false\u00a0\u00bb animation_style=\u00a0\u00bbslide\u00a0\u00bb animation_direction=\u00a0\u00bbbottom\u00a0\u00bb global_colors_info=\u00a0\u00bb{}\u00a0\u00bb][et_pb_column type=\u00a0\u00bb1_2&Prime; _builder_version=\u00a0\u00bb4.27.4&Prime; _module_preset=\u00a0\u00bbdefault\u00a0\u00bb global_colors_info=\u00a0\u00bb{}\u00a0\u00bb][et_pb_image src=\u00a0\u00bbhttps:\/\/irma.ac\/wp-content\/uploads\/2025\/10\/Vignette_Reflexions-Collectives-Neuchatel.jpg\u00a0\u00bb title_text=\u00a0\u00bbVignette_Reflexions-Collectives-Neuchatel\u00a0\u00bb url=\u00a0\u00bbhttps:\/\/irma.ac\/wp-content\/uploads\/2025\/07\/Reflexions-Collectives-Neuchatel-2024-Rapport-final-public.pdf\u00a0\u00bb url_new_window=\u00a0\u00bbon\u00a0\u00bb module_class=\u00a0\u00bbimage-cadre-var zoom-hover\u00a0\u00bb _builder_version=\u00a0\u00bb4.27.5&Prime; _module_preset=\u00a0\u00bbdefault\u00a0\u00bb custom_margin=\u00a0\u00bb||||false|false\u00a0\u00bb global_colors_info=\u00a0\u00bb{}\u00a0\u00bb][\/et_pb_image][\/et_pb_column][et_pb_column type=\u00a0\u00bb1_2&Prime; _builder_version=\u00a0\u00bb4.27.4&Prime; _module_preset=\u00a0\u00bbdefault\u00a0\u00bb global_colors_info=\u00a0\u00bb{}\u00a0\u00bb][et_pb_text _builder_version=\u00a0\u00bb4.27.4&Prime; _module_preset=\u00a0\u00bbdefault\u00a0\u00bb text_text_color=\u00a0\u00bb#FFFFFF\u00a0\u00bb link_font=\u00a0\u00bb|700|||on|||#F1FF30|\u00a0\u00bb link_text_color=\u00a0\u00bb#F1FF30&Prime; global_colors_info=\u00a0\u00bb{}\u00a0\u00bb]<\/p>\n<p>Rapport sur la premi\u00e8re it\u00e9ration de notre projet R\u00e9flexions Collectives, dans lequel nous avons mobilis\u00e9 des musicien\u00b7ne\u00b7s pour imaginer des solutions concr\u00e8tes \u00e0 certaines des nombreuses crises actuelles.<a href=\"\/wp-content\/uploads\/2025\/09\/Sampling-the-World-MJF-2024-20240717.pdf\"><\/a><\/p>\n<p>[\/et_pb_text][\/et_pb_column][\/et_pb_row][et_pb_row column_structure=\u00a0\u00bb1_2,1_2&Prime; admin_label=\u00a0\u00bbRapport projet r\u00e9flexion collective\u00a0\u00bb module_class=\u00a0\u00bbmiddle\u00a0\u00bb _builder_version=\u00a0\u00bb4.27.5&Prime; _module_preset=\u00a0\u00bbdefault\u00a0\u00bb custom_padding=\u00a0\u00bb0px||6rem||false|false\u00a0\u00bb animation_style=\u00a0\u00bbslide\u00a0\u00bb animation_direction=\u00a0\u00bbbottom\u00a0\u00bb global_colors_info=\u00a0\u00bb{}\u00a0\u00bb][et_pb_column type=\u00a0\u00bb1_2&Prime; _builder_version=\u00a0\u00bb4.27.4&Prime; _module_preset=\u00a0\u00bbdefault\u00a0\u00bb global_colors_info=\u00a0\u00bb{}\u00a0\u00bb][et_pb_image src=\u00a0\u00bbhttps:\/\/irma.ac\/wp-content\/uploads\/2025\/10\/Vignette_Sampling-the-World-MJF-2024-20240717.jpg\u00a0\u00bb title_text=\u00a0\u00bbVignette_Sampling-the-World-MJF-2024-20240717&Prime; url=\u00a0\u00bb\/wp-content\/uploads\/2025\/09\/Sampling-the-World-MJF-2024-20240717.pdf\u00a0\u00bb url_new_window=\u00a0\u00bbon\u00a0\u00bb module_class=\u00a0\u00bbimage-cadre-var zoom-hover\u00a0\u00bb _builder_version=\u00a0\u00bb4.27.5&Prime; _module_preset=\u00a0\u00bbdefault\u00a0\u00bb custom_margin=\u00a0\u00bb||||false|false\u00a0\u00bb global_colors_info=\u00a0\u00bb{}\u00a0\u00bb][\/et_pb_image][\/et_pb_column][et_pb_column type=\u00a0\u00bb1_2&Prime; _builder_version=\u00a0\u00bb4.27.4&Prime; _module_preset=\u00a0\u00bbdefault\u00a0\u00bb global_colors_info=\u00a0\u00bb{}\u00a0\u00bb][et_pb_text _builder_version=\u00a0\u00bb4.27.5&Prime; _module_preset=\u00a0\u00bbdefault\u00a0\u00bb text_text_color=\u00a0\u00bb#FFFFFF\u00a0\u00bb link_font=\u00a0\u00bb|700|||on|||#F1FF30|\u00a0\u00bb link_text_color=\u00a0\u00bb#F1FF30&Prime; global_colors_info=\u00a0\u00bb{}\u00a0\u00bb]<\/p>\n<p>Pr\u00e9sentation au <a href=\"https:\/\/www.montreuxjazzfestival.com\/en\/workshop-by-mjaf-sampling-the-world-with-arthur-henry-julien-fehlmann-irma\/\" target=\"_blank\" rel=\"noopener\">Montreux Jazz Festival 2024<\/a> avec <a href=\"https:\/\/arthur-henry.com\/\" target=\"_blank\" rel=\"noopener\">Arthur Henry<\/a> sur l&rsquo;impact social de son extraordinaire projet musical Sampling the World.<\/p>\n<p>[\/et_pb_text][\/et_pb_column][\/et_pb_row][et_pb_row _builder_version=\u00a0\u00bb4.27.4&Prime; _module_preset=\u00a0\u00bbdefault\u00a0\u00bb width=\u00a0\u00bb75%\u00a0\u00bb width_tablet=\u00a0\u00bb75%\u00a0\u00bb width_phone=\u00a0\u00bb98%\u00a0\u00bb width_last_edited=\u00a0\u00bbon|desktop\u00a0\u00bb module_alignment=\u00a0\u00bbright\u00a0\u00bb custom_padding=\u00a0\u00bb0px||0px||false|false\u00a0\u00bb global_colors_info=\u00a0\u00bb{}\u00a0\u00bb][et_pb_column type=\u00a0\u00bb4_4&Prime; _builder_version=\u00a0\u00bb4.27.4&Prime; _module_preset=\u00a0\u00bbdefault\u00a0\u00bb global_colors_info=\u00a0\u00bb{}\u00a0\u00bb][et_pb_image src=\u00a0\u00bbhttps:\/\/irma.ac\/wp-content\/uploads\/2025\/09\/Research-Sampling-the-World-@MJF2024-scaled.jpeg\u00a0\u00bb title_text=\u00a0\u00bbRecherche &#8211; Sampling the World @MJF2024&Prime; module_class=\u00a0\u00bbimage-cadre\u00a0\u00bb _builder_version=\u00a0\u00bb4.27.4&Prime; _module_preset=\u00a0\u00bbdefault\u00a0\u00bb global_colors_info=\u00a0\u00bb{}\u00a0\u00bb][\/et_pb_image][\/et_pb_column][\/et_pb_row][\/et_pb_section][et_pb_section fb_built=\u00a0\u00bb1&Prime; admin_label=\u00a0\u00bbpartners\u00a0\u00bb _builder_version=\u00a0\u00bb4.27.4&Prime; _module_preset=\u00a0\u00bbdefault\u00a0\u00bb background_color=\u00a0\u00bb#7FFFF6&Prime; custom_margin=\u00a0\u00bb||||false|false\u00a0\u00bb custom_padding=\u00a0\u00bb5rem||5rem||false|false\u00a0\u00bb global_colors_info=\u00a0\u00bb{}\u00a0\u00bb][et_pb_row admin_label=\u00a0\u00bbautres organisations\u00a0\u00bb _builder_version=\u00a0\u00bb4.27.4&Prime; _module_preset=\u00a0\u00bbdefault\u00a0\u00bb custom_margin=\u00a0\u00bb||||false|false\u00a0\u00bb custom_padding=\u00a0\u00bb0px||||false|false\u00a0\u00bb global_colors_info=\u00a0\u00bb{}\u00a0\u00bb][et_pb_column type=\u00a0\u00bb4_4&Prime; _builder_version=\u00a0\u00bb4.27.4&Prime; _module_preset=\u00a0\u00bbdefault\u00a0\u00bb global_colors_info=\u00a0\u00bb{}\u00a0\u00bb][et_pb_text _builder_version=\u00a0\u00bb4.27.4&Prime; _module_preset=\u00a0\u00bbdefault\u00a0\u00bb global_colors_info=\u00a0\u00bb{}\u00a0\u00bb]<\/p>\n<h3>Les organisations avec lesquelles nous avons eu le privil\u00e8ge de collaborer<\/h3>\n<p>[\/et_pb_text][dipi_masonry_gallery gallery_ids=\u00a0\u00bb2394,2395,2396,2397,2398,2399,2400,2401,2402,2403,2404,2405,2406&Prime; horizontal_order_direction=\u00a0\u00bbon\u00a0\u00bb use_media_link=\u00a0\u00bbon\u00a0\u00bb icon_in_overlay=\u00a0\u00bboff\u00a0\u00bb columns=\u00a0\u00bb5&Prime; gutter=\u00a0\u00bb30&Prime; grid_animation_speed=\u00a0\u00bb0ms\u00a0\u00bb fix_lazy=\u00a0\u00bbon\u00a0\u00bb columns_tablet=\u00a0\u00bb4&Prime; columns_phone=\u00a0\u00bb2&Prime; columns_last_edited=\u00a0\u00bbon|tablet\u00a0\u00bb _builder_version=\u00a0\u00bb4.27.4&Prime; _module_preset=\u00a0\u00bbdefault\u00a0\u00bb global_colors_info=\u00a0\u00bb{}\u00a0\u00bb][\/dipi_masonry_gallery][\/et_pb_column][\/et_pb_row][et_pb_row _builder_version=\u00a0\u00bb4.27.4&Prime; _module_preset=\u00a0\u00bbdefault\u00a0\u00bb global_colors_info=\u00a0\u00bb{}\u00a0\u00bb][et_pb_column type=\u00a0\u00bb4_4&Prime; _builder_version=\u00a0\u00bb4.27.4&Prime; _module_preset=\u00a0\u00bbdefault\u00a0\u00bb global_colors_info=\u00a0\u00bb{}\u00a0\u00bb][et_pb_text _builder_version=\u00a0\u00bb4.27.4&Prime; _module_preset=\u00a0\u00bbdefault\u00a0\u00bb custom_padding=\u00a0\u00bb1px|||||\u00a0\u00bb global_colors_info=\u00a0\u00bb{}\u00a0\u00bb]<\/p>\n<h3>Organisations mobilisant la musique dans un but social<\/h3>\n<p>[\/et_pb_text][dipi_masonry_gallery gallery_ids=\u00a0\u00bb2407,2410,2411,2412,2413,2414&Prime; horizontal_order_direction=\u00a0\u00bbon\u00a0\u00bb use_media_link=\u00a0\u00bbon\u00a0\u00bb icon_in_overlay=\u00a0\u00bboff\u00a0\u00bb columns=\u00a0\u00bb6&Prime; gutter=\u00a0\u00bb30&Prime; grid_animation_speed=\u00a0\u00bb0ms\u00a0\u00bb fix_lazy=\u00a0\u00bbon\u00a0\u00bb columns_tablet=\u00a0\u00bb4&Prime; columns_phone=\u00a0\u00bb2&Prime; columns_last_edited=\u00a0\u00bbon|phone\u00a0\u00bb _builder_version=\u00a0\u00bb4.27.4&Prime; _module_preset=\u00a0\u00bbdefault\u00a0\u00bb custom_padding=\u00a0\u00bb||3px|||\u00a0\u00bb global_colors_info=\u00a0\u00bb{}\u00a0\u00bb][\/dipi_masonry_gallery][\/et_pb_column][\/et_pb_row][\/et_pb_section]<\/p>\n","protected":false},"excerpt":{"rendered":"<p>RessourcesRapports annuels (en fran\u00e7ais)20232024PublicationsR\u00e9sum\u00e9 ex\u00e9cutif d&rsquo;une th\u00e8se professionnelle sur le potentiel de l&rsquo;\u00e9ducation \u00e0 la production musicale pour le d\u00e9veloppement (international) en Am\u00e9rique latine. Cette recherche a \u00e9t\u00e9 r\u00e9dig\u00e9e en 2025 dans le cadre du Master of Advanced Studies (MAS) en relations internationales au Geneva Graduate Institute. R\u00e9sum\u00e9 ex\u00e9cutif d&rsquo;une th\u00e8se professionnelle sur le paysage [&hellip;]<\/p>\n","protected":false},"author":1,"featured_media":0,"parent":0,"menu_order":0,"comment_status":"closed","ping_status":"closed","template":"","meta":{"_et_pb_use_builder":"on","_et_pb_old_content":"","_et_gb_content_width":"","footnotes":""},"dipi_cpt_category":[],"class_list":["post-3272","page","type-page","status-publish","hentry"],"_links":{"self":[{"href":"https:\/\/irma.ac\/fr\/wp-json\/wp\/v2\/pages\/3272","targetHints":{"allow":["GET"]}}],"collection":[{"href":"https:\/\/irma.ac\/fr\/wp-json\/wp\/v2\/pages"}],"about":[{"href":"https:\/\/irma.ac\/fr\/wp-json\/wp\/v2\/types\/page"}],"author":[{"embeddable":true,"href":"https:\/\/irma.ac\/fr\/wp-json\/wp\/v2\/users\/1"}],"replies":[{"embeddable":true,"href":"https:\/\/irma.ac\/fr\/wp-json\/wp\/v2\/comments?post=3272"}],"version-history":[{"count":20,"href":"https:\/\/irma.ac\/fr\/wp-json\/wp\/v2\/pages\/3272\/revisions"}],"predecessor-version":[{"id":5991,"href":"https:\/\/irma.ac\/fr\/wp-json\/wp\/v2\/pages\/3272\/revisions\/5991"}],"wp:attachment":[{"href":"https:\/\/irma.ac\/fr\/wp-json\/wp\/v2\/media?parent=3272"}],"wp:term":[{"taxonomy":"dipi_cpt_category","embeddable":true,"href":"https:\/\/irma.ac\/fr\/wp-json\/wp\/v2\/dipi_cpt_category?post=3272"}],"curies":[{"name":"wp","href":"https:\/\/api.w.org\/{rel}","templated":true}]}}