{"id":3486,"date":"2025-11-28T14:22:46","date_gmt":"2025-11-28T13:22:46","guid":{"rendered":"https:\/\/irma.ac\/nuestro-trabajo\/amp-amplificar-las-perspectivas-de-los-musicos\/"},"modified":"2026-01-21T09:44:40","modified_gmt":"2026-01-21T08:44:40","slug":"amp-amplificar-las-perspectivas-de-los-musicos","status":"publish","type":"page","link":"https:\/\/irma.ac\/es\/nuestro-trabajo\/amp-amplificar-las-perspectivas-de-los-musicos\/","title":{"rendered":"AMP: Amplificando las perspectivas de quienes hacen m\u00fasica"},"content":{"rendered":"<p>[et_pb_section fb_built=\u00bb1&#8243; admin_label=\u00bbIntro\u00bb _builder_version=\u00bb4.27.4&#8243; _module_preset=\u00bbdefault\u00bb custom_margin=\u00bb2rem||||false|false\u00bb global_colors_info=\u00bb{}\u00bb][et_pb_row column_structure=\u00bb2_5,3_5&#8243; _builder_version=\u00bb4.27.4&#8243; _module_preset=\u00bbdefault\u00bb custom_margin=\u00bb||||false|false\u00bb custom_padding=\u00bb||3rem||false|false\u00bb global_colors_info=\u00bb{}\u00bb][et_pb_column type=\u00bb2_5&#8243; _builder_version=\u00bb4.27.4&#8243; _module_preset=\u00bbdefault\u00bb global_colors_info=\u00bb{}\u00bb][et_pb_text _builder_version=\u00bb4.27.5&#8243; _module_preset=\u00bbdefault\u00bb global_colors_info=\u00bb{}\u00bb]<\/p>\n<h1>AMP: <br \/>Amplificando las perspectivas de quienes hacen m\u00fasica<\/h1>\n<p>[\/et_pb_text][\/et_pb_column][et_pb_column type=\u00bb3_5&#8243; _builder_version=\u00bb4.27.4&#8243; _module_preset=\u00bbdefault\u00bb global_colors_info=\u00bb{}\u00bb][et_pb_text _builder_version=\u00bb4.27.4&#8243; _module_preset=\u00bbdefault\u00bb global_colors_info=\u00bb{}\u00bb]<\/p>\n<p>Las escuelas de m\u00fasica pueden transformar vidas. Forman a las y los guardianes de la cultura en todo el mundo. Adem\u00e1s de m\u00fasica, ofrecen a las y los estudiantes espacios seguros donde forjar nuevas perspectivas, amistades y habilidades sociales.  <\/p>\n<p>Pero cuando las personas que hacen m\u00fasica se incorporan a la industria musical como profesionales, muchas tienen dificultades para sostenerse econ\u00f3micamente. Para encontrar trabajo, tienen que mostrar su talento. Deben producir contenido y promocionarlo. Deben convertirse en emprendedores. Lamentablemente, la mayor\u00eda de las escuelas de m\u00fasica no ense\u00f1an estas habilidades.    <\/p>\n<p>Nuestro programa de desarrollo de capacidades <strong>AMP<\/strong> es una respuesta a esta situaci\u00f3n. Es un programa educativo accesible y acelerado en producci\u00f3n y promoci\u00f3n musical, que puede completarse s\u00f3lo con un smartphone. <strong>AMP<\/strong> abarca todos los aspectos clave que los artistas necesitan para prosperar en la industria musical contempor\u00e1nea, desde la producci\u00f3n y promoci\u00f3n de audio y v\u00eddeo hasta la salud (mental) y la gesti\u00f3n de la carrera. Complementa la labor esencial que realizan las escuelas de m\u00fasica, ayudando a sus alumnos a iniciar su andadura profesional.  <\/p>\n<p>[\/et_pb_text][\/et_pb_column][\/et_pb_row][et_pb_row _builder_version=\u00bb4.27.4&#8243; _module_preset=\u00bbdefault\u00bb custom_margin=\u00bb||||false|false\u00bb custom_padding=\u00bb||3rem||false|false\u00bb global_colors_info=\u00bb{}\u00bb][et_pb_column type=\u00bb4_4&#8243; _builder_version=\u00bb4.27.4&#8243; _module_preset=\u00bbdefault\u00bb global_colors_info=\u00bb{}\u00bb][et_pb_video src=\u00bbhttps:\/\/irma.ac\/wp-content\/uploads\/2025\/10\/IRMA-promo-video-2026.mov\u00bb image_src=\u00bbhttps:\/\/irma.ac\/wp-content\/uploads\/2025\/11\/Thumbnail-scaled.png\u00bb _builder_version=\u00bb4.27.5&#8243; _module_preset=\u00bbdefault\u00bb global_colors_info=\u00bb{}\u00bb][\/et_pb_video][\/et_pb_column][\/et_pb_row][\/et_pb_section][et_pb_section fb_built=\u00bb1&#8243; admin_label=\u00bbAMP is\u00bb _builder_version=\u00bb4.27.4&#8243; _module_preset=\u00bbdefault\u00bb custom_margin=\u00bb0px||||false|false\u00bb custom_padding=\u00bb0px||0px||false|false\u00bb global_colors_info=\u00bb{}\u00bb][et_pb_row column_structure=\u00bb2_5,3_5&#8243; _builder_version=\u00bb4.27.4&#8243; _module_preset=\u00bbdefault\u00bb custom_padding=\u00bb||3rem||false|false\u00bb global_colors_info=\u00bb{}\u00bb][et_pb_column type=\u00bb2_5&#8243; _builder_version=\u00bb4.27.4&#8243; _module_preset=\u00bbdefault\u00bb global_colors_info=\u00bb{}\u00bb][et_pb_text _builder_version=\u00bb4.27.4&#8243; _module_preset=\u00bbdefault\u00bb global_colors_info=\u00bb{}\u00bb]<\/p>\n<h2>AMP es<\/h2>\n<p>[\/et_pb_text][\/et_pb_column][et_pb_column type=\u00bb3_5&#8243; _builder_version=\u00bb4.27.4&#8243; _module_preset=\u00bbdefault\u00bb global_colors_info=\u00bb{}\u00bb][et_pb_text _builder_version=\u00bb4.27.5&#8243; _module_preset=\u00bb20481be7-2273-4696-9762-3ac21d12901e\u00bb global_colors_info=\u00bb{}\u00bb]<\/p>\n<p><strong>Accesible<\/strong>: Desaf\u00eda las barreras econ\u00f3micas que impiden a la gente entrar en el mundo de la producci\u00f3n musical, utilizando soluciones m\u00f3viles gratuitas pero sin compromisos.<\/p>\n<p>Habilitaci\u00f3n: Es un viaje paso a paso hacia la independencia. Con <strong>AMP<\/strong>, las y los estudiantes aprenden a producir contenidos de audio y v\u00eddeo de principio a fin, as\u00ed como a promocionarlos. <\/p>\n<p><strong>Accionable<\/strong>: Se centra en el desarrollo de habilidades para ampliar las oportunidades profesionales. El programa proporciona formaci\u00f3n pr\u00e1ctica y recursos para seguir explorando. <\/p>\n<p>[\/et_pb_text][\/et_pb_column][\/et_pb_row][\/et_pb_section][et_pb_section fb_built=\u00bb1&#8243; _builder_version=\u00bb4.27.4&#8243; _module_preset=\u00bbdefault\u00bb custom_padding=\u00bb0px||||false|false\u00bb global_colors_info=\u00bb{}\u00bb][et_pb_row column_structure=\u00bb2_5,3_5&#8243; _builder_version=\u00bb4.27.4&#8243; _module_preset=\u00bbdefault\u00bb custom_margin=\u00bb||||false|false\u00bb custom_padding=\u00bb||3rem||false|false\u00bb global_colors_info=\u00bb{}\u00bb][et_pb_column type=\u00bb2_5&#8243; _builder_version=\u00bb4.27.4&#8243; _module_preset=\u00bbdefault\u00bb global_colors_info=\u00bb{}\u00bb][et_pb_text _builder_version=\u00bb4.27.4&#8243; _module_preset=\u00bbdefault\u00bb global_colors_info=\u00bb{}\u00bb]<\/p>\n<h2>Impacto<\/h2>\n<p>[\/et_pb_text][\/et_pb_column][et_pb_column type=\u00bb3_5&#8243; _builder_version=\u00bb4.27.4&#8243; _module_preset=\u00bbdefault\u00bb position_origin_a=\u00bbcenter_right\u00bb position_origin_a_tablet=\u00bbcenter_right\u00bb position_origin_a_phone=\u00bbcenter_right\u00bb position_origin_a_last_edited=\u00bboff|desktop\u00bb position_origin_f_last_edited=\u00bboff|desktop\u00bb position_origin_r_last_edited=\u00bboff|desktop\u00bb positioning_tablet=\u00bbnone\u00bb positioning_phone=\u00bbnone\u00bb positioning_last_edited=\u00bboff|desktop\u00bb global_colors_info=\u00bb{}\u00bb][et_pb_text _builder_version=\u00bb4.27.5&#8243; _module_preset=\u00bb20481be7-2273-4696-9762-3ac21d12901e\u00bb global_colors_info=\u00bb{}\u00bb]<\/p>\n<p>Las investigaciones, <a href=\"\/resources\/\" target=\"_blank\" rel=\"noopener\">incluidas las nuestras<\/a>, demuestran que la formaci\u00f3n en producci\u00f3n musical aporta m\u00faltiples beneficios, entre ellos:<\/p>\n<p><strong>Mejora del rendimiento<\/strong>: Las habilidades de producci\u00f3n musical enriquecen la educaci\u00f3n musical al permitir a los artistas revisar y perfeccionar su oficio.<\/p>\n<p><strong>Mejora de la comunicaci\u00f3n<\/strong>: La confianza en la producci\u00f3n de contenidos aumenta el poder art\u00edstico y comunicativo de las y los artistas.<\/p>\n<p><strong>Mejores perspectivas profesionales<\/strong>: Las habilidades de producci\u00f3n musical abren v\u00edas profesionales m\u00e1s all\u00e1 de la interpretaci\u00f3n, como la producci\u00f3n audiovisual, la comunicaci\u00f3n y el marketing.<\/p>\n<p>[\/et_pb_text][\/et_pb_column][\/et_pb_row][\/et_pb_section][et_pb_section fb_built=\u00bb1&#8243; _builder_version=\u00bb4.27.4&#8243; _module_preset=\u00bbdefault\u00bb background_color=\u00bb#F1FF30&#8243; custom_padding=\u00bb4rem||4rem||false|false\u00bb global_colors_info=\u00bb{}\u00bb][et_pb_row _builder_version=\u00bb4.27.4&#8243; _module_preset=\u00bbdefault\u00bb custom_margin=\u00bb||||false|false\u00bb custom_padding=\u00bb0px||0px||false|false\u00bb global_colors_info=\u00bb{}\u00bb][et_pb_column type=\u00bb4_4&#8243; _builder_version=\u00bb4.27.4&#8243; _module_preset=\u00bbdefault\u00bb global_colors_info=\u00bb{}\u00bb][et_pb_text _builder_version=\u00bb4.27.5&#8243; _module_preset=\u00bb20481be7-2273-4696-9762-3ac21d12901e\u00bb text_orientation=\u00bbcenter\u00bb locked=\u00bboff\u00bb global_colors_info=\u00bb{}\u00bb]<\/p>\n<p>Lo que dijeron las personas participantes en nuestro proyecto piloto AMP en S\u00e3o Paulo:<\/p>\n<p>[\/et_pb_text][\/et_pb_column][\/et_pb_row][et_pb_row column_structure=\u00bb1_4,1_4,1_4,1_4&#8243; _builder_version=\u00bb4.27.5&#8243; _module_preset=\u00bbdefault\u00bb custom_padding=\u00bb50px||||false|false\u00bb global_colors_info=\u00bb{}\u00bb][et_pb_column type=\u00bb1_4&#8243; _builder_version=\u00bb4.27.4&#8243; _module_preset=\u00bbdefault\u00bb global_colors_info=\u00bb{}\u00bb][dipi_counter count_circle_percent=\u00bb100&#8243; count_to_number=\u00bb100&#8243; _builder_version=\u00bb4.27.4&#8243; _module_preset=\u00bbcbdb5513-9fae-474f-b857-1cbbdfdd56c4&#8243; all_font_size=\u00bb3em\u00bb global_colors_info=\u00bb{}\u00bb][\/dipi_counter][et_pb_text _builder_version=\u00bb4.27.5&#8243; _module_preset=\u00bbdefault\u00bb text_orientation=\u00bbcenter\u00bb global_colors_info=\u00bb{}\u00bb]<\/p>\n<p>Nuevas perspectivas profesionales<\/p>\n<p>[\/et_pb_text][\/et_pb_column][et_pb_column type=\u00bb1_4&#8243; _builder_version=\u00bb4.27.4&#8243; _module_preset=\u00bbdefault\u00bb global_colors_info=\u00bb{}\u00bb][dipi_counter count_circle_percent=\u00bb82&#8243; count_to_number=\u00bb82&#8243; _builder_version=\u00bb4.27.4&#8243; _module_preset=\u00bbcbdb5513-9fae-474f-b857-1cbbdfdd56c4&#8243; all_font_size=\u00bb3em\u00bb global_colors_info=\u00bb{}\u00bb][\/dipi_counter][et_pb_text _builder_version=\u00bb4.27.5&#8243; _module_preset=\u00bbdefault\u00bb text_orientation=\u00bbcenter\u00bb global_colors_info=\u00bb{}\u00bb]<\/p>\n<p>Utiliz\u00f3 las nuevas habilidades profesionalmente en 6 meses<\/p>\n<p>[\/et_pb_text][\/et_pb_column][et_pb_column type=\u00bb1_4&#8243; _builder_version=\u00bb4.27.4&#8243; _module_preset=\u00bbdefault\u00bb global_colors_info=\u00bb{}\u00bb][dipi_counter _builder_version=\u00bb4.27.4&#8243; _module_preset=\u00bbcbdb5513-9fae-474f-b857-1cbbdfdd56c4&#8243; all_font_size=\u00bb3em\u00bb global_colors_info=\u00bb{}\u00bb][\/dipi_counter][et_pb_text _builder_version=\u00bb4.27.5&#8243; _module_preset=\u00bbdefault\u00bb text_orientation=\u00bbcenter\u00bb global_colors_info=\u00bb{}\u00bb]<\/p>\n<p>Experimentado una sensaci\u00f3n de fortalecimiento como artista<\/p>\n<p>[\/et_pb_text][\/et_pb_column][et_pb_column type=\u00bb1_4&#8243; _builder_version=\u00bb4.27.4&#8243; _module_preset=\u00bbdefault\u00bb global_colors_info=\u00bb{}\u00bb][dipi_counter count_circle_percent=\u00bb100&#8243; count_to_number=\u00bb100&#8243; _builder_version=\u00bb4.27.4&#8243; _module_preset=\u00bbcbdb5513-9fae-474f-b857-1cbbdfdd56c4&#8243; all_font_size=\u00bb3em\u00bb global_colors_info=\u00bb{}\u00bb][\/dipi_counter][et_pb_text _builder_version=\u00bb4.27.5&#8243; _module_preset=\u00bbdefault\u00bb text_orientation=\u00bbcenter\u00bb global_colors_info=\u00bb{}\u00bb]<\/p>\n<p>Recomendar\u00eda el programa a un amigo<\/p>\n<p>[\/et_pb_text][\/et_pb_column][\/et_pb_row][\/et_pb_section][et_pb_section fb_built=\u00bb1&#8243; custom_padding_last_edited=\u00bbon|desktop\u00bb _builder_version=\u00bb4.27.4&#8243; _module_preset=\u00bbdefault\u00bb custom_padding=\u00bb4rem||2rem||false|false\u00bb custom_padding_tablet=\u00bb||0rem||false|false\u00bb custom_padding_phone=\u00bb||0rem||false|false\u00bb global_colors_info=\u00bb{}\u00bb][et_pb_row _builder_version=\u00bb4.27.4&#8243; _module_preset=\u00bbdefault\u00bb global_colors_info=\u00bb{}\u00bb][et_pb_column type=\u00bb4_4&#8243; _builder_version=\u00bb4.27.4&#8243; _module_preset=\u00bbdefault\u00bb global_colors_info=\u00bb{}\u00bb][et_pb_text _builder_version=\u00bb4.27.4&#8243; _module_preset=\u00bbdefault\u00bb global_colors_info=\u00bb{}\u00bb]<\/p>\n<h3>Lo que dijeron las personas participantes en nuestro proyecto piloto AMP en S\u00e3o Paulo:<\/h3>\n<p>[\/et_pb_text][\/et_pb_column][\/et_pb_row][et_pb_row disabled_on=\u00bboff|off|off\u00bb _builder_version=\u00bb4.27.4&#8243; _module_preset=\u00bbdefault\u00bb custom_margin=\u00bb||||false|false\u00bb custom_padding=\u00bb||0px||false|false\u00bb global_colors_info=\u00bb{}\u00bb][et_pb_column type=\u00bb4_4&#8243; _builder_version=\u00bb4.27.4&#8243; _module_preset=\u00bbdefault\u00bb global_colors_info=\u00bb{}\u00bb][dipi_testimonial item_align=\u00bbleft\u00bb use_hide_img=\u00bbon\u00bb use_hide_rating=\u00bbon\u00bb use_hide_readmore=\u00bbon\u00bb review_length=\u00bb500&#8243; orderby=\u00bbtitle_asc\u00bb review_type=\u00bboff|off|off|off\u00bb testimonial_categories=\u00bb29&#8243; testimonial_suppress_filters=\u00bboff\u00bb use_show_popup_rating=\u00bboff\u00bb use_show_popup_review=\u00bboff\u00bb use_show_popup_image=\u00bboff\u00bb use_show_popup_company=\u00bboff\u00bb use_show_popup_name=\u00bboff\u00bb columns=\u00bb2&#8243; container_padding=\u00bb30px|30px|30px|30px|false|false\u00bb loop=\u00bbon\u00bb navigation=\u00bbon\u00bb pagination=\u00bbon\u00bb use_navi_prev_icon=\u00bbon\u00bb navi_prev_icon=\u00bb&#x34;||divi||400&#8243; use_navi_next_icon=\u00bbon\u00bb navi_next_icon=\u00bb&#x35;||divi||400&#8243; pagi_position=\u00bb10&#8243; pagi_color=\u00bbrgba(0,7,73,0.6)\u00bb columns_tablet=\u00bb1&#8243; columns_phone=\u00bb1&#8243; columns_last_edited=\u00bbon|phone\u00bb navi_position_left_tablet=\u00bb-30&#8243; navi_position_left_phone=\u00bb-18&#8243; navi_position_left_last_edited=\u00bbon|tablet\u00bb navi_position_right_tablet=\u00bb-30&#8243; navi_position_right_phone=\u00bb-18&#8243; navi_position_right_last_edited=\u00bbon|phone\u00bb _builder_version=\u00bb4.27.5&#8243; _module_preset=\u00bbdefault\u00bb testimonial_text_font=\u00bb||on||||||\u00bb testimonial_text_font_size=\u00bb1.5rem\u00bb testimonial_text_line_height=\u00bb1.35em\u00bb locked=\u00bboff\u00bb global_colors_info=\u00bb{}\u00bb][\/dipi_testimonial][\/et_pb_column][\/et_pb_row][\/et_pb_section][et_pb_section fb_built=\u00bb1&#8243; _builder_version=\u00bb4.27.4&#8243; _module_preset=\u00bbdefault\u00bb background_color=\u00bb#7FFFF6&#8243; custom_padding=\u00bb3rem||3rem||false|false\u00bb global_colors_info=\u00bb{}\u00bb][et_pb_row column_structure=\u00bb2_5,3_5&#8243; module_class=\u00bbmiddle\u00bb _builder_version=\u00bb4.27.4&#8243; _module_preset=\u00bbdefault\u00bb global_colors_info=\u00bb{}\u00bb][et_pb_column type=\u00bb2_5&#8243; _builder_version=\u00bb4.27.4&#8243; _module_preset=\u00bbdefault\u00bb global_colors_info=\u00bb{}\u00bb][et_pb_text _builder_version=\u00bb4.27.5&#8243; _module_preset=\u00bbdefault\u00bb global_colors_info=\u00bb{}\u00bb]<\/p>\n<h3>El AMP se prob\u00f3 con \u00e9xito en 2024 en colaboraci\u00f3n con:<\/h3>\n<p>[\/et_pb_text][\/et_pb_column][et_pb_column type=\u00bb3_5&#8243; _builder_version=\u00bb4.27.4&#8243; _module_preset=\u00bbdefault\u00bb global_colors_info=\u00bb{}\u00bb][dipi_masonry_gallery gallery_ids=\u00bb2394,2395&#8243; use_media_link=\u00bbon\u00bb columns=\u00bb2&#8243; columns_tablet=\u00bb2&#8243; columns_phone=\u00bb1&#8243; columns_last_edited=\u00bbon|tablet\u00bb _builder_version=\u00bb4.27.5&#8243; _module_preset=\u00bbdefault\u00bb custom_margin=\u00bb0px||||false|false\u00bb custom_padding=\u00bb||40px||false|false\u00bb global_colors_info=\u00bb{}\u00bb][\/dipi_masonry_gallery][\/et_pb_column][\/et_pb_row][\/et_pb_section][et_pb_section fb_built=\u00bb1&#8243; _builder_version=\u00bb4.27.4&#8243; _module_preset=\u00bbdefault\u00bb custom_padding=\u00bb3rem||3rem||false|false\u00bb global_colors_info=\u00bb{}\u00bb][et_pb_row column_structure=\u00bb1_2,1_2&#8243; module_class=\u00bbmiddle\u00bb _builder_version=\u00bb4.27.4&#8243; _module_preset=\u00bbdefault\u00bb global_colors_info=\u00bb{}\u00bb][et_pb_column type=\u00bb1_2&#8243; _builder_version=\u00bb4.27.4&#8243; _module_preset=\u00bbdefault\u00bb global_colors_info=\u00bb{}\u00bb][et_pb_image src=\u00bbhttps:\/\/irma.ac\/wp-content\/uploads\/2025\/11\/Vignette_PROJECT-REPORT-AMP-SAO-PAULO-2024-Public.jpg\u00bb title_text=\u00bbVi\u00f1eta_PROYECTO-INFORME-AMP-SAO-PAULO-2024-P\u00fablico\u00bb url=\u00bb@ET-DC@eyJkeW5hbWljIjp0cnVlLCJjb250ZW50IjoicG9zdF9saW5rX3VybF9hdHRhY2htZW50Iiwic2V0dGluZ3MiOnsicG9zdF9pZCI6IjI2MjEifX0=@\u00bb url_new_window=\u00bbon\u00bb module_class=\u00bbimage-cadre-var zoom-hover\u00bb _builder_version=\u00bb4.27.5&#8243; _dynamic_attributes=\u00bburl\u00bb _module_preset=\u00bbdefault\u00bb global_colors_info=\u00bb{}\u00bb][\/et_pb_image][\/et_pb_column][et_pb_column type=\u00bb1_2&#8243; _builder_version=\u00bb4.27.4&#8243; _module_preset=\u00bbdefault\u00bb global_colors_info=\u00bb{}\u00bb][et_pb_text _builder_version=\u00bb4.27.5&#8243; _module_preset=\u00bb20481be7-2273-4696-9762-3ac21d12901e\u00bb text_orientation_tablet=\u00bbcenter\u00bb text_orientation_phone=\u00bbcenter\u00bb text_orientation_last_edited=\u00bbon|phone\u00bb global_colors_info=\u00bb{}\u00bb]<\/p>\n<p>Informe sobre el proyecto piloto 2024 de AMP en S\u00e3o Paulo.<\/p>\n<p>[\/et_pb_text][\/et_pb_column][\/et_pb_row][et_pb_row _builder_version=\u00bb4.27.4&#8243; _module_preset=\u00bbdefault\u00bb custom_padding=\u00bb5rem||||false|false\u00bb global_colors_info=\u00bb{}\u00bb][et_pb_column type=\u00bb4_4&#8243; _builder_version=\u00bb4.27.4&#8243; _module_preset=\u00bbdefault\u00bb global_colors_info=\u00bb{}\u00bb][et_pb_text _builder_version=\u00bb4.27.5&#8243; _module_preset=\u00bbdefault\u00bb header_4_text_align=\u00bbcenter\u00bb header_4_font_size=\u00bb2.2vh\u00bb hover_enabled=\u00bb0&#8243; global_colors_info=\u00bb{}\u00bb sticky_enabled=\u00bb0&#8243;]<\/p>\n<p>&nbsp;<\/p>\n<h4>Conoce el proyecto piloto y sus productos finales.<\/h4>\n<p>[\/et_pb_text][et_pb_button button_url=\u00bb@ET-DC@eyJkeW5hbWljIjp0cnVlLCJjb250ZW50IjoicG9zdF9saW5rX3VybF9wYWdlIiwic2V0dGluZ3MiOnsicG9zdF9pZCI6IjUxOCJ9fQ==@\u00bb button_text=\u00bbConsulta\u00bb button_alignment=\u00bbcenter\u00bb _builder_version=\u00bb4.27.4&#8243; _dynamic_attributes=\u00bbbutton_url\u00bb _module_preset=\u00bb090a9174-c0ce-4f3a-9897-8c3a69069ef9&#8243; global_colors_info=\u00bb{}\u00bb][\/et_pb_button][\/et_pb_column][\/et_pb_row][\/et_pb_section]<\/p>\n","protected":false},"excerpt":{"rendered":"<p>AMP: Amplificando las perspectivas de quienes hacen m\u00fasicaLas escuelas de m\u00fasica pueden transformar vidas. Forman a las y los guardianes de la cultura en todo el mundo. Adem\u00e1s de m\u00fasica, ofrecen a las y los estudiantes espacios seguros donde forjar nuevas perspectivas, amistades y habilidades sociales. Pero cuando las personas que hacen m\u00fasica se incorporan [&hellip;]<\/p>\n","protected":false},"author":1,"featured_media":0,"parent":3441,"menu_order":0,"comment_status":"closed","ping_status":"closed","template":"","meta":{"_et_pb_use_builder":"on","_et_pb_old_content":"","_et_gb_content_width":"","footnotes":""},"dipi_cpt_category":[],"class_list":["post-3486","page","type-page","status-publish","hentry"],"_links":{"self":[{"href":"https:\/\/irma.ac\/es\/wp-json\/wp\/v2\/pages\/3486","targetHints":{"allow":["GET"]}}],"collection":[{"href":"https:\/\/irma.ac\/es\/wp-json\/wp\/v2\/pages"}],"about":[{"href":"https:\/\/irma.ac\/es\/wp-json\/wp\/v2\/types\/page"}],"author":[{"embeddable":true,"href":"https:\/\/irma.ac\/es\/wp-json\/wp\/v2\/users\/1"}],"replies":[{"embeddable":true,"href":"https:\/\/irma.ac\/es\/wp-json\/wp\/v2\/comments?post=3486"}],"version-history":[{"count":14,"href":"https:\/\/irma.ac\/es\/wp-json\/wp\/v2\/pages\/3486\/revisions"}],"predecessor-version":[{"id":4865,"href":"https:\/\/irma.ac\/es\/wp-json\/wp\/v2\/pages\/3486\/revisions\/4865"}],"up":[{"embeddable":true,"href":"https:\/\/irma.ac\/es\/wp-json\/wp\/v2\/pages\/3441"}],"wp:attachment":[{"href":"https:\/\/irma.ac\/es\/wp-json\/wp\/v2\/media?parent=3486"}],"wp:term":[{"taxonomy":"dipi_cpt_category","embeddable":true,"href":"https:\/\/irma.ac\/es\/wp-json\/wp\/v2\/dipi_cpt_category?post=3486"}],"curies":[{"name":"wp","href":"https:\/\/api.w.org\/{rel}","templated":true}]}}