{"id":3474,"date":"2025-08-11T11:05:04","date_gmt":"2025-08-11T09:05:04","guid":{"rendered":"https:\/\/irma.ac\/nuestro-trabajo\/reflexiones-colectivas\/"},"modified":"2025-12-18T17:40:12","modified_gmt":"2025-12-18T16:40:12","slug":"reflexiones-colectivas","status":"publish","type":"page","link":"https:\/\/irma.ac\/es\/nuestro-trabajo\/reflexiones-colectivas\/","title":{"rendered":"Reflexiones Colectivas"},"content":{"rendered":"<p>[et_pb_section fb_built=\u00bb1&#8243; _builder_version=\u00bb4.27.4&#8243; _module_preset=\u00bbdefault\u00bb custom_margin=\u00bb2rem||3rem||false|false\u00bb global_colors_info=\u00bb{}\u00bb][et_pb_row column_structure=\u00bb2_5,3_5&#8243; _builder_version=\u00bb4.27.4&#8243; _module_preset=\u00bbdefault\u00bb custom_margin=\u00bb||||false|false\u00bb custom_padding=\u00bb||3rem||false|false\u00bb global_colors_info=\u00bb{}\u00bb][et_pb_column type=\u00bb2_5&#8243; _builder_version=\u00bb4.27.4&#8243; _module_preset=\u00bbdefault\u00bb global_colors_info=\u00bb{}\u00bb][et_pb_text _builder_version=\u00bb4.27.4&#8243; _module_preset=\u00bbdefault\u00bb global_colors_info=\u00bb{}\u00bb]<\/p>\n<h1>\u00bfQu\u00e9 papel deben desempe\u00f1ar l@s m\u00fasic@s en un mundo en crisis?<\/h1>\n<p>[\/et_pb_text][\/et_pb_column][et_pb_column type=\u00bb3_5&#8243; _builder_version=\u00bb4.27.4&#8243; _module_preset=\u00bbdefault\u00bb global_colors_info=\u00bb{}\u00bb][et_pb_text _builder_version=\u00bb4.27.4&#8243; _module_preset=\u00bbdefault\u00bb global_colors_info=\u00bb{}\u00bb]<\/p>\n<p>Creemos que l@s artistas son capaces de impulsar cambios positivos. En los tiempos actuales, cada vez m\u00e1s complejos, interconectados y desafiantes, no podemos permitirnos ignorar sus rica fuente de inspiraci\u00f3n. Por ello, organizamos talleres participativos en los que movilizamos la inteligencia y creatividad colectivas de l@s m\u00fasic@s en busca de respuestas a algunas de las crisis m\u00e1s acuciantes del mundo.  <\/p>\n<p>Los talleres participativos se organizan en dos partes. La primera consiste en una mesa redonda, en la que se presentan ejemplos existentes de iniciativas o acciones de m\u00fasic@s sobre temas seleccionados, incluso de artistas locales. El objetivo es inspirar a l@s participantes para que imaginen iniciativas con un gran potencial de impacto social.  <\/p>\n<p>A continuaci\u00f3n, se invita a l@s participantes a trabajar en grupos para desarrollar estrategias concretas utilizando una metodolog\u00eda de Design Thinking. Este enfoque fomenta la generaci\u00f3n de ideas innovadoras, la selecci\u00f3n de soluciones pertinentes y su mejora. M\u00e1s all\u00e1 de los resultados directos que produce, esta t\u00e9cnica es valiosa para que l@s artistas desarrollen nuevas ideas, independientemente del tema. A continuaci\u00f3n, los grupos comparten sus conclusiones en una sesi\u00f3n plenaria.   <\/p>\n<p>Por \u00faltimo, los resultados de estas reflexiones colectivas se agregan, analizan y publican. El primer acto de esta serie tuvo lugar en L&#8217;Interlope (Case \u00e0 Chocs, Neuch\u00e2tel) en 2024. <\/p>\n<p>[\/et_pb_text][\/et_pb_column][\/et_pb_row][\/et_pb_section][et_pb_section fb_built=\u00bb1&#8243; _builder_version=\u00bb4.27.4&#8243; _module_preset=\u00bbdefault\u00bb background_color=\u00bb#7FFFF6&#8243; custom_margin=\u00bb||||false|false\u00bb custom_padding=\u00bb||0px||false|false\u00bb hover_enabled=\u00bb0&#8243; global_colors_info=\u00bb{}\u00bb sticky_enabled=\u00bb0&#8243;][et_pb_row column_structure=\u00bb1_2,1_2&#8243; disabled_on=\u00bboff|off|off\u00bb admin_label=\u00bbTodas las versiones\u00bb _builder_version=\u00bb4.27.5&#8243; _module_preset=\u00bbdefault\u00bb custom_margin=\u00bb||3rem||false|false\u00bb custom_padding=\u00bb||||false|false\u00bb hover_enabled=\u00bb0&#8243; global_colors_info=\u00bb{}\u00bb sticky_enabled=\u00bb0&#8243;][et_pb_column type=\u00bb1_2&#8243; _builder_version=\u00bb4.27.4&#8243; _module_preset=\u00bbdefault\u00bb global_colors_info=\u00bb{}\u00bb][et_pb_image src=\u00bbhttps:\/\/irma.ac\/wp-content\/uploads\/2025\/10\/Vignette_Reflexions-Collectives-Neuchatel.jpg\u00bb title_text=\u00bbVi\u00f1eta_Reflexiones-Colectivos-Neuchatel\u00bb url=\u00bb@ET-DC@eyJkeW5hbWljIjp0cnVlLCJjb250ZW50IjoicG9zdF9saW5rX3VybF9hdHRhY2htZW50Iiwic2V0dGluZ3MiOnsicG9zdF9pZCI6IjI1NDIifX0=@\u00bb module_class=\u00bbimage-cadre-var zoom-hover\u00bb _builder_version=\u00bb4.27.4&#8243; _dynamic_attributes=\u00bburl\u00bb _module_preset=\u00bbdefault\u00bb custom_margin=\u00bb2rem||||false|false\u00bb global_colors_info=\u00bb{}\u00bb][\/et_pb_image][\/et_pb_column][et_pb_column type=\u00bb1_2&#8243; _builder_version=\u00bb4.27.4&#8243; _module_preset=\u00bbdefault\u00bb global_colors_info=\u00bb{}\u00bb][et_pb_text _builder_version=\u00bb4.27.5&#8243; _module_preset=\u00bbdefault\u00bb text_orientation=\u00bbcenter\u00bb custom_margin=\u00bb80px||||false|false\u00bb hover_enabled=\u00bb0&#8243; text_orientation_last_edited=\u00bboff|desktop\u00bb global_colors_info=\u00bb{}\u00bb sticky_enabled=\u00bb0&#8243;]<\/p>\n<p style=\"text-align: left;\">Sus resultados est\u00e1n disponibles en un informe del evento (s\u00f3lo en franc\u00e9s &#8211; haz clic en la imagen). El proyecto cont\u00f3 con el apoyo del Cant\u00f3n de Neuch\u00e2tel en el marco de su programa <a href=\"https:\/\/www.ne.ch\/autorites\/DECS\/Pages\/Programme-vivre-ensemble.aspx\">Vivir Junt@s<\/a>. <\/p>\n<p>[\/et_pb_text][et_pb_image src=\u00bbhttps:\/\/irma.ac\/wp-content\/uploads\/2025\/11\/logo_Etat-NE.svg\u00bb title_text=\u00bblogo_Etat-NE\u00bb align=\u00bbcenter\u00bb _builder_version=\u00bb4.27.5&#8243; _module_preset=\u00bbdefault\u00bb width=\u00bb40%\u00bb module_alignment=\u00bbcenter\u00bb global_colors_info=\u00bb{}\u00bb][\/et_pb_image][\/et_pb_column][\/et_pb_row][et_pb_row module_class=\u00bbimage-cadre\u00bb _builder_version=\u00bb4.27.5&#8243; _module_preset=\u00bbdefault\u00bb width=\u00bb95%\u00bb width_tablet=\u00bb75%\u00bb width_phone=\u00bb98%\u00bb width_last_edited=\u00bbon|phone\u00bb module_alignment=\u00bbright\u00bb custom_padding=\u00bb0px||0px||false|false\u00bb global_colors_info=\u00bb{}\u00bb][et_pb_column type=\u00bb4_4&#8243; _builder_version=\u00bb4.27.4&#8243; _module_preset=\u00bbdefault\u00bb global_colors_info=\u00bb{}\u00bb][et_pb_image src=\u00bbhttps:\/\/irma.ac\/wp-content\/uploads\/2025\/11\/Activities-Collective-Reflections.jpg\u00bb title_text=\u00bbActividades &#8211; Reflexiones Colectivas\u00bb align=\u00bbcenter\u00bb force_fullwidth=\u00bbon\u00bb _builder_version=\u00bb4.27.5&#8243; _module_preset=\u00bbdefault\u00bb global_colors_info=\u00bb{}\u00bb][\/et_pb_image][\/et_pb_column][\/et_pb_row][\/et_pb_section]<\/p>\n","protected":false},"excerpt":{"rendered":"<p>\u00bfQu\u00e9 papel deben desempe\u00f1ar l@s m\u00fasic@s en un mundo en crisis?Creemos que l@s artistas son capaces de impulsar cambios positivos. En los tiempos actuales, cada vez m\u00e1s complejos, interconectados y desafiantes, no podemos permitirnos ignorar sus rica fuente de inspiraci\u00f3n. Por ello, organizamos talleres participativos en los que movilizamos la inteligencia y creatividad colectivas de [&hellip;]<\/p>\n","protected":false},"author":1,"featured_media":0,"parent":3441,"menu_order":0,"comment_status":"closed","ping_status":"closed","template":"","meta":{"_et_pb_use_builder":"on","_et_pb_old_content":"","_et_gb_content_width":"","footnotes":""},"dipi_cpt_category":[],"class_list":["post-3474","page","type-page","status-publish","hentry"],"_links":{"self":[{"href":"https:\/\/irma.ac\/es\/wp-json\/wp\/v2\/pages\/3474","targetHints":{"allow":["GET"]}}],"collection":[{"href":"https:\/\/irma.ac\/es\/wp-json\/wp\/v2\/pages"}],"about":[{"href":"https:\/\/irma.ac\/es\/wp-json\/wp\/v2\/types\/page"}],"author":[{"embeddable":true,"href":"https:\/\/irma.ac\/es\/wp-json\/wp\/v2\/users\/1"}],"replies":[{"embeddable":true,"href":"https:\/\/irma.ac\/es\/wp-json\/wp\/v2\/comments?post=3474"}],"version-history":[{"count":16,"href":"https:\/\/irma.ac\/es\/wp-json\/wp\/v2\/pages\/3474\/revisions"}],"predecessor-version":[{"id":3893,"href":"https:\/\/irma.ac\/es\/wp-json\/wp\/v2\/pages\/3474\/revisions\/3893"}],"up":[{"embeddable":true,"href":"https:\/\/irma.ac\/es\/wp-json\/wp\/v2\/pages\/3441"}],"wp:attachment":[{"href":"https:\/\/irma.ac\/es\/wp-json\/wp\/v2\/media?parent=3474"}],"wp:term":[{"taxonomy":"dipi_cpt_category","embeddable":true,"href":"https:\/\/irma.ac\/es\/wp-json\/wp\/v2\/dipi_cpt_category?post=3474"}],"curies":[{"name":"wp","href":"https:\/\/api.w.org\/{rel}","templated":true}]}}