{"id":3441,"date":"2025-07-17T14:24:23","date_gmt":"2025-07-17T12:24:23","guid":{"rendered":"https:\/\/irma.ac\/nuestro-trabajo\/"},"modified":"2026-01-14T18:06:31","modified_gmt":"2026-01-14T17:06:31","slug":"nuestro-trabajo","status":"publish","type":"page","link":"https:\/\/irma.ac\/es\/nuestro-trabajo\/","title":{"rendered":"Nuestro trabajo"},"content":{"rendered":"<p>[et_pb_section fb_built=\u00bb1&#8243; admin_label=\u00bbOur work\u00bb _builder_version=\u00bb4.27.4&#8243; _module_preset=\u00bbdefault\u00bb custom_margin=\u00bb2rem||||false|false\u00bb collapsed=\u00bboff\u00bb global_colors_info=\u00bb{}\u00bb][et_pb_row _builder_version=\u00bb4.27.4&#8243; _module_preset=\u00bbdefault\u00bb global_colors_info=\u00bb{}\u00bb][et_pb_column type=\u00bb4_4&#8243; _builder_version=\u00bb4.27.4&#8243; _module_preset=\u00bbdefault\u00bb global_colors_info=\u00bb{}\u00bb][et_pb_text _builder_version=\u00bb4.27.4&#8243; _module_preset=\u00bbdefault\u00bb global_colors_info=\u00bb{}\u00bb]<\/p>\n<h1>Nuestro trabajo<\/h1>\n<p>[\/et_pb_text][\/et_pb_column][\/et_pb_row][\/et_pb_section][et_pb_section fb_built=\u00bb1&#8243; admin_label=\u00bbOur work &#8211; projects\u00bb _builder_version=\u00bb4.27.4&#8243; _module_preset=\u00bbdefault\u00bb custom_padding=\u00bb2rem||||false|false\u00bb collapsed=\u00bboff\u00bb global_colors_info=\u00bb{}\u00bb][et_pb_row column_structure=\u00bb3_5,2_5&#8243; admin_label=\u00bbEl Instituto Baccarelli\u00bb module_class=\u00bbmiddle\u00bb _builder_version=\u00bb4.27.4&#8243; _module_preset=\u00bbdefault\u00bb positioning=\u00bbnone\u00bb position_origin_a=\u00bbcenter_center\u00bb position_origin_a_tablet=\u00bbcenter_center\u00bb position_origin_a_phone=\u00bbcenter_center\u00bb position_origin_a_last_edited=\u00bbon|desktop\u00bb position_origin_f_tablet=\u00bb\u00bb position_origin_f_phone=\u00bb\u00bb position_origin_f_last_edited=\u00bbon|desktop\u00bb position_origin_r_tablet=\u00bb\u00bb position_origin_r_phone=\u00bb\u00bb position_origin_r_last_edited=\u00bbon|desktop\u00bb custom_margin=\u00bb||4rem||false|false\u00bb custom_padding=\u00bb0px||||false|false\u00bb positioning_tablet=\u00bbnone\u00bb positioning_phone=\u00bbnone\u00bb positioning_last_edited=\u00bbon|phone\u00bb global_colors_info=\u00bb{}\u00bb][et_pb_column type=\u00bb3_5&#8243; _builder_version=\u00bb4.27.4&#8243; _module_preset=\u00bbdefault\u00bb global_colors_info=\u00bb{}\u00bb][et_pb_image src=\u00bbhttps:\/\/irma.ac\/wp-content\/uploads\/2025\/09\/Homepage_01-Baccarelli_m.jpg\u00bb title_text=\u00bbP\u00e1gina de inicio_01-Baccarelli_m\u00bb url=\u00bb@ET-DC@eyJkeW5hbWljIjp0cnVlLCJjb250ZW50IjoicG9zdF9saW5rX3VybF9wYWdlIiwic2V0dGluZ3MiOnsicG9zdF9pZCI6IjI3OTUifX0=@\u00bb show_bottom_space=\u00bboff\u00bb module_class=\u00bbimage-cadre-var zoom-hover\u00bb _builder_version=\u00bb4.27.4&#8243; _dynamic_attributes=\u00bburl\u00bb _module_preset=\u00bbdefault\u00bb custom_margin=\u00bb||0px||false|false\u00bb custom_padding=\u00bb0px||||false|false\u00bb global_colors_info=\u00bb{}\u00bb][\/et_pb_image][\/et_pb_column][et_pb_column type=\u00bb2_5&#8243; _builder_version=\u00bb4.27.4&#8243; _module_preset=\u00bbdefault\u00bb global_colors_info=\u00bb{}\u00bb][et_pb_text _builder_version=\u00bb4.27.4&#8243; _module_preset=\u00bbdefault\u00bb global_colors_info=\u00bb{}\u00bb]<\/p>\n<h2>NUESTRO PROYECTO PRINCIPAL: AMP<\/h2>\n<p>Miles de personas se grad\u00faan cada a\u00f1o en escuelas de m\u00fasica con sue\u00f1os profesionales. Sin embargo, muchas carecen de los conocimientos esenciales de producci\u00f3n y gesti\u00f3n necesarios para prosperar en una industria saturada. <\/p>\n<p>Nuestro proyecto <strong>AMP<\/strong> surge como respuesta a este desaf\u00edo. Es un programa de desarrollo de capacidades que brinda a las personas aspirantes a dedicarse profesionalmente a la m\u00fasica las herramientas necesarias para producir, publicar y promocionar su trabajo. <strong>AMP<\/strong> fortalece la educaci\u00f3n musical, ampl\u00eda las perspectivas profesionales y contribuye a la conservaci\u00f3n cultural. <\/p>\n<p>[\/et_pb_text][et_pb_button button_url=\u00bb@ET-DC@eyJkeW5hbWljIjp0cnVlLCJjb250ZW50IjoicG9zdF9saW5rX3VybF9wYWdlIiwic2V0dGluZ3MiOnsicG9zdF9pZCI6IjI3OTUifX0=@\u00bb button_text=\u00bbSaber m\u00e1s\u00bb _builder_version=\u00bb4.27.4&#8243; _dynamic_attributes=\u00bbbutton_url\u00bb _module_preset=\u00bb090a9174-c0ce-4f3a-9897-8c3a69069ef9&#8243; custom_margin=\u00bb||2rem||false|false\u00bb global_colors_info=\u00bb{}\u00bb button_bg_color__hover_enabled=\u00bbon|hover\u00bb button_text_color__hover_enabled=\u00bbon|hover\u00bb][\/et_pb_button][\/et_pb_column][\/et_pb_row][et_pb_row column_structure=\u00bb2_5,3_5&#8243; admin_label=\u00bbCasa dos Curumins\u00bb module_class=\u00bbmiddle reverse\u00bb _builder_version=\u00bb4.27.5&#8243; _module_preset=\u00bbdefault\u00bb positioning=\u00bbnone\u00bb position_origin_a=\u00bbcenter_center\u00bb position_origin_a_tablet=\u00bbcenter_center\u00bb position_origin_a_phone=\u00bbcenter_center\u00bb position_origin_a_last_edited=\u00bbon|desktop\u00bb position_origin_f_tablet=\u00bb\u00bb position_origin_f_phone=\u00bb\u00bb position_origin_f_last_edited=\u00bbon|desktop\u00bb position_origin_r_tablet=\u00bb\u00bb position_origin_r_phone=\u00bb\u00bb position_origin_r_last_edited=\u00bbon|desktop\u00bb custom_margin=\u00bb||4rem||false|false\u00bb custom_padding=\u00bb0px||||false|false\u00bb animation_style=\u00bbslide\u00bb animation_direction=\u00bbbottom\u00bb positioning_tablet=\u00bbnone\u00bb positioning_phone=\u00bbnone\u00bb positioning_last_edited=\u00bbon|desktop\u00bb global_colors_info=\u00bb{}\u00bb][et_pb_column type=\u00bb2_5&#8243; _builder_version=\u00bb4.27.4&#8243; _module_preset=\u00bbdefault\u00bb global_colors_info=\u00bb{}\u00bb][et_pb_text _builder_version=\u00bb4.27.5&#8243; _module_preset=\u00bbdefault\u00bb global_colors_info=\u00bb{}\u00bb]<\/p>\n<h2>REFLEXIONES COLECTIVAS<\/h2>\n<h3>\u00bfQU\u00c9 PAPEL DEBEN DESEMPE\u00d1AR QUIENES HACEN M\u00daSICA EN UN MUNDO EN CRISIS?<\/h3>\n<p>Las Reflexiones Colectivas son talleres en los que buscamos movilizar la inteligencia y la creatividad compartidas de las personas m\u00fasicas para identificar respuestas a las crisis mundiales. Iniciamos este proyecto porque creemos que las y los artistas son actores clave capaces de impulsar un cambio positivo, especialmente en un momento en que las tensiones globales y las vulneraciones de los derechos humanos alcanzan nuevos niveles. <\/p>\n<p>La primera edici\u00f3n de este evento tuvo lugar en Neuch\u00e2tel el 1 de diciembre de 2024, y las entradas se agotaron. Sus conclusiones est\u00e1n disponibles <a href=\"https:\/\/irma.ac\/wp-content\/uploads\/2025\/07\/Reflexions-Collectives-Neuchatel-2024-Rapport-final-public.pdf\" target=\"_blank\" rel=\"noopener\">en este informe<\/a> (s\u00f3lo en franc\u00e9s). <\/p>\n<p>[\/et_pb_text][et_pb_button button_url=\u00bb@ET-DC@eyJkeW5hbWljIjp0cnVlLCJjb250ZW50IjoicG9zdF9saW5rX3VybF9wYWdlIiwic2V0dGluZ3MiOnsicG9zdF9pZCI6IjEzMTIifX0=@\u00bb button_text=\u00bbSaber m\u00e1s\u00bb _builder_version=\u00bb4.27.4&#8243; _dynamic_attributes=\u00bbbutton_url\u00bb _module_preset=\u00bb090a9174-c0ce-4f3a-9897-8c3a69069ef9&#8243; custom_margin=\u00bb||||false|false\u00bb global_colors_info=\u00bb{}\u00bb button_bg_color__hover_enabled=\u00bbon|hover\u00bb button_border_color__hover_enabled=\u00bbon|desktop\u00bb][\/et_pb_button][\/et_pb_column][et_pb_column type=\u00bb3_5&#8243; _builder_version=\u00bb4.27.4&#8243; _module_preset=\u00bbdefault\u00bb global_colors_info=\u00bb{}\u00bb][et_pb_image src=\u00bbhttps:\/\/irma.ac\/wp-content\/uploads\/2025\/08\/Homepage-05-RC.jpg\u00bb title_text=\u00bbP\u00e1gina de inicio 05 &#8211; RC\u00bb url=\u00bb@ET-DC@eyJkeW5hbWljIjp0cnVlLCJjb250ZW50IjoicG9zdF9saW5rX3VybF9wYWdlIiwic2V0dGluZ3MiOnsicG9zdF9pZCI6IjEzMTIifX0=@\u00bb show_bottom_space=\u00bboff\u00bb module_class=\u00bbimage-cadre-var zoom-hover\u00bb _builder_version=\u00bb4.27.4&#8243; _dynamic_attributes=\u00bburl\u00bb _module_preset=\u00bbdefault\u00bb custom_margin=\u00bb||0px||false|false\u00bb custom_margin_tablet=\u00bb||0px||false|false\u00bb custom_margin_phone=\u00bb||2rem||false|false\u00bb custom_margin_last_edited=\u00bbon|phone\u00bb custom_padding=\u00bb0px||||false|false\u00bb global_colors_info=\u00bb{}\u00bb][\/et_pb_image][\/et_pb_column][\/et_pb_row][et_pb_row column_structure=\u00bb3_5,2_5&#8243; admin_label=\u00bbUniversidad de Manchester X Studio M\u00e9canique\u00bb module_class=\u00bbmiddle\u00bb _builder_version=\u00bb4.27.4&#8243; _module_preset=\u00bbdefault\u00bb positioning=\u00bbnone\u00bb position_origin_a=\u00bbcenter_center\u00bb position_origin_a_tablet=\u00bbcenter_center\u00bb position_origin_a_phone=\u00bbcenter_center\u00bb position_origin_a_last_edited=\u00bbon|desktop\u00bb position_origin_f_tablet=\u00bb\u00bb position_origin_f_phone=\u00bb\u00bb position_origin_f_last_edited=\u00bbon|desktop\u00bb position_origin_r_tablet=\u00bb\u00bb position_origin_r_phone=\u00bb\u00bb position_origin_r_last_edited=\u00bbon|desktop\u00bb custom_padding=\u00bb0px||||false|false\u00bb animation_style=\u00bbslide\u00bb animation_direction=\u00bbbottom\u00bb positioning_tablet=\u00bbnone\u00bb positioning_phone=\u00bbnone\u00bb positioning_last_edited=\u00bbon|phone\u00bb global_colors_info=\u00bb{}\u00bb][et_pb_column type=\u00bb3_5&#8243; _builder_version=\u00bb4.27.4&#8243; _module_preset=\u00bbdefault\u00bb global_colors_info=\u00bb{}\u00bb][et_pb_image src=\u00bbhttps:\/\/irma.ac\/wp-content\/uploads\/2025\/09\/Research-ITM-Medellin-scaled.jpeg\u00bb title_text=\u00bbInvestigaci\u00f3n &#8211; ITM Medell\u00edn\u00bb show_bottom_space=\u00bboff\u00bb module_class=\u00bbimage-cadre-var\u00bb _builder_version=\u00bb4.27.4&#8243; _module_preset=\u00bbdefault\u00bb custom_margin=\u00bb||0px||false|false\u00bb custom_padding=\u00bb0px||||false|false\u00bb global_colors_info=\u00bb{}\u00bb][\/et_pb_image][\/et_pb_column][et_pb_column type=\u00bb2_5&#8243; _builder_version=\u00bb4.27.4&#8243; _module_preset=\u00bbdefault\u00bb global_colors_info=\u00bb{}\u00bb][et_pb_text _builder_version=\u00bb4.27.5&#8243; _module_preset=\u00bbdefault\u00bb global_colors_info=\u00bb{}\u00bb]<\/p>\n<h2>Investigaci\u00f3n<\/h2>\n<p>Estudiamos el impacto de la m\u00fasica en la sociedad y presentamos nuestros hallazgos en distintos formatos y escenarios, en festivales, universidades, museos, etc.<\/p>\n<ul>\n<li>\u00daltimo estudio acad\u00e9mico: <a href=\"\/wp-content\/uploads\/2025\/09\/Fehlmann-J.-2025-IHEID-MAS-IR-Thesis-Executive-Summary.pdf\" target=\"_blank\" rel=\"noopener\">\u00bfPuede ser la educaci\u00f3n en producci\u00f3n musical un instrumento significativo para el desarrollo?<\/a><\/li>\n<li>Nos reunimos con el artista suizo <a href=\"https:\/\/arthur-henry.com\/\" target=\"_blank\" rel=\"noopener\">Arthur Henry<\/a> para hablar de su impresionante proyecto Sampling The World, que explora <a href=\"https:\/\/irma.ac\/wp-content\/uploads\/2025\/09\/Sampling-the-World-MJF-2024-202407173.pdf\" target=\"_blank\" rel=\"noopener\">c\u00f3mo los proyectos musicales pueden influir en la sociedad<\/a>, en el <a href=\"https:\/\/www.montreuxjazzfestival.com\/en\/workshop-by-mjaf-sampling-the-world-with-arthur-henry-julien-fehlmann-irma\/\" target=\"_blank\" rel=\"noopener\">Festival de Jazz de Montreux 2024<\/a>.<\/li>\n<li>Hemos tenido la suerte de intercambiar puntos de vista sobre m\u00fasica, producci\u00f3n musical y promoci\u00f3n en estimadas instituciones de educaci\u00f3n superior como <a href=\"https:\/\/www.itm.edu.co\/\" target=\"_blank\" rel=\"noopener\">el ITM de Medell\u00edn<\/a> y el <a href=\"https:\/\/www.graduateinstitute.ch\/\" target=\"_blank\" rel=\"noopener\">Instituto de Posgrado de Ginebra<\/a>.<\/li>\n<\/ul>\n<p>[\/et_pb_text][\/et_pb_column][\/et_pb_row][\/et_pb_section][et_pb_section fb_built=\u00bb1&#8243; admin_label=\u00bbCollaborations\u00bb _builder_version=\u00bb4.27.4&#8243; _module_preset=\u00bbdefault\u00bb background_color=\u00bb#7FFFF6&#8243; custom_margin=\u00bb2.4rem||||false|false\u00bb custom_padding=\u00bb3rem||3rem||false|false\u00bb collapsed=\u00bboff\u00bb global_colors_info=\u00bb{}\u00bb][et_pb_row admin_label=\u00bbt\u00edtulo\u00bb _builder_version=\u00bb4.27.4&#8243; _module_preset=\u00bbdefault\u00bb global_colors_info=\u00bb{}\u00bb][et_pb_column type=\u00bb4_4&#8243; _builder_version=\u00bb4.27.4&#8243; _module_preset=\u00bbdefault\u00bb global_colors_info=\u00bb{}\u00bb][et_pb_text _builder_version=\u00bb4.27.4&#8243; _module_preset=\u00bbdefault\u00bb custom_margin=\u00bb||2rem||false|false\u00bb global_colors_info=\u00bb{}\u00bb]<\/p>\n<h2>Colaboraciones<\/h2>\n<p>[\/et_pb_text][\/et_pb_column][\/et_pb_row][et_pb_row column_structure=\u00bb3_5,2_5&#8243; admin_label=\u00bbEscuchar el cambio clim\u00e1tico\u00bb module_class=\u00bbmiddle\u00bb _builder_version=\u00bb4.27.4&#8243; _module_preset=\u00bbdefault\u00bb positioning=\u00bbnone\u00bb position_origin_a=\u00bbcenter_center\u00bb position_origin_a_tablet=\u00bbcenter_center\u00bb position_origin_a_phone=\u00bbcenter_center\u00bb position_origin_a_last_edited=\u00bbon|desktop\u00bb position_origin_f_tablet=\u00bb\u00bb position_origin_f_phone=\u00bb\u00bb position_origin_f_last_edited=\u00bbon|desktop\u00bb position_origin_r_tablet=\u00bb\u00bb position_origin_r_phone=\u00bb\u00bb position_origin_r_last_edited=\u00bbon|desktop\u00bb custom_margin=\u00bb||4rem||false|false\u00bb custom_padding=\u00bb0px||||false|false\u00bb animation_style=\u00bbslide\u00bb animation_direction=\u00bbbottom\u00bb positioning_tablet=\u00bbnone\u00bb positioning_phone=\u00bbnone\u00bb positioning_last_edited=\u00bbon|phone\u00bb global_colors_info=\u00bb{}\u00bb][et_pb_column type=\u00bb3_5&#8243; _builder_version=\u00bb4.27.4&#8243; _module_preset=\u00bbdefault\u00bb global_colors_info=\u00bb{}\u00bb][et_pb_image src=\u00bbhttps:\/\/irma.ac\/wp-content\/uploads\/2025\/07\/peoplefest-01_orig.jpg\u00bb title_text=\u00bbpeoplefest-01_orig\u00bb show_bottom_space=\u00bboff\u00bb module_class=\u00bbimage-cadre-var\u00bb _builder_version=\u00bb4.27.4&#8243; _module_preset=\u00bbdefault\u00bb custom_margin=\u00bb||0px||false|false\u00bb custom_padding=\u00bb0px||||false|false\u00bb global_colors_info=\u00bb{}\u00bb][\/et_pb_image][\/et_pb_column][et_pb_column type=\u00bb2_5&#8243; _builder_version=\u00bb4.27.4&#8243; _module_preset=\u00bbdefault\u00bb global_colors_info=\u00bb{}\u00bb][et_pb_text _builder_version=\u00bb4.27.5&#8243; _module_preset=\u00bbdefault\u00bb global_colors_info=\u00bb{}\u00bb]<\/p>\n<h3>Escuchar el cambio clim\u00e1tico<\/h3>\n<p>Construimos instalaciones de audio para concienciar sobre el cambio clim\u00e1tico con el equipo de <a href=\"https:\/\/cucusonic.net\/\" target=\"_blank\" rel=\"noopener\">Cucusonic<\/a>. En 2024, presentamos una instalaci\u00f3n de audio inmersiva en el <a href=\"https:\/\/www.theasa.org\/conferences\/peoplefest\/programme#day-one\" target=\"_blank\" rel=\"noopener\">PeopleFest<\/a>, en colaboraci\u00f3n con el <a href=\"https:\/\/granadacentre.co.uk\/\" target=\"_blank\" rel=\"noopener\">Centro Granada de Antropolog\u00eda Visual <\/a>de la Universidad de Manchester. La obra reproduc\u00eda el sonido natural de una selva tropical colombiana y llev\u00f3 al p\u00fablico a experimentar la sonoridad de este h\u00e1bitat en peligro. Pretend\u00eda abrir debates sobre el cambio clim\u00e1tico y la p\u00e9rdida de biodiversidad.<\/p>\n<p>Este proyecto se llev\u00f3 a cabo en colaboraci\u00f3n con Alejandro Valencia Tob\u00f3n<a href=\"https:\/\/cucusonic.net\/\" target=\"_blank\" rel=\"noopener\">(Cucusonic<\/a>) y Rupert Cox, director del <a href=\"https:\/\/granadacentre.co.uk\/\" target=\"_blank\" rel=\"noopener\">Centro Granada de Antropolog\u00eda Visual<\/a>. <a href=\"https:\/\/studiomecanique.weebly.com\/\" target=\"_blank\" rel=\"noopener\">Studio M\u00e9canique<\/a> prest\u00f3 amablemente su infraestructura para finalizar nuestro trabajo art\u00edstico de audio.<\/p>\n<p>[\/et_pb_text][\/et_pb_column][\/et_pb_row][et_pb_row column_structure=\u00bb2_5,3_5&#8243; admin_label=\u00bbUni\u00f3n Creativa Mihr\u00bb module_class=\u00bbmiddle reverse\u00bb _builder_version=\u00bb4.27.4&#8243; _module_preset=\u00bbdefault\u00bb positioning=\u00bbnone\u00bb position_origin_a=\u00bbcenter_center\u00bb position_origin_a_tablet=\u00bbcenter_center\u00bb position_origin_a_phone=\u00bbcenter_center\u00bb position_origin_a_last_edited=\u00bbon|desktop\u00bb position_origin_f_tablet=\u00bb\u00bb position_origin_f_phone=\u00bb\u00bb position_origin_f_last_edited=\u00bbon|desktop\u00bb position_origin_r_tablet=\u00bb\u00bb position_origin_r_phone=\u00bb\u00bb position_origin_r_last_edited=\u00bbon|desktop\u00bb custom_margin=\u00bb||4rem||false|false\u00bb custom_padding=\u00bb0px||||false|false\u00bb animation_style=\u00bbslide\u00bb animation_direction=\u00bbbottom\u00bb positioning_tablet=\u00bbnone\u00bb positioning_phone=\u00bbnone\u00bb positioning_last_edited=\u00bbon|phone\u00bb global_colors_info=\u00bb{}\u00bb][et_pb_column type=\u00bb2_5&#8243; _builder_version=\u00bb4.27.4&#8243; _module_preset=\u00bbdefault\u00bb global_colors_info=\u00bb{}\u00bb][et_pb_text _builder_version=\u00bb4.27.5&#8243; _module_preset=\u00bbdefault\u00bb global_colors_info=\u00bb{}\u00bb]<\/p>\n<h3>Campamentos Creativos en Armenia<\/h3>\n<p>En 2023, apoyamos los campamentos creativos de verano de 10 d\u00edas organizados por la organizaci\u00f3n sin fines de lucro <a href=\"https:\/\/mihrtheatre.com\/\" target=\"_blank\" rel=\"noopener\">Mihr Creative Union<\/a> en Armenia, dirigidos a ni\u00f1as y ni\u00f1os afectados por la guerra. Durante el retiro, las y los participantes tomaron parte en actividades art\u00edsticas, cocinaron y exploraron las maravillas naturales del entorno, descubriendo nuevas formas de imaginar una vida alejada de las secuelas del conflicto.<\/p>\n<p>[\/et_pb_text][\/et_pb_column][et_pb_column type=\u00bb3_5&#8243; _builder_version=\u00bb4.27.4&#8243; _module_preset=\u00bbdefault\u00bb global_colors_info=\u00bb{}\u00bb][dipi_image_gallery thumb_horizontal_placement=\u00bbflex-end\u00bb thumbs_container_padding=\u00bb10px|10px||10px|false|false\u00bb thumbs_container_margin=\u00bb0px|0px||0px|false|false\u00bb enable_popup=\u00bbon\u00bb popup_animation=\u00bbzoom\u00bb module_class=\u00bbimage-cadre-var\u00bb _builder_version=\u00bb4.27.4&#8243; _module_preset=\u00bbdefault\u00bb custom_margin=\u00bb||||false|false\u00bb global_colors_info=\u00bb{}\u00bb][dipi_image_gallery_child item_image=\u00bbhttps:\/\/irma.ac\/wp-content\/uploads\/2025\/09\/06-Outdoor-Dining-2-scaled.jpeg\u00bb _builder_version=\u00bb4.27.4&#8243; _module_preset=\u00bbdefault\u00bb global_colors_info=\u00bb{}\u00bb][\/dipi_image_gallery_child][dipi_image_gallery_child item_image=\u00bbhttps:\/\/irma.ac\/wp-content\/uploads\/2025\/09\/05-Handiwork-scaled.jpeg\u00bb _builder_version=\u00bb4.27.4&#8243; _module_preset=\u00bbdefault\u00bb global_colors_info=\u00bb{}\u00bb][\/dipi_image_gallery_child][dipi_image_gallery_child item_image=\u00bbhttps:\/\/irma.ac\/wp-content\/uploads\/2025\/09\/04-Painting-2-scaled.jpeg\u00bb _builder_version=\u00bb4.27.4&#8243; _module_preset=\u00bbdefault\u00bb global_colors_info=\u00bb{}\u00bb][\/dipi_image_gallery_child][dipi_image_gallery_child item_image=\u00bbhttps:\/\/irma.ac\/wp-content\/uploads\/2025\/09\/03-Surroundings-scaled.jpeg\u00bb _builder_version=\u00bb4.27.4&#8243; _module_preset=\u00bbdefault\u00bb global_colors_info=\u00bb{}\u00bb][\/dipi_image_gallery_child][dipi_image_gallery_child item_image=\u00bbhttps:\/\/irma.ac\/wp-content\/uploads\/2025\/09\/02-Disguise-scaled.jpeg\u00bb _builder_version=\u00bb4.27.4&#8243; _module_preset=\u00bbdefault\u00bb global_colors_info=\u00bb{}\u00bb][\/dipi_image_gallery_child][dipi_image_gallery_child item_image=\u00bbhttps:\/\/irma.ac\/wp-content\/uploads\/2025\/09\/01-Dance-2-scaled.jpeg\u00bb _builder_version=\u00bb4.27.4&#8243; _module_preset=\u00bbdefault\u00bb global_colors_info=\u00bb{}\u00bb][\/dipi_image_gallery_child][\/dipi_image_gallery][\/et_pb_column][\/et_pb_row][et_pb_row column_structure=\u00bb3_5,2_5&#8243; admin_label=\u00bbUniversidad de Manchester X Studio M\u00e9canique\u00bb module_class=\u00bbmiddle\u00bb _builder_version=\u00bb4.27.4&#8243; _module_preset=\u00bbdefault\u00bb positioning=\u00bbnone\u00bb position_origin_a=\u00bbcenter_center\u00bb position_origin_a_tablet=\u00bbcenter_center\u00bb position_origin_a_phone=\u00bbcenter_center\u00bb position_origin_a_last_edited=\u00bbon|desktop\u00bb position_origin_f_tablet=\u00bb\u00bb position_origin_f_phone=\u00bb\u00bb position_origin_f_last_edited=\u00bbon|desktop\u00bb position_origin_r_tablet=\u00bb\u00bb position_origin_r_phone=\u00bb\u00bb position_origin_r_last_edited=\u00bbon|desktop\u00bb custom_padding=\u00bb0px||||false|false\u00bb animation_style=\u00bbslide\u00bb animation_direction=\u00bbbottom\u00bb positioning_tablet=\u00bbnone\u00bb positioning_phone=\u00bbnone\u00bb positioning_last_edited=\u00bbon|phone\u00bb global_colors_info=\u00bb{}\u00bb][et_pb_column type=\u00bb3_5&#8243; _builder_version=\u00bb4.27.4&#8243; _module_preset=\u00bbdefault\u00bb global_colors_info=\u00bb{}\u00bb][et_pb_image src=\u00bbhttps:\/\/irma.ac\/wp-content\/uploads\/2025\/09\/Collaboration-Studio-Plan.jpg\u00bb title_text=\u00bbColaboraci\u00f3n&#8212;Plano del Estudio\u00bb module_class=\u00bbimage-cadre-var \u00bb _builder_version=\u00bb4.27.4&#8243; _module_preset=\u00bbdefault\u00bb custom_margin=\u00bb||0px||false|false\u00bb custom_padding=\u00bb0px||||false|false\u00bb global_colors_info=\u00bb{}\u00bb][\/et_pb_image][\/et_pb_column][et_pb_column type=\u00bb2_5&#8243; _builder_version=\u00bb4.27.4&#8243; _module_preset=\u00bbdefault\u00bb global_colors_info=\u00bb{}\u00bb][et_pb_text _builder_version=\u00bb4.27.5&#8243; _module_preset=\u00bbdefault\u00bb global_colors_info=\u00bb{}\u00bb]<\/p>\n<h2>Apoyo a organizaciones afines<\/h2>\n<p>Apoyamos a organizaciones que trabajan por objetivos similares. Actualmente asesoramos la construcci\u00f3n de estudios de grabaci\u00f3n en distintas regiones del mundo junto con <a href=\"https:\/\/www.inplaceofwar.net\/projects\/hackmusic-catalyst-programme\" target=\"_blank\" rel=\"noopener\">In Place Of War<\/a>, como parte de su Programa #HackMusic. Tambi\u00e9n acompa\u00f1amos a j\u00f3venes m\u00fasicas y m\u00fasicos ucranianos que tuvieron que huir de su pa\u00eds con la <a href=\"https:\/\/www.johnsonstiftung.ch\/\" target=\"_blank\" rel=\"noopener\">Fundaci\u00f3n Stanley Thomas Johnson<\/a>, ayud\u00e1ndoles a establecerse en Suiza.  <\/p>\n<p>[\/et_pb_text][\/et_pb_column][\/et_pb_row][\/et_pb_section]<\/p>\n","protected":false},"excerpt":{"rendered":"<p>Nuestro trabajoNUESTRO PROYECTO PRINCIPAL: AMP Miles de personas se grad\u00faan cada a\u00f1o en escuelas de m\u00fasica con sue\u00f1os profesionales. Sin embargo, muchas carecen de los conocimientos esenciales de producci\u00f3n y gesti\u00f3n necesarios para prosperar en una industria saturada. Nuestro proyecto AMP surge como respuesta a este desaf\u00edo. Es un programa de desarrollo de capacidades que [&hellip;]<\/p>\n","protected":false},"author":1,"featured_media":0,"parent":0,"menu_order":0,"comment_status":"closed","ping_status":"closed","template":"","meta":{"_et_pb_use_builder":"on","_et_pb_old_content":"","_et_gb_content_width":"","footnotes":""},"dipi_cpt_category":[],"class_list":["post-3441","page","type-page","status-publish","hentry"],"_links":{"self":[{"href":"https:\/\/irma.ac\/es\/wp-json\/wp\/v2\/pages\/3441","targetHints":{"allow":["GET"]}}],"collection":[{"href":"https:\/\/irma.ac\/es\/wp-json\/wp\/v2\/pages"}],"about":[{"href":"https:\/\/irma.ac\/es\/wp-json\/wp\/v2\/types\/page"}],"author":[{"embeddable":true,"href":"https:\/\/irma.ac\/es\/wp-json\/wp\/v2\/users\/1"}],"replies":[{"embeddable":true,"href":"https:\/\/irma.ac\/es\/wp-json\/wp\/v2\/comments?post=3441"}],"version-history":[{"count":22,"href":"https:\/\/irma.ac\/es\/wp-json\/wp\/v2\/pages\/3441\/revisions"}],"predecessor-version":[{"id":4344,"href":"https:\/\/irma.ac\/es\/wp-json\/wp\/v2\/pages\/3441\/revisions\/4344"}],"wp:attachment":[{"href":"https:\/\/irma.ac\/es\/wp-json\/wp\/v2\/media?parent=3441"}],"wp:term":[{"taxonomy":"dipi_cpt_category","embeddable":true,"href":"https:\/\/irma.ac\/es\/wp-json\/wp\/v2\/dipi_cpt_category?post=3441"}],"curies":[{"name":"wp","href":"https:\/\/api.w.org\/{rel}","templated":true}]}}