{"id":3415,"date":"2025-06-17T13:07:26","date_gmt":"2025-06-17T11:07:26","guid":{"rendered":"https:\/\/irma.ac\/sobre-nosotros\/"},"modified":"2026-04-13T13:14:38","modified_gmt":"2026-04-13T11:14:38","slug":"sobre-nosotros","status":"publish","type":"page","link":"https:\/\/irma.ac\/es\/sobre-nosotros\/","title":{"rendered":"Sobre nosotros"},"content":{"rendered":"<p>[et_pb_section fb_built=\u00bb1&#8243; admin_label=\u00bbtitre\u00bb _builder_version=\u00bb4.27.4&#8243; _module_preset=\u00bbdefault\u00bb custom_margin=\u00bb2rem||||false|false\u00bb custom_padding=\u00bb||||false|false\u00bb global_colors_info=\u00bb{}\u00bb][et_pb_row _builder_version=\u00bb4.27.4&#8243; _module_preset=\u00bbdefault\u00bb global_colors_info=\u00bb{}\u00bb][et_pb_column type=\u00bb4_4&#8243; _builder_version=\u00bb4.27.4&#8243; _module_preset=\u00bbdefault\u00bb global_colors_info=\u00bb{}\u00bb][et_pb_text _builder_version=\u00bb4.27.4&#8243; _module_preset=\u00bbdefault\u00bb global_colors_info=\u00bb{}\u00bb]<\/p>\n<h1>Sobre nosotros<\/h1>\n<p>[\/et_pb_text][\/et_pb_column][\/et_pb_row][\/et_pb_section][et_pb_section fb_built=\u00bb1&#8243; custom_padding_last_edited=\u00bbon|phone\u00bb admin_label=\u00bbmission\/vision\/focus\u00bb _builder_version=\u00bb4.27.4&#8243; _module_preset=\u00bbdefault\u00bb custom_padding=\u00bb3rem||0px||false|false\u00bb custom_padding_tablet=\u00bb3rem||0px||false|false\u00bb custom_padding_phone=\u00bb1.5rem||||false|false\u00bb global_colors_info=\u00bb{}\u00bb][et_pb_row column_structure=\u00bb1_3,2_3&#8243; admin_label=\u00bbMisi\u00f3n\u00bb _builder_version=\u00bb4.27.4&#8243; _module_preset=\u00bbdefault\u00bb custom_margin=\u00bb||||false|false\u00bb custom_padding=\u00bb||6rem||false|false\u00bb global_colors_info=\u00bb{}\u00bb][et_pb_column type=\u00bb1_3&#8243; _builder_version=\u00bb4.27.4&#8243; _module_preset=\u00bbdefault\u00bb global_colors_info=\u00bb{}\u00bb][et_pb_text _builder_version=\u00bb4.27.4&#8243; _module_preset=\u00bb20481be7-2273-4696-9762-3ac21d12901e\u00bb header_2_text_align=\u00bbleft\u00bb text_orientation=\u00bbcenter\u00bb global_colors_info=\u00bb{}\u00bb]<\/p>\n<h2>Misi\u00f3n<\/h2>\n<p>[\/et_pb_text][\/et_pb_column][et_pb_column type=\u00bb2_3&#8243; _builder_version=\u00bb4.27.4&#8243; _module_preset=\u00bbdefault\u00bb global_colors_info=\u00bb{}\u00bb][et_pb_text _builder_version=\u00bb4.27.4&#8243; _module_preset=\u00bbdefault\u00bb global_colors_info=\u00bb{}\u00bb]<\/p>\n<p>Reconocemos que los privilegios est\u00e1n distribuidos de forma desigual en el mundo y actuamos en respuesta a ello. Movilizamos la m\u00fasica, el talento musical y la producci\u00f3n audiovisual en favor de una sociedad global m\u00e1s justa, con la convicci\u00f3n de que la creatividad puede inspirar un cambio social positivo.  Amplificamos el arte para ecualizar las oportunidades.<\/p>\n<p>[\/et_pb_text][\/et_pb_column][\/et_pb_row][et_pb_row column_structure=\u00bb1_3,2_3&#8243; admin_label=\u00bbVisi\u00f3n\u00bb _builder_version=\u00bb4.27.4&#8243; _module_preset=\u00bbdefault\u00bb custom_padding=\u00bb||6rem||false|false\u00bb global_colors_info=\u00bb{}\u00bb][et_pb_column type=\u00bb1_3&#8243; _builder_version=\u00bb4.27.4&#8243; _module_preset=\u00bbdefault\u00bb global_colors_info=\u00bb{}\u00bb][et_pb_text _builder_version=\u00bb4.27.4&#8243; _module_preset=\u00bb20481be7-2273-4696-9762-3ac21d12901e\u00bb header_2_text_align=\u00bbleft\u00bb text_orientation=\u00bbcenter\u00bb global_colors_info=\u00bb{}\u00bb]<\/p>\n<h2>Visi\u00f3n<\/h2>\n<p>[\/et_pb_text][\/et_pb_column][et_pb_column type=\u00bb2_3&#8243; _builder_version=\u00bb4.27.4&#8243; _module_preset=\u00bbdefault\u00bb global_colors_info=\u00bb{}\u00bb][et_pb_text _builder_version=\u00bb4.27.4&#8243; _module_preset=\u00bbdefault\u00bb global_colors_info=\u00bb{}\u00bb]<\/p>\n<p>Un mundo en el que las trayectorias vitales ya no est\u00e9n determinadas por el lugar de nacimiento ni por los recursos familiares, y en el que quienes cuentan con mayores recursos encuentren sentido en compartir con quienes tienen menos oportunidades. Creemos que artistas y personas creadoras son esenciales para inspirar y generar el cambio necesario para hacer realidad esta visi\u00f3n. <\/p>\n<p>[\/et_pb_text][\/et_pb_column][\/et_pb_row][et_pb_row column_structure=\u00bb1_3,2_3&#8243; admin_label=\u00bbEnfoque\u00bb _builder_version=\u00bb4.27.4&#8243; _module_preset=\u00bbdefault\u00bb custom_padding=\u00bb||6rem||false|false\u00bb global_colors_info=\u00bb{}\u00bb][et_pb_column type=\u00bb1_3&#8243; _builder_version=\u00bb4.27.4&#8243; _module_preset=\u00bbdefault\u00bb global_colors_info=\u00bb{}\u00bb][et_pb_text _builder_version=\u00bb4.27.4&#8243; _module_preset=\u00bb20481be7-2273-4696-9762-3ac21d12901e\u00bb header_2_text_align=\u00bbleft\u00bb text_orientation=\u00bbcenter\u00bb global_colors_info=\u00bb{}\u00bb]<\/p>\n<h2>Enfoque<\/h2>\n<p>[\/et_pb_text][\/et_pb_column][et_pb_column type=\u00bb2_3&#8243; _builder_version=\u00bb4.27.4&#8243; _module_preset=\u00bbdefault\u00bb global_colors_info=\u00bb{}\u00bb][et_pb_text _builder_version=\u00bb4.27.5&#8243; _module_preset=\u00bbdefault\u00bb hover_enabled=\u00bb0&#8243; global_colors_info=\u00bb{}\u00bb sticky_enabled=\u00bb0&#8243;]<\/p>\n<p>El trabajo de IRMA contribuye principalmente a los <a href=\"https:\/\/sdgs.un.org\/goals\" target=\"_blank\" rel=\"noopener\">Objetivos de Desarrollo Sostenible<\/a> (ODS) de las Naciones Unidas: 1 (Fin de la pobreza), 4 (Educaci\u00f3n de calidad), 8 (Trabajo decente y crecimiento econ\u00f3mico) y 10 (Reducci\u00f3n de las desigualdades).<\/p>\n<p>[\/et_pb_text][\/et_pb_column][\/et_pb_row][et_pb_row column_structure=\u00bb1_3,2_3&#8243; _builder_version=\u00bb4.27.4&#8243; _module_preset=\u00bbdefault\u00bb custom_padding=\u00bb||0px||false|false\u00bb global_colors_info=\u00bb{}\u00bb][et_pb_column type=\u00bb1_3&#8243; _builder_version=\u00bb4.27.4&#8243; _module_preset=\u00bbdefault\u00bb global_colors_info=\u00bb{}\u00bb][et_pb_text _builder_version=\u00bb4.27.4&#8243; _module_preset=\u00bb20481be7-2273-4696-9762-3ac21d12901e\u00bb header_2_text_align=\u00bbleft\u00bb text_orientation=\u00bbcenter\u00bb sticky_position=\u00bbtop\u00bb sticky_offset_top=\u00bb10rem\u00bb sticky_limit_bottom=\u00bbrow\u00bb sticky_position_tablet=\u00bbnone\u00bb sticky_position_phone=\u00bbnone\u00bb sticky_position_last_edited=\u00bbon|desktop\u00bb global_colors_info=\u00bb{}\u00bb]<\/p>\n<h2>Ethos<\/h2>\n<p>[\/et_pb_text][\/et_pb_column][et_pb_column type=\u00bb2_3&#8243; _builder_version=\u00bb4.27.4&#8243; _module_preset=\u00bbdefault\u00bb global_colors_info=\u00bb{}\u00bb][et_pb_text admin_label=\u00bbDiscernment\u00bb _builder_version=\u00bb4.27.4&#8243; _module_preset=\u00bbdefault\u00bb global_colors_info=\u00bb{}\u00bb]<\/p>\n<h3>Discernimiento<\/h3>\n<p>Creemos que la m\u00fasica y el arte pueden tener efectos positivos en las personas cuando se aplican de forma reflexiva. Las investigaciones demuestran que la m\u00fasica puede aliviar el dolor f\u00edsico, favorecer la salud mental, conectar a las comunidades y generar ingresos, entre otros beneficios. Pero la m\u00fasica y el arte tambi\u00e9n pueden utilizarse mal. Por eso siempre basamos nuestros proyectos en una investigaci\u00f3n cr\u00edtica y basada en pruebas.   <\/p>\n<p>[\/et_pb_text][et_pb_text admin_label=\u00bbIntegrity\u00bb _builder_version=\u00bb4.27.4&#8243; _module_preset=\u00bbdefault\u00bb global_colors_info=\u00bb{}\u00bb]<\/p>\n<h3>Integridad<\/h3>\n<p>Alineamos nuestras acciones con nuestra misi\u00f3n y valores, incluso cuando resulta dif\u00edcil o costoso. Somos transparentes sobre nuestras limitaciones, errores y procesos de aprendizaje. Evaluamos nuestro trabajo y reconocemos cuando no est\u00e1 a la altura de las expectativas, asumiendo la responsabilidad de mejorar. Nunca prometemos m\u00e1s de lo que podemos cumplir, ni nos atribuimos el m\u00e9rito de los \u00e9xitos de los dem\u00e1s.   <\/p>\n<p>[\/et_pb_text][et_pb_text admin_label=\u00bbOptimism\u00bb _builder_version=\u00bb4.27.4&#8243; _module_preset=\u00bbdefault\u00bb global_colors_info=\u00bb{}\u00bb]<\/p>\n<h3>Optimismo<\/h3>\n<p>Reconocemos que muchas comunidades se enfrentan a retos importantes, pero optamos por enfocar nuestro trabajo desde la posibilidad. No se trata de una esperanza ingenua. Es un compromiso deliberado de creer que es posible lograr un cambio significativo. Creemos que aportar positividad a nuestro trabajo mejora tanto la experiencia como los resultados.   <\/p>\n<p>[\/et_pb_text][et_pb_text admin_label=\u00bbSelflessness\u00bb _builder_version=\u00bb4.27.4&#8243; _module_preset=\u00bbdefault\u00bb global_colors_info=\u00bb{}\u00bb]<\/p>\n<h3>Altruismo<\/h3>\n<p>Nuestro trabajo y nuestras acciones est\u00e1n guiados por las personas a las que queremos servir. No pensamos por las personas, sino que primero las escuchamos. Despu\u00e9s, examinamos cuidadosamente las posibilidades, los impactos potenciales y los riesgos. S\u00f3lo procedemos si podemos estimar con seguridad que nuestro trabajo generar\u00e1 resultados positivos significativos sin causar da\u00f1os. En resumen, actuamos s\u00f3lo cuando se nos pide y cuando es demostrablemente apropiado.    <\/p>\n<p>[\/et_pb_text][\/et_pb_column][\/et_pb_row][et_pb_row _builder_version=\u00bb4.27.4&#8243; _module_preset=\u00bbdefault\u00bb width=\u00bb75%\u00bb width_tablet=\u00bb75%\u00bb width_phone=\u00bb98%\u00bb width_last_edited=\u00bbon|phone\u00bb module_alignment=\u00bbright\u00bb custom_margin=\u00bb7rem||||false|false\u00bb custom_margin_tablet=\u00bb7rem||||false|false\u00bb custom_margin_phone=\u00bb5rem||||false|false\u00bb custom_margin_last_edited=\u00bbon|phone\u00bb custom_padding=\u00bb0px||0px||false|false\u00bb global_colors_info=\u00bb{}\u00bb][et_pb_column type=\u00bb4_4&#8243; _builder_version=\u00bb4.27.4&#8243; _module_preset=\u00bbdefault\u00bb global_colors_info=\u00bb{}\u00bb][et_pb_image src=\u00bbhttps:\/\/irma.ac\/wp-content\/uploads\/2025\/09\/About-Us-02-AMP-at-Baccarelli.jpg\u00bb title_text=\u00bbAbout-Us-02&#8212;AMP-at-Baccarelli\u00bb force_fullwidth=\u00bbon\u00bb module_class=\u00bbimage-cadre\u00bb _builder_version=\u00bb4.27.4&#8243; _module_preset=\u00bbdefault\u00bb global_colors_info=\u00bb{}\u00bb][\/et_pb_image][\/et_pb_column][\/et_pb_row][\/et_pb_section][et_pb_section fb_built=\u00bb1&#8243; admin_label=\u00bbEquipe\u00bb _builder_version=\u00bb4.27.4&#8243; _module_preset=\u00bbdefault\u00bb background_color=\u00bb#7FFFF6&#8243; custom_padding=\u00bb5rem||2rem||false|false\u00bb collapsed=\u00bboff\u00bb global_colors_info=\u00bb{}\u00bb][et_pb_row _builder_version=\u00bb4.27.4&#8243; _module_preset=\u00bbdefault\u00bb global_colors_info=\u00bb{}\u00bb][et_pb_column type=\u00bb4_4&#8243; _builder_version=\u00bb4.27.4&#8243; _module_preset=\u00bbdefault\u00bb global_colors_info=\u00bb{}\u00bb][et_pb_text _builder_version=\u00bb4.27.4&#8243; _module_preset=\u00bbdefault\u00bb global_colors_info=\u00bb{}\u00bb]<\/p>\n<h2>Comit\u00e9<\/h2>\n<p>[\/et_pb_text][\/et_pb_column][\/et_pb_row][et_pb_row _builder_version=\u00bb4.27.4&#8243; _module_preset=\u00bbdefault\u00bb custom_margin=\u00bb||||false|false\u00bb custom_padding=\u00bb0px||||false|false\u00bb global_colors_info=\u00bb{}\u00bb][et_pb_column type=\u00bb4_4&#8243; _builder_version=\u00bb4.27.4&#8243; _module_preset=\u00bbdefault\u00bb global_colors_info=\u00bb{}\u00bb][et_pb_text _builder_version=\u00bb4.27.4&#8243; _module_preset=\u00bbdefault\u00bb global_colors_info=\u00bb{}\u00bb]<\/p>\n<h4>Presidente<\/h4>\n<p><strong>Stefanie Sch\u00fcpbach<br \/><\/strong>Directora Adjunta del Foro Pol\u00edtico de Berna y ex Directora General del Festival de Cine de Soleura. Es licenciada en Administraci\u00f3n de Empresas e Historia del Arte por la Universidad de Berna. <\/p>\n<p>[\/et_pb_text][et_pb_text _builder_version=\u00bb4.27.4&#8243; _module_preset=\u00bbdefault\u00bb global_colors_info=\u00bb{}\u00bb]<\/p>\n<h4>Vicepresidente<\/h4>\n<p><strong>David Gerber<br \/><\/strong>Gerente de proyectos para la ciudad de Vernier, doctor en Ciencias Sociales y miembro activo de varias asociaciones de Ginebra. Toca en la banda DOR. <\/p>\n<p>[\/et_pb_text][et_pb_text _builder_version=\u00bb4.27.4&#8243; _module_preset=\u00bbdefault\u00bb global_colors_info=\u00bb{}\u00bb]<\/p>\n<h4>Secretario<\/h4>\n<p><strong>Elie Burgos<br \/><\/strong>Vicerrector de la Universidad de Lausana, doctor en Ciencias Pol\u00edticas y graduado por la Sa\u00efd Business School (Oxford). Toca en la banda Unfold. <\/p>\n<p>[\/et_pb_text][et_pb_text _builder_version=\u00bb4.27.4&#8243; _module_preset=\u00bbdefault\u00bb hover_enabled=\u00bb0&#8243; global_colors_info=\u00bb{}\u00bb sticky_enabled=\u00bb0&#8243;]<\/p>\n<h4>Tesorero<\/h4>\n<p><strong>Laetitia Gauchat<br \/><\/strong>Creadora de contenido audiovisual en Das Playground, administradora cultural y DJ. Tiene una maestr\u00eda en Derecho, Crimen y Seguridad de las Nuevas Tecnolog\u00edas y ha completado estudios en Museolog\u00eda. <\/p>\n<p>[\/et_pb_text][et_pb_text _builder_version=\u00bb4.27.5&#8243; _module_preset=\u00bbdefault\u00bb hover_enabled=\u00bb0&#8243; global_colors_info=\u00bb{}\u00bb sticky_enabled=\u00bb0&#8243;]<\/p>\n<h4>Responsable de Comunicaci\u00f3n<\/h4>\n<p><strong>Amarande L\u00e9chot<br \/><\/strong>Responsable de comunicaci\u00f3n en Bikini Test y Festi&#8217;neuch. Tiene una maestr\u00eda en Ciencias del Lenguaje y la Comunicaci\u00f3n por la Universidad de Neuch\u00e2tel. Toca en la banda Morgoran.  <\/p>\n<p>[\/et_pb_text][\/et_pb_column][\/et_pb_row][et_pb_row column_structure=\u00bb1_2,1_2&#8243; _builder_version=\u00bb4.27.4&#8243; _module_preset=\u00bbdefault\u00bb custom_margin=\u00bb2rem||||false|false\u00bb custom_padding=\u00bb||0px||false|false\u00bb global_colors_info=\u00bb{}\u00bb][et_pb_column type=\u00bb1_2&#8243; _builder_version=\u00bb4.27.4&#8243; _module_preset=\u00bbdefault\u00bb global_colors_info=\u00bb{}\u00bb][et_pb_text _builder_version=\u00bb4.27.4&#8243; _module_preset=\u00bbdefault\u00bb global_colors_info=\u00bb{}\u00bb]<\/p>\n<h2>Empleado(s)<\/h2>\n<p>[\/et_pb_text][et_pb_text _builder_version=\u00bb4.27.5&#8243; _module_preset=\u00bbdefault\u00bb custom_margin=\u00bb||2rem||false|false\u00bb hover_enabled=\u00bb0&#8243; global_colors_info=\u00bb{}\u00bb sticky_enabled=\u00bb0&#8243; link_option_url_new_window=\u00bbon\u00bb]<\/p>\n<h4>Director de Operaciones<\/h4>\n<p><strong>Julien Fehlmann<br \/><\/strong>Es un experto en ingenier\u00eda de audio con t\u00edtulos avanzados en relaciones internacionales y desarrollo. Julien fund\u00f3 el estudio de grabaci\u00f3n Studio M\u00e9canique en 2005 y ha trabajado en cientos de producciones de estudio y espect\u00e1culos en vivo. <\/p>\n<p>[\/et_pb_text][\/et_pb_column][et_pb_column type=\u00bb1_2&#8243; _builder_version=\u00bb4.27.4&#8243; _module_preset=\u00bbdefault\u00bb global_colors_info=\u00bb{}\u00bb][et_pb_text _builder_version=\u00bb4.27.4&#8243; _module_preset=\u00bbdefault\u00bb global_colors_info=\u00bb{}\u00bb]<\/p>\n<h2>Auditor financiero<\/h2>\n<p>[\/et_pb_text][et_pb_text _builder_version=\u00bb4.27.4&#8243; _module_preset=\u00bbdefault\u00bb global_colors_info=\u00bb{}\u00bb]<\/p>\n<p><strong>Denis de la Reussille<br \/><\/strong>Consejero Nacional de 2015 a 2023 (Partido Verde, Partido Laborista Suizo), miembro de la Comisi\u00f3n de Asuntos Exteriores de la Asamblea Nacional. Fue miembro del Gran Consejo de Neuch\u00e2tel (1999-2015) y alcalde de Le Locle (2000-2015). <\/p>\n<p>[\/et_pb_text][\/et_pb_column][\/et_pb_row][\/et_pb_section]<\/p>\n","protected":false},"excerpt":{"rendered":"<p>Sobre nosotrosMisi\u00f3nReconocemos que los privilegios est\u00e1n distribuidos de forma desigual en el mundo y actuamos en respuesta a ello. Movilizamos la m\u00fasica, el talento musical y la producci\u00f3n audiovisual en favor de una sociedad global m\u00e1s justa, con la convicci\u00f3n de que la creatividad puede inspirar un cambio social positivo. Amplificamos el arte para ecualizar [&hellip;]<\/p>\n","protected":false},"author":1,"featured_media":0,"parent":0,"menu_order":0,"comment_status":"closed","ping_status":"closed","template":"","meta":{"_et_pb_use_builder":"on","_et_pb_old_content":"","_et_gb_content_width":"","footnotes":""},"dipi_cpt_category":[],"class_list":["post-3415","page","type-page","status-publish","hentry"],"_links":{"self":[{"href":"https:\/\/irma.ac\/es\/wp-json\/wp\/v2\/pages\/3415","targetHints":{"allow":["GET"]}}],"collection":[{"href":"https:\/\/irma.ac\/es\/wp-json\/wp\/v2\/pages"}],"about":[{"href":"https:\/\/irma.ac\/es\/wp-json\/wp\/v2\/types\/page"}],"author":[{"embeddable":true,"href":"https:\/\/irma.ac\/es\/wp-json\/wp\/v2\/users\/1"}],"replies":[{"embeddable":true,"href":"https:\/\/irma.ac\/es\/wp-json\/wp\/v2\/comments?post=3415"}],"version-history":[{"count":33,"href":"https:\/\/irma.ac\/es\/wp-json\/wp\/v2\/pages\/3415\/revisions"}],"predecessor-version":[{"id":6168,"href":"https:\/\/irma.ac\/es\/wp-json\/wp\/v2\/pages\/3415\/revisions\/6168"}],"wp:attachment":[{"href":"https:\/\/irma.ac\/es\/wp-json\/wp\/v2\/media?parent=3415"}],"wp:term":[{"taxonomy":"dipi_cpt_category","embeddable":true,"href":"https:\/\/irma.ac\/es\/wp-json\/wp\/v2\/dipi_cpt_category?post=3415"}],"curies":[{"name":"wp","href":"https:\/\/api.w.org\/{rel}","templated":true}]}}