{"id":3403,"date":"2025-06-17T13:06:48","date_gmt":"2025-06-17T11:06:48","guid":{"rendered":"https:\/\/irma.ac\/recursos\/"},"modified":"2026-03-26T12:01:14","modified_gmt":"2026-03-26T11:01:14","slug":"recursos","status":"publish","type":"page","link":"https:\/\/irma.ac\/es\/recursos\/","title":{"rendered":"Recursos"},"content":{"rendered":"<p>[et_pb_section fb_built=\u00bb1&#8243; _builder_version=\u00bb4.27.4&#8243; _module_preset=\u00bbdefault\u00bb custom_margin=\u00bb2rem||||false|false\u00bb global_colors_info=\u00bb{}\u00bb][et_pb_row _builder_version=\u00bb4.27.4&#8243; _module_preset=\u00bbdefault\u00bb global_colors_info=\u00bb{}\u00bb][et_pb_column type=\u00bb4_4&#8243; _builder_version=\u00bb4.27.4&#8243; _module_preset=\u00bbdefault\u00bb global_colors_info=\u00bb{}\u00bb][et_pb_text _builder_version=\u00bb4.27.5&#8243; _module_preset=\u00bbdefault\u00bb global_colors_info=\u00bb{}\u00bb]<\/p>\n<h1>Recursos<\/h1>\n<p>[\/et_pb_text][\/et_pb_column][\/et_pb_row][\/et_pb_section][et_pb_section fb_built=\u00bb1&#8243; _builder_version=\u00bb4.27.4&#8243; _module_preset=\u00bbdefault\u00bb min_height=\u00bb40vh\u00bb global_colors_info=\u00bb{}\u00bb][et_pb_row _builder_version=\u00bb4.27.4&#8243; _module_preset=\u00bbdefault\u00bb global_colors_info=\u00bb{}\u00bb][et_pb_column type=\u00bb4_4&#8243; _builder_version=\u00bb4.27.4&#8243; _module_preset=\u00bbdefault\u00bb global_colors_info=\u00bb{}\u00bb][et_pb_text _builder_version=\u00bb4.27.4&#8243; _module_preset=\u00bbdefault\u00bb global_colors_info=\u00bb{}\u00bb]<\/p>\n<h2>Informes anuales (en franc\u00e9s)<\/h2>\n<p>[\/et_pb_text][\/et_pb_column][\/et_pb_row][et_pb_row column_structure=\u00bb1_2,1_2&#8243; module_class=\u00bbmiddle\u00bb _builder_version=\u00bb4.27.5&#8243; _module_preset=\u00bbdefault\u00bb custom_margin=\u00bb||||false|false\u00bb custom_padding=\u00bb2rem||3rem||false|false\u00bb animation_direction=\u00bbbottom\u00bb global_colors_info=\u00bb{}\u00bb][et_pb_column type=\u00bb1_2&#8243; _builder_version=\u00bb4.27.4&#8243; _module_preset=\u00bbdefault\u00bb global_colors_info=\u00bb{}\u00bb][et_pb_text _builder_version=\u00bb4.27.5&#8243; _module_preset=\u00bb94b7047c-6776-44d7-b6e7-70199b4b2eb9&#8243; text_orientation_tablet=\u00bbcenter\u00bb text_orientation_phone=\u00bbcenter\u00bb text_orientation_last_edited=\u00bbon|phone\u00bb global_colors_info=\u00bb{}\u00bb]<\/p>\n<p>2023<\/p>\n<p>[\/et_pb_text][et_pb_image src=\u00bbhttps:\/\/irma.ac\/wp-content\/uploads\/2025\/11\/Vignette_RA23.jpg\u00bb title_text=\u00bbVi\u00f1eta_RA23&#8243; url_new_window=\u00bbon\u00bb module_class=\u00bbimage-cadre-var zoom-hover\u00bb _builder_version=\u00bb4.27.5&#8243; _module_preset=\u00bbdefault\u00bb global_colors_info=\u00bb{}\u00bb][\/et_pb_image][\/et_pb_column][et_pb_column type=\u00bb1_2&#8243; _builder_version=\u00bb4.27.4&#8243; _module_preset=\u00bbdefault\u00bb global_colors_info=\u00bb{}\u00bb][et_pb_text _builder_version=\u00bb4.27.5&#8243; _module_preset=\u00bb94b7047c-6776-44d7-b6e7-70199b4b2eb9&#8243; text_orientation_tablet=\u00bbcenter\u00bb text_orientation_phone=\u00bbcenter\u00bb text_orientation_last_edited=\u00bbon|tablet\u00bb global_colors_info=\u00bb{}\u00bb]<\/p>\n<p>2024<\/p>\n<p>[\/et_pb_text][et_pb_image src=\u00bbhttps:\/\/irma.ac\/wp-content\/uploads\/2025\/11\/Vignette_RA24.jpg\u00bb title_text=\u00bbVi\u00f1eta_RA24&#8243; url_new_window=\u00bbon\u00bb module_class=\u00bbimage-cadre-var zoom-hover\u00bb _builder_version=\u00bb4.27.5&#8243; _module_preset=\u00bbdefault\u00bb global_colors_info=\u00bb{}\u00bb][\/et_pb_image][\/et_pb_column][\/et_pb_row][\/et_pb_section][et_pb_section fb_built=\u00bb1&#8243; _builder_version=\u00bb4.27.4&#8243; _module_preset=\u00bbdefault\u00bb background_color=\u00bb#000749&#8243; custom_padding=\u00bb5rem||0px||false|false\u00bb global_colors_info=\u00bb{}\u00bb][et_pb_row _builder_version=\u00bb4.27.4&#8243; _module_preset=\u00bbdefault\u00bb global_colors_info=\u00bb{}\u00bb][et_pb_column type=\u00bb4_4&#8243; _builder_version=\u00bb4.27.4&#8243; _module_preset=\u00bbdefault\u00bb global_colors_info=\u00bb{}\u00bb][et_pb_text _builder_version=\u00bb4.27.4&#8243; _module_preset=\u00bbdefault\u00bb header_2_text_color=\u00bb#FFFFFF\u00bb global_colors_info=\u00bb{}\u00bb]<\/p>\n<h2>Publicaciones<\/h2>\n<p>[\/et_pb_text][\/et_pb_column][\/et_pb_row][et_pb_row column_structure=\u00bb1_2,1_2&#8243; admin_label=\u00bbResumen ejecutivo 2025&#8243; module_class=\u00bbmiddle\u00bb _builder_version=\u00bb4.27.5&#8243; _module_preset=\u00bbdefault\u00bb custom_padding=\u00bb4rem||6rem||false|false\u00bb animation_style=\u00bbslide\u00bb animation_direction=\u00bbbottom\u00bb global_colors_info=\u00bb{}\u00bb][et_pb_column type=\u00bb1_2&#8243; _builder_version=\u00bb4.27.4&#8243; _module_preset=\u00bbdefault\u00bb global_colors_info=\u00bb{}\u00bb][et_pb_image src=\u00bbhttps:\/\/irma.ac\/wp-content\/uploads\/2025\/10\/Vignette_MAS-IR-Thesis-Executive-Summary.jpg\u00bb title_text=\u00bbVi\u00f1eta_MAS-IR-Tesis-Resumen Ejecutivo\u00bb url=\u00bb\/wp-content\/uploads\/2025\/09\/Fehlmann-J.-2025-IHEID-MAS-IR-Thesis-Executive-Summary.pdf\u00bb url_new_window=\u00bbon\u00bb module_class=\u00bbimage-cadre-var zoom-hover\u00bb _builder_version=\u00bb4.27.5&#8243; _module_preset=\u00bbdefault\u00bb custom_margin=\u00bb||||false|false\u00bb global_colors_info=\u00bb{}\u00bb][\/et_pb_image][\/et_pb_column][et_pb_column type=\u00bb1_2&#8243; _builder_version=\u00bb4.27.4&#8243; _module_preset=\u00bbdefault\u00bb global_colors_info=\u00bb{}\u00bb][et_pb_text _builder_version=\u00bb4.27.5&#8243; _module_preset=\u00bbdefault\u00bb text_text_color=\u00bb#FFFFFF\u00bb link_font=\u00bb|700|||on|||#F1FF30|\u00bb link_text_color=\u00bb#F1FF30&#8243; global_colors_info=\u00bb{}\u00bb]<\/p>\n<p>Resumen ejecutivo de una tesis profesional sobre el potencial de la educaci\u00f3n en producci\u00f3n musical para el desarrollo (internacional) en Am\u00e9rica Latina. Esta investigaci\u00f3n se redact\u00f3 en 2025 en el marco del M\u00e1ster de Estudios Avanzados (MAS) en Relaciones Internacionales del <a href=\"https:\/\/executive.graduateinstitute.ch\/programmes\/conflict-fragility-management\" target=\"_blank\" rel=\"noopener\">Instituto Universitario de Ginebra<\/a>. <\/p>\n<p>[\/et_pb_text][\/et_pb_column][\/et_pb_row][et_pb_row column_structure=\u00bb1_2,1_2&#8243; admin_label=\u00bbResumen ejecutivo 2023&#8243; module_class=\u00bbmiddle\u00bb _builder_version=\u00bb4.27.5&#8243; _module_preset=\u00bbdefault\u00bb custom_padding=\u00bb0px||6rem||false|false\u00bb animation_style=\u00bbslide\u00bb animation_direction=\u00bbbottom\u00bb global_colors_info=\u00bb{}\u00bb][et_pb_column type=\u00bb1_2&#8243; _builder_version=\u00bb4.27.4&#8243; _module_preset=\u00bbdefault\u00bb global_colors_info=\u00bb{}\u00bb][et_pb_image src=\u00bbhttps:\/\/irma.ac\/wp-content\/uploads\/2025\/10\/Vignette_Thesis-An-Ambivalent-Gaze-at-the-Power-of-Music-Executive-Summary.jpg\u00bb title_text=\u00bbVi\u00f1eta_Tesis-Una-Gaz-Ambivalente-El-Poder-de-la-M\u00fasica-Resumen-Ejecutivo\u00bb url=\u00bb\/wp-content\/uploads\/2025\/09\/Fehlmann-J.-2023-IHEID-Thesis-An-Ambivalent-Gaze-at-the-Power-of-Music-Executive-Summary.pdf\u00bb url_new_window=\u00bbon\u00bb module_class=\u00bbimage-cadre-var zoom-hover\u00bb _builder_version=\u00bb4.27.5&#8243; _module_preset=\u00bbdefault\u00bb custom_margin=\u00bb||||false|false\u00bb global_colors_info=\u00bb{}\u00bb][\/et_pb_image][\/et_pb_column][et_pb_column type=\u00bb1_2&#8243; _builder_version=\u00bb4.27.4&#8243; _module_preset=\u00bbdefault\u00bb global_colors_info=\u00bb{}\u00bb][et_pb_text _builder_version=\u00bb4.27.5&#8243; _module_preset=\u00bbdefault\u00bb text_text_color=\u00bb#FFFFFF\u00bb link_font=\u00bb|700|||on|||#F1FF30|\u00bb link_text_color=\u00bb#F1FF30&#8243; global_colors_info=\u00bb{}\u00bb]<\/p>\n<p>Resumen ejecutivo de una tesis profesional sobre el panorama de la evaluaci\u00f3n de proyectos musicales con finalidad social en Am\u00e9rica Latina. Esta investigaci\u00f3n se redact\u00f3 en 2023 en el marco del Diploma de Estudios Avanzados (DAS) Gesti\u00f3n de Conflictos y Fragilidad del <a href=\"https:\/\/executive.graduateinstitute.ch\/programmes\/conflict-fragility-management\" target=\"_blank\" rel=\"noopener\">Instituto Universitario de Ginebra<\/a>. <\/p>\n<p>[\/et_pb_text][\/et_pb_column][\/et_pb_row][et_pb_row column_structure=\u00bb1_2,1_2&#8243; admin_label=\u00bbInforme proyecto Reflexi\u00f3nes Colectivas\u00bb module_class=\u00bbmiddle\u00bb _builder_version=\u00bb4.27.5&#8243; _module_preset=\u00bbdefault\u00bb custom_padding=\u00bb0px||6rem||false|false\u00bb animation_style=\u00bbslide\u00bb animation_direction=\u00bbbottom\u00bb global_colors_info=\u00bb{}\u00bb][et_pb_column type=\u00bb1_2&#8243; _builder_version=\u00bb4.27.4&#8243; _module_preset=\u00bbdefault\u00bb global_colors_info=\u00bb{}\u00bb][et_pb_image src=\u00bbhttps:\/\/irma.ac\/wp-content\/uploads\/2025\/10\/Vignette_Reflexions-Collectives-Neuchatel.jpg\u00bb title_text=\u00bbVi\u00f1eta_Reflexiones-Colectivos-Neuchatel\u00bb url=\u00bbhttps:\/\/irma.ac\/wp-content\/uploads\/2025\/07\/Reflexions-Collectives-Neuchatel-2024-Rapport-final-public.pdf\u00bb url_new_window=\u00bbon\u00bb module_class=\u00bbimage-cadre-var zoom-hover\u00bb _builder_version=\u00bb4.27.5&#8243; _module_preset=\u00bbdefault\u00bb custom_margin=\u00bb||||false|false\u00bb global_colors_info=\u00bb{}\u00bb][\/et_pb_image][\/et_pb_column][et_pb_column type=\u00bb1_2&#8243; _builder_version=\u00bb4.27.4&#8243; _module_preset=\u00bbdefault\u00bb global_colors_info=\u00bb{}\u00bb][et_pb_text _builder_version=\u00bb4.27.4&#8243; _module_preset=\u00bbdefault\u00bb text_text_color=\u00bb#FFFFFF\u00bb link_font=\u00bb|700|||on|||#F1FF30|\u00bb link_text_color=\u00bb#F1FF30&#8243; global_colors_info=\u00bb{}\u00bb]<\/p>\n<p>Informe sobre la primera iteraci\u00f3n de nuestro proyecto Reflexiones Colectivas, en el que movilizamos a m\u00fasic@s para imaginar soluciones concretas a algunas de las muchas crisis del mundo.<a href=\"\/wp-content\/uploads\/2025\/09\/Sampling-the-World-MJF-2024-20240717.pdf\"><\/a><\/p>\n<p>[\/et_pb_text][\/et_pb_column][\/et_pb_row][et_pb_row column_structure=\u00bb1_2,1_2&#8243; admin_label=\u00bbInforme proyecto Reflexi\u00f3nes Colectivas\u00bb module_class=\u00bbmiddle\u00bb _builder_version=\u00bb4.27.5&#8243; _module_preset=\u00bbdefault\u00bb custom_padding=\u00bb0px||6rem||false|false\u00bb animation_style=\u00bbslide\u00bb animation_direction=\u00bbbottom\u00bb global_colors_info=\u00bb{}\u00bb][et_pb_column type=\u00bb1_2&#8243; _builder_version=\u00bb4.27.4&#8243; _module_preset=\u00bbdefault\u00bb global_colors_info=\u00bb{}\u00bb][et_pb_image src=\u00bbhttps:\/\/irma.ac\/wp-content\/uploads\/2025\/10\/Vignette_Sampling-the-World-MJF-2024-20240717.jpg\u00bb title_text=\u00bbVignette_Sampling-the-World-MJF-2024-20240717&#8243; url=\u00bb\/wp-content\/uploads\/2025\/09\/Sampling-the-World-MJF-2024-20240717.pdf\u00bb url_new_window=\u00bbon\u00bb module_class=\u00bbimage-cadre-var zoom-hover\u00bb _builder_version=\u00bb4.27.5&#8243; _module_preset=\u00bbdefault\u00bb custom_margin=\u00bb||||false|false\u00bb global_colors_info=\u00bb{}\u00bb][\/et_pb_image][\/et_pb_column][et_pb_column type=\u00bb1_2&#8243; _builder_version=\u00bb4.27.4&#8243; _module_preset=\u00bbdefault\u00bb global_colors_info=\u00bb{}\u00bb][et_pb_text _builder_version=\u00bb4.27.5&#8243; _module_preset=\u00bbdefault\u00bb text_text_color=\u00bb#FFFFFF\u00bb link_font=\u00bb|700|||on|||#F1FF30|\u00bb link_text_color=\u00bb#F1FF30&#8243; global_colors_info=\u00bb{}\u00bb]<\/p>\n<p>Presentaci\u00f3n en el <a href=\"https:\/\/www.montreuxjazzfestival.com\/en\/workshop-by-mjaf-sampling-the-world-with-arthur-henry-julien-fehlmann-irma\/\" target=\"_blank\" rel=\"noopener\">Festival de Jazz de Montreux 2024<\/a> con <a href=\"https:\/\/arthur-henry.com\/\" target=\"_blank\" rel=\"noopener\">Arthur Henry<\/a> sobre el impacto social de su extraordinario proyecto musical Sampling the World.<\/p>\n<p>[\/et_pb_text][\/et_pb_column][\/et_pb_row][et_pb_row _builder_version=\u00bb4.27.4&#8243; _module_preset=\u00bbdefault\u00bb width=\u00bb75%\u00bb width_tablet=\u00bb75%\u00bb width_phone=\u00bb98%\u00bb width_last_edited=\u00bbon|desktop\u00bb module_alignment=\u00bbright\u00bb custom_padding=\u00bb0px||0px||false|false\u00bb global_colors_info=\u00bb{}\u00bb][et_pb_column type=\u00bb4_4&#8243; _builder_version=\u00bb4.27.4&#8243; _module_preset=\u00bbdefault\u00bb global_colors_info=\u00bb{}\u00bb][et_pb_image src=\u00bbhttps:\/\/irma.ac\/wp-content\/uploads\/2025\/09\/Research-Sampling-the-World-@MJF2024-scaled.jpeg\u00bb title_text=\u00bbInvestigaci\u00f3n &#8211; Sampling the World @MJF2024&#8243; module_class=\u00bbimage-cadre\u00bb _builder_version=\u00bb4.27.4&#8243; _module_preset=\u00bbdefault\u00bb global_colors_info=\u00bb{}\u00bb][\/et_pb_image][\/et_pb_column][\/et_pb_row][\/et_pb_section][et_pb_section fb_built=\u00bb1&#8243; admin_label=\u00bbpartners\u00bb _builder_version=\u00bb4.27.4&#8243; _module_preset=\u00bbdefault\u00bb background_color=\u00bb#7FFFF6&#8243; custom_margin=\u00bb||||false|false\u00bb custom_padding=\u00bb5rem||5rem||false|false\u00bb global_colors_info=\u00bb{}\u00bb][et_pb_row admin_label=\u00bbotras organizaciones\u00bb _builder_version=\u00bb4.27.4&#8243; _module_preset=\u00bbdefault\u00bb custom_margin=\u00bb||||false|false\u00bb custom_padding=\u00bb0px||||false|false\u00bb global_colors_info=\u00bb{}\u00bb][et_pb_column type=\u00bb4_4&#8243; _builder_version=\u00bb4.27.4&#8243; _module_preset=\u00bbdefault\u00bb global_colors_info=\u00bb{}\u00bb][et_pb_text _builder_version=\u00bb4.27.4&#8243; _module_preset=\u00bbdefault\u00bb global_colors_info=\u00bb{}\u00bb]<\/p>\n<h3>Las organizaciones con las que hemos tenido el privilegio de colaborar<\/h3>\n<p>[\/et_pb_text][dipi_masonry_gallery gallery_ids=\u00bb2394,2395,2396,2397,2398,2399,2400,2401,2402,2403,2404,2405,2406&#8243; horizontal_order_direction=\u00bbon\u00bb use_media_link=\u00bbon\u00bb icon_in_overlay=\u00bboff\u00bb columns=\u00bb5&#8243; gutter=\u00bb30&#8243; grid_animation_speed=\u00bb0ms\u00bb fix_lazy=\u00bbon\u00bb columns_tablet=\u00bb4&#8243; columns_phone=\u00bb2&#8243; columns_last_edited=\u00bbon|tablet\u00bb _builder_version=\u00bb4.27.4&#8243; _module_preset=\u00bbdefault\u00bb global_colors_info=\u00bb{}\u00bb][\/dipi_masonry_gallery][\/et_pb_column][\/et_pb_row][et_pb_row _builder_version=\u00bb4.27.4&#8243; _module_preset=\u00bbdefault\u00bb global_colors_info=\u00bb{}\u00bb][et_pb_column type=\u00bb4_4&#8243; _builder_version=\u00bb4.27.4&#8243; _module_preset=\u00bbdefault\u00bb global_colors_info=\u00bb{}\u00bb][et_pb_text _builder_version=\u00bb4.27.4&#8243; _module_preset=\u00bbdefault\u00bb custom_padding=\u00bb1px|||||\u00bb global_colors_info=\u00bb{}\u00bb]<\/p>\n<h3>Organizaciones activas en el \u00e1mbito de la m\u00fasica para el cambio social<\/h3>\n<p>[\/et_pb_text][dipi_masonry_gallery gallery_ids=\u00bb2407,2410,2411,2412,2413,2414&#8243; horizontal_order_direction=\u00bbon\u00bb use_media_link=\u00bbon\u00bb icon_in_overlay=\u00bboff\u00bb columns=\u00bb6&#8243; gutter=\u00bb30&#8243; grid_animation_speed=\u00bb0ms\u00bb fix_lazy=\u00bbon\u00bb columns_tablet=\u00bb4&#8243; columns_phone=\u00bb2&#8243; columns_last_edited=\u00bbon|phone\u00bb _builder_version=\u00bb4.27.4&#8243; _module_preset=\u00bbdefault\u00bb custom_padding=\u00bb||3px|||\u00bb global_colors_info=\u00bb{}\u00bb][\/dipi_masonry_gallery][\/et_pb_column][\/et_pb_row][\/et_pb_section]<\/p>\n","protected":false},"excerpt":{"rendered":"<p>RecursosInformes anuales (en franc\u00e9s)20232024PublicacionesResumen ejecutivo de una tesis profesional sobre el potencial de la educaci\u00f3n en producci\u00f3n musical para el desarrollo (internacional) en Am\u00e9rica Latina. Esta investigaci\u00f3n se redact\u00f3 en 2025 en el marco del M\u00e1ster de Estudios Avanzados (MAS) en Relaciones Internacionales del Instituto Universitario de Ginebra. Resumen ejecutivo de una tesis profesional sobre [&hellip;]<\/p>\n","protected":false},"author":1,"featured_media":0,"parent":0,"menu_order":0,"comment_status":"closed","ping_status":"closed","template":"","meta":{"_et_pb_use_builder":"on","_et_pb_old_content":"","_et_gb_content_width":"","footnotes":""},"dipi_cpt_category":[],"class_list":["post-3403","page","type-page","status-publish","hentry"],"_links":{"self":[{"href":"https:\/\/irma.ac\/es\/wp-json\/wp\/v2\/pages\/3403","targetHints":{"allow":["GET"]}}],"collection":[{"href":"https:\/\/irma.ac\/es\/wp-json\/wp\/v2\/pages"}],"about":[{"href":"https:\/\/irma.ac\/es\/wp-json\/wp\/v2\/types\/page"}],"author":[{"embeddable":true,"href":"https:\/\/irma.ac\/es\/wp-json\/wp\/v2\/users\/1"}],"replies":[{"embeddable":true,"href":"https:\/\/irma.ac\/es\/wp-json\/wp\/v2\/comments?post=3403"}],"version-history":[{"count":10,"href":"https:\/\/irma.ac\/es\/wp-json\/wp\/v2\/pages\/3403\/revisions"}],"predecessor-version":[{"id":5944,"href":"https:\/\/irma.ac\/es\/wp-json\/wp\/v2\/pages\/3403\/revisions\/5944"}],"wp:attachment":[{"href":"https:\/\/irma.ac\/es\/wp-json\/wp\/v2\/media?parent=3403"}],"wp:term":[{"taxonomy":"dipi_cpt_category","embeddable":true,"href":"https:\/\/irma.ac\/es\/wp-json\/wp\/v2\/dipi_cpt_category?post=3403"}],"curies":[{"name":"wp","href":"https:\/\/api.w.org\/{rel}","templated":true}]}}