{"id":3384,"date":"2025-06-17T13:03:56","date_gmt":"2025-06-17T11:03:56","guid":{"rendered":"https:\/\/irma.ac\/pagina-de-inicio\/"},"modified":"2026-01-22T09:31:30","modified_gmt":"2026-01-22T08:31:30","slug":"pagina-de-inicio","status":"publish","type":"page","link":"https:\/\/irma.ac\/es\/","title":{"rendered":"P\u00e1gina de inicio"},"content":{"rendered":"<p>[et_pb_section fb_built=\u00bb1&#8243; admin_label=\u00bblogo + slogan\u00bb _builder_version=\u00bb4.27.5&#8243; _module_preset=\u00bbdefault\u00bb background_color=\u00bb#7ffff6&#8243; min_height=\u00bb100vh\u00bb custom_margin=\u00bb-72px||||false|false\u00bb custom_margin_tablet=\u00bb0px||||false|false\u00bb custom_margin_phone=\u00bb-72px||||false|false\u00bb custom_margin_last_edited=\u00bbon|phone\u00bb custom_padding=\u00bb2rem||5rem||false|false\u00bb collapsed=\u00bboff\u00bb global_colors_info=\u00bb{}\u00bb][et_pb_row column_structure=\u00bb2_5,3_5&#8243; custom_padding_last_edited=\u00bbon|tablet\u00bb admin_label=\u00bbinicio\u00bb _builder_version=\u00bb4.27.5&#8243; _module_preset=\u00bbdefault\u00bb positioning=\u00bbabsolute\u00bb position_origin_a=\u00bbcenter_center\u00bb position_origin_a_tablet=\u00bbcenter_center\u00bb position_origin_a_phone=\u00bbcenter_center\u00bb position_origin_a_last_edited=\u00bbon|phone\u00bb position_origin_f_tablet=\u00bb\u00bb position_origin_f_phone=\u00bb\u00bb position_origin_f_last_edited=\u00bbon|desktop\u00bb position_origin_r_tablet=\u00bb\u00bb position_origin_r_phone=\u00bb\u00bb position_origin_r_last_edited=\u00bbon|desktop\u00bb max_width_last_edited=\u00bboff|desktop\u00bb custom_margin=\u00bb0px||5px||false|false\u00bb custom_margin_tablet=\u00bb0px||||false|false\u00bb custom_margin_phone=\u00bb0px||||false|false\u00bb custom_margin_last_edited=\u00bboff|tablet\u00bb custom_padding=\u00bb180px||||false|false\u00bb custom_padding_tablet=\u00bb3rem||0rem||false|false\u00bb custom_padding_phone=\u00bb4rem||||false|false\u00bb animation_style=\u00bbfade\u00bb animation_direction=\u00bbleft\u00bb animation_duration=\u00bb200ms\u00bb positioning_tablet=\u00bbnone\u00bb positioning_phone=\u00bbnone\u00bb positioning_last_edited=\u00bbon|phone\u00bb global_colors_info=\u00bb{}\u00bb][et_pb_column type=\u00bb2_5&#8243; _builder_version=\u00bb4.27.4&#8243; _module_preset=\u00bbdefault\u00bb positioning=\u00bbnone\u00bb position_origin_a=\u00bbcenter_left\u00bb global_colors_info=\u00bb{}\u00bb][et_pb_image src=\u00bbhttps:\/\/irma.ac\/wp-content\/uploads\/2025\/09\/logo_IRMA_N.svg\u00bb title_text=\u00bblogo_IRMA_N\u00bb show_bottom_space=\u00bboff\u00bb align=\u00bbcenter\u00bb _builder_version=\u00bb4.27.5&#8243; _module_preset=\u00bbdefault\u00bb position_origin_a=\u00bbbottom_center\u00bb width=\u00bb100%\u00bb width_tablet=\u00bb100%\u00bb width_phone=\u00bb100%\u00bb width_last_edited=\u00bbon|phone\u00bb height_tablet=\u00bb360px\u00bb height_phone=\u00bb200px\u00bb height_last_edited=\u00bboff|desktop\u00bb custom_margin=\u00bb||7px||false|false\u00bb custom_padding=\u00bb||||false|false\u00bb animation_direction=\u00bbbottom\u00bb global_colors_info=\u00bb{}\u00bb][\/et_pb_image][\/et_pb_column][et_pb_column type=\u00bb3_5&#8243; _builder_version=\u00bb4.27.4&#8243; _module_preset=\u00bbdefault\u00bb positioning=\u00bbabsolute\u00bb position_origin_a=\u00bbbottom_right\u00bb position_origin_a_tablet=\u00bbbottom_right\u00bb position_origin_a_phone=\u00bbbottom_right\u00bb position_origin_a_last_edited=\u00bbon|desktop\u00bb position_origin_f_tablet=\u00bb\u00bb position_origin_f_phone=\u00bb\u00bb position_origin_f_last_edited=\u00bbon|desktop\u00bb position_origin_r_tablet=\u00bb\u00bb position_origin_r_phone=\u00bb\u00bb position_origin_r_last_edited=\u00bbon|desktop\u00bb positioning_tablet=\u00bbnone\u00bb positioning_phone=\u00bbnone\u00bb positioning_last_edited=\u00bbon|tablet\u00bb global_colors_info=\u00bb{}\u00bb][dipi_dual_heading first_heading=\u00bbamplificar el arte,  \u00bb second_heading=\u00bbecualizar oportunidades\u00bb heading_tag=\u00bbh1&#8243; heading_display=\u00bbcolumn\u00bb sh_style=\u00bbstroke\u00bb sh_stroke_color=\u00bb#1B2028&#8243; sh_stroke_fill=\u00bbRGBA(255,255,255,0)\u00bb sh_stroke_width=\u00bb1.5&#8243; sh_padding=\u00bb0px|3px|1px|3px|false|false\u00bb heading_display_tablet=\u00bbrow\u00bb heading_display_last_edited=\u00bboff|desktop\u00bb _builder_version=\u00bb4.27.5&#8243; _module_preset=\u00bbdefault\u00bb first_heading_font_size=\u00bb4.1vh\u00bb first_heading_line_height=\u00bb1em\u00bb second_heading_font=\u00bb||||||||\u00bb second_heading_font_size=\u00bb4.1vh\u00bb second_heading_line_height=\u00bb1em\u00bb text_orientation=\u00bbleft\u00bb custom_padding=\u00bb||2rem||false|false\u00bb custom_padding_tablet=\u00bb||0px||false|false\u00bb custom_padding_phone=\u00bb||2rem||false|false\u00bb custom_padding_last_edited=\u00bbon|phone\u00bb first_heading_font_size_tablet=\u00bb4.1vh\u00bb first_heading_font_size_phone=\u00bb4.7vh\u00bb first_heading_font_size_last_edited=\u00bbon|phone\u00bb second_heading_font_size_tablet=\u00bb4.1vh\u00bb second_heading_font_size_phone=\u00bb4.7vh\u00bb second_heading_font_size_last_edited=\u00bbon|phone\u00bb global_colors_info=\u00bb{}\u00bb][\/dipi_dual_heading][et_pb_text _builder_version=\u00bb4.27.5&#8243; _module_preset=\u00bb20481be7-2273-4696-9762-3ac21d12901e\u00bb position_origin_a=\u00bbbottom_left\u00bb position_origin_f=\u00bbcenter_left\u00bb position_origin_r=\u00bbbottom_left\u00bb vertical_offset=\u00bb-26px\u00bb width_tablet=\u00bb100%\u00bb width_phone=\u00bb100%\u00bb width_last_edited=\u00bboff|desktop\u00bb module_alignment=\u00bbcenter\u00bb custom_margin=\u00bb||0px||false|false\u00bb custom_padding=\u00bb||||false|false\u00bb text_orientation_tablet=\u00bbleft\u00bb text_orientation_phone=\u00bbleft\u00bb text_orientation_last_edited=\u00bboff|desktop\u00bb global_colors_info=\u00bb{}\u00bb]<\/p>\n<p>Demasiadas personas aspirantes a dedicarse profesionalmente a la m\u00fasica enfrentan el reto de convertir su arte en un medio de vida sostenible. En respuesta, compartimos conocimientos y equipamiento para transformar el talento en una carrera profesional. <\/p>\n<p>[\/et_pb_text][\/et_pb_column][\/et_pb_row][\/et_pb_section][et_pb_section fb_built=\u00bb1&#8243; admin_label=\u00bbS2 why IRMA exists\u00bb _builder_version=\u00bb4.27.4&#8243; _module_preset=\u00bbdefault\u00bb background_color=\u00bb#000749&#8243; positioning=\u00bbnone\u00bb position_origin_a=\u00bbcenter_center\u00bb min_height_tablet=\u00bb80vh\u00bb min_height_last_edited=\u00bboff|desktop\u00bb height_phone=\u00bb80vh\u00bb height_last_edited=\u00bboff|desktop\u00bb custom_margin=\u00bb||||false|false\u00bb custom_padding=\u00bb5rem||0px||false|false\u00bb collapsed=\u00bbon\u00bb global_colors_info=\u00bb{}\u00bb][et_pb_row column_structure=\u00bb2_5,3_5&#8243; _builder_version=\u00bb4.27.4&#8243; _module_preset=\u00bbdefault\u00bb position_origin_a=\u00bbcenter_center\u00bb width_tablet=\u00bb60%\u00bb width_last_edited=\u00bboff|desktop\u00bb max_width_last_edited=\u00bboff|tablet\u00bb custom_margin=\u00bb||2rem||false|false\u00bb custom_padding=\u00bb0px||||false|false\u00bb global_colors_info=\u00bb{}\u00bb][et_pb_column type=\u00bb2_5&#8243; _builder_version=\u00bb4.27.4&#8243; _module_preset=\u00bbdefault\u00bb global_colors_info=\u00bb{}\u00bb][et_pb_text _builder_version=\u00bb4.27.4&#8243; _module_preset=\u00bbdefault\u00bb text_text_color=\u00bb#FFFFFF\u00bb header_2_text_align=\u00bbleft\u00bb header_2_text_color=\u00bb#FFFFFF\u00bb position_origin_a=\u00bbbottom_left\u00bb position_origin_f=\u00bbcenter_left\u00bb position_origin_r=\u00bbbottom_left\u00bb vertical_offset=\u00bb-26px\u00bb text_orientation=\u00bbcenter\u00bb width_tablet=\u00bb100%\u00bb width_phone=\u00bb100%\u00bb width_last_edited=\u00bboff|desktop\u00bb module_alignment=\u00bbcenter\u00bb text_orientation_tablet=\u00bbleft\u00bb text_orientation_phone=\u00bbleft\u00bb text_orientation_last_edited=\u00bbon|tablet\u00bb global_colors_info=\u00bb{}\u00bb]<\/p>\n<h2>Abrimos el acceso a la producci\u00f3n musical<\/h2>\n<p>[\/et_pb_text][\/et_pb_column][et_pb_column type=\u00bb3_5&#8243; _builder_version=\u00bb4.27.4&#8243; _module_preset=\u00bbdefault\u00bb global_colors_info=\u00bb{}\u00bb][et_pb_text _builder_version=\u00bb4.27.4&#8243; _module_preset=\u00bb20481be7-2273-4696-9762-3ac21d12901e\u00bb text_text_color=\u00bb#FFFFFF\u00bb header_2_text_color=\u00bb#FFF9EF\u00bb header_3_text_color=\u00bb#FFF9EF\u00bb position_origin_a=\u00bbbottom_left\u00bb position_origin_f=\u00bbcenter_left\u00bb position_origin_r=\u00bbbottom_left\u00bb vertical_offset=\u00bb-26px\u00bb width_tablet=\u00bb100%\u00bb width_phone=\u00bb100%\u00bb width_last_edited=\u00bboff|desktop\u00bb module_alignment=\u00bbcenter\u00bb text_orientation_tablet=\u00bbleft\u00bb text_orientation_phone=\u00bbleft\u00bb text_orientation_last_edited=\u00bboff|desktop\u00bb global_colors_info=\u00bb{}\u00bb]<\/p>\n<p>Aprender a producir, publicar y promocionar arte no tiene por qu\u00e9 ser costoso ni exclusivo. Nuestro programa educativo, <strong>AMP<\/strong>, ofrece formaci\u00f3n tanto en producci\u00f3n musical como en gesti\u00f3n y emprendimiento art\u00edstico. Dise\u00f1ado para complementar los planes de estudio de las escuelas de m\u00fasica, no requiere inversi\u00f3n adicional y utiliza tel\u00e9fonos m\u00f3viles y recursos gratuitos en l\u00ednea.  <\/p>\n<p>La formaci\u00f3n en producci\u00f3n musical enriquece la educaci\u00f3n art\u00edstica, impulsa la comunicaci\u00f3n y ampl\u00eda las oportunidades profesionales de las personas dedicadas a la m\u00fasica, entre otros beneficios. A su vez, este conocimiento genera impactos econ\u00f3micos, sociales y culturales, como lo demostr\u00f3 nuestro proyecto piloto en S\u00e3o Paulo. <\/p>\n<p>[\/et_pb_text][et_pb_button button_url=\u00bb@ET-DC@eyJkeW5hbWljIjp0cnVlLCJjb250ZW50IjoicG9zdF9saW5rX3VybF9wYWdlIiwic2V0dGluZ3MiOnsicG9zdF9pZCI6IjUxOCJ9fQ==@\u00bb button_text=\u00bbSaber m\u00e1s\u00bb _builder_version=\u00bb4.27.4&#8243; _dynamic_attributes=\u00bbbutton_url\u00bb _module_preset=\u00bb7fbd60e1-0d7c-46ca-b9c5-40b14e89a813&#8243; global_colors_info=\u00bb{}\u00bb button_bg_color__hover=\u00bb#f1ff30&#8243; button_border_color__hover=\u00bb#f1ff30&#8243; button_border_color__hover_enabled=\u00bbon|hover\u00bb][\/et_pb_button][\/et_pb_column][\/et_pb_row][et_pb_row _builder_version=\u00bb4.27.4&#8243; _module_preset=\u00bbdefault\u00bb width=\u00bb75%\u00bb width_tablet=\u00bb75%\u00bb width_phone=\u00bb98%\u00bb width_last_edited=\u00bbon|phone\u00bb module_alignment=\u00bbright\u00bb custom_margin=\u00bb||||false|false\u00bb custom_padding=\u00bb0px||0px||false|false\u00bb global_colors_info=\u00bb{}\u00bb][et_pb_column type=\u00bb4_4&#8243; _builder_version=\u00bb4.27.4&#8243; _module_preset=\u00bbdefault\u00bb global_colors_info=\u00bb{}\u00bb][et_pb_image src=\u00bbhttps:\/\/irma.ac\/wp-content\/uploads\/2025\/09\/Homepage_01-Baccarelli_m.jpg\u00bb title_text=\u00bbP\u00e1gina de inicio_01-Baccarelli_m\u00bb module_class=\u00bbimage-cadre\u00bb _builder_version=\u00bb4.27.4&#8243; _module_preset=\u00bbdefault\u00bb global_colors_info=\u00bb{}\u00bb][\/et_pb_image][\/et_pb_column][\/et_pb_row][\/et_pb_section][et_pb_section fb_built=\u00bb1&#8243; admin_label=\u00bbS3 About us\u00bb _builder_version=\u00bb4.27.4&#8243; _module_preset=\u00bbdefault\u00bb custom_margin=\u00bb||5rem||false|false\u00bb custom_padding=\u00bb7rem||||false|false\u00bb collapsed=\u00bbon\u00bb global_colors_info=\u00bb{}\u00bb][et_pb_row _builder_version=\u00bb4.27.4&#8243; _module_preset=\u00bbdefault\u00bb width_tablet=\u00bb100%\u00bb width_phone=\u00bb60%\u00bb width_last_edited=\u00bboff|desktop\u00bb module_alignment=\u00bbcenter\u00bb custom_margin=\u00bb||3rem||false|false\u00bb custom_padding=\u00bb0px||||false|false\u00bb global_colors_info=\u00bb{}\u00bb][et_pb_column type=\u00bb4_4&#8243; _builder_version=\u00bb4.27.4&#8243; _module_preset=\u00bbdefault\u00bb global_colors_info=\u00bb{}\u00bb][et_pb_text _builder_version=\u00bb4.27.4&#8243; _module_preset=\u00bb94b7047c-6776-44d7-b6e7-70199b4b2eb9&#8243; text_orientation=\u00bbcenter\u00bb custom_margin=\u00bb||3rem||false|false\u00bb custom_padding=\u00bb||||false|false\u00bb text_font_size_tablet=\u00bb2rem\u00bb text_font_size_phone=\u00bb2rem\u00bb text_font_size_last_edited=\u00bbon|tablet\u00bb text_orientation_tablet=\u00bbleft\u00bb text_orientation_phone=\u00bbleft\u00bb text_orientation_last_edited=\u00bbon|phone\u00bb global_colors_info=\u00bb{}\u00bb]<\/p>\n<p>IRMA es una organizaci\u00f3n suiza sin fines de lucro que moviliza la m\u00fasica, el talento musical y la producci\u00f3n sonora para abordar la distribuci\u00f3n desigual de privilegios a nivel mundial.<\/p>\n<p>Creemos que la m\u00fasica tiene un potencial \u00fanico para abrir oportunidades profesionales, generar beneficios para las personas y las comunidades, y fortalecer la conservaci\u00f3n y la defensa culturales.<\/p>\n<p>[\/et_pb_text][et_pb_divider color=\u00bb#FFF600&#8243; divider_weight=\u00bb3px\u00bb _builder_version=\u00bb4.27.4&#8243; _module_preset=\u00bbdefault\u00bb custom_margin=\u00bb||||false|false\u00bb custom_padding=\u00bb4rem||||false|false\u00bb global_colors_info=\u00bb{}\u00bb][\/et_pb_divider][\/et_pb_column][\/et_pb_row][et_pb_row column_structure=\u00bb2_5,3_5&#8243; admin_label=\u00bb1&#8243; _builder_version=\u00bb4.27.4&#8243; _module_preset=\u00bbdefault\u00bb custom_margin=\u00bb||||false|false\u00bb custom_padding=\u00bb0px||0px||false|false\u00bb global_colors_info=\u00bb{}\u00bb][et_pb_column type=\u00bb2_5&#8243; _builder_version=\u00bb4.27.4&#8243; _module_preset=\u00bbdefault\u00bb global_colors_info=\u00bb{}\u00bb][et_pb_text _builder_version=\u00bb4.27.4&#8243; _module_preset=\u00bbdefault\u00bb header_2_font_size=\u00bb8vh\u00bb custom_padding=\u00bb||||false|false\u00bb mix_blend_mode=\u00bbdifference\u00bb sticky_position=\u00bbtop\u00bb sticky_offset_top=\u00bb20px\u00bb sticky_limit_bottom=\u00bbsection\u00bb header_2_font_size_tablet=\u00bb4rem\u00bb header_2_font_size_phone=\u00bb4rem\u00bb header_2_font_size_last_edited=\u00bboff|desktop\u00bb sticky_position_tablet=\u00bbnone\u00bb sticky_position_phone=\u00bbnone\u00bb sticky_position_last_edited=\u00bbon|desktop\u00bb global_colors_info=\u00bb{}\u00bb]<\/p>\n<h2>IRMA funciona de dos maneras<\/h2>\n<p>[\/et_pb_text][\/et_pb_column][et_pb_column type=\u00bb3_5&#8243; _builder_version=\u00bb4.27.4&#8243; _module_preset=\u00bbdefault\u00bb global_colors_info=\u00bb{}\u00bb][et_pb_image src=\u00bbhttps:\/\/irma.ac\/wp-content\/uploads\/2025\/08\/Homepage-02-Armenia-scaled.jpeg\u00bb show_bottom_space=\u00bboff\u00bb force_fullwidth=\u00bbon\u00bb module_class=\u00bbimage-cadre-var\u00bb _builder_version=\u00bb4.27.4&#8243; _module_preset=\u00bbdefault\u00bb custom_margin=\u00bb||||false|false\u00bb global_colors_info=\u00bb{}\u00bb background__hover_enabled=\u00bboff|hover\u00bb background_color__hover=\u00bb#E09900&#8243; background_enable_color__hover=\u00bbon\u00bb src__hover_enabled=\u00bboff|desktop\u00bb filter_saturate__hover_enabled=\u00bboff|desktop\u00bb filter_saturate__hover=\u00bb100%\u00bb][\/et_pb_image][et_pb_text admin_label=\u00bbchiffre\u00bb _builder_version=\u00bb4.27.4&#8243; _module_preset=\u00bbdefault\u00bb text_font=\u00bb|800|||||||\u00bb text_text_color=\u00bb#FFFFFF\u00bb text_font_size=\u00bb4rem\u00bb positioning=\u00bbabsolute\u00bb vertical_offset=\u00bb2.1rem\u00bb horizontal_offset=\u00bb1.8rem\u00bb global_colors_info=\u00bb{}\u00bb]<\/p>\n<p>1<\/p>\n<p>[\/et_pb_text][\/et_pb_column][\/et_pb_row][et_pb_row column_structure=\u00bb2_5,3_5&#8243; admin_label=\u00bbl\u00e9gende 1&#8243; _builder_version=\u00bb4.27.4&#8243; _module_preset=\u00bbdefault\u00bb custom_margin=\u00bb||||false|false\u00bb custom_padding=\u00bb0px||4rem||false|false\u00bb global_colors_info=\u00bb{}\u00bb][et_pb_column type=\u00bb2_5&#8243; _builder_version=\u00bb4.27.4&#8243; _module_preset=\u00bbdefault\u00bb global_colors_info=\u00bb{}\u00bb][\/et_pb_column][et_pb_column type=\u00bb3_5&#8243; _builder_version=\u00bb4.27.4&#8243; _module_preset=\u00bbdefault\u00bb global_colors_info=\u00bb{}\u00bb][et_pb_text _builder_version=\u00bb4.27.4&#8243; _module_preset=\u00bbdefault\u00bb custom_margin=\u00bb0.8rem||||false|false\u00bb global_colors_info=\u00bb{}\u00bb]<\/p>\n<h4>Impartimos programas de capacitaci\u00f3n y equipamiento<\/h4>\n<p>[\/et_pb_text][\/et_pb_column][\/et_pb_row][et_pb_row column_structure=\u00bb2_5,3_5&#8243; admin_label=\u00bb2&#8243; _builder_version=\u00bb4.27.4&#8243; _module_preset=\u00bbdefault\u00bb max_width_last_edited=\u00bboff|tablet\u00bb custom_margin=\u00bb||||false|false\u00bb custom_padding=\u00bb0px||0px||false|false\u00bb global_colors_info=\u00bb{}\u00bb][et_pb_column type=\u00bb2_5&#8243; _builder_version=\u00bb4.27.4&#8243; _module_preset=\u00bbdefault\u00bb global_colors_info=\u00bb{}\u00bb filter_saturate__hover_enabled=\u00bboff|desktop\u00bb filter_saturate__hover=\u00bb100%\u00bb][\/et_pb_column][et_pb_column type=\u00bb3_5&#8243; _builder_version=\u00bb4.27.4&#8243; _module_preset=\u00bbdefault\u00bb global_colors_info=\u00bb{}\u00bb][et_pb_image src=\u00bbhttps:\/\/irma.ac\/wp-content\/uploads\/2025\/08\/Homepage-03-Research.jpeg\u00bb title_text=\u00bbP\u00e1gina de inicio 03 &#8211; Investigaci\u00f3n\u00bb show_bottom_space=\u00bboff\u00bb force_fullwidth=\u00bbon\u00bb module_class=\u00bbimage-cadre-var\u00bb _builder_version=\u00bb4.27.4&#8243; _module_preset=\u00bbdefault\u00bb custom_margin=\u00bb||||false|false\u00bb global_colors_info=\u00bb{}\u00bb box_shadow_spread__hover_enabled=\u00bbon|hover\u00bb box_shadow_spread__hover=\u00bb20px\u00bb filter_contrast__hover_enabled=\u00bbon|desktop\u00bb filter_saturate__hover_enabled=\u00bboff|desktop\u00bb filter_saturate__hover=\u00bb100%\u00bb][\/et_pb_image][et_pb_text admin_label=\u00bbchiffre\u00bb _builder_version=\u00bb4.27.4&#8243; _module_preset=\u00bbdefault\u00bb text_font=\u00bb|800|||||||\u00bb text_text_color=\u00bb#FFFFFF\u00bb text_font_size=\u00bb4rem\u00bb positioning=\u00bbabsolute\u00bb vertical_offset=\u00bb2.1rem\u00bb horizontal_offset=\u00bb1.8rem\u00bb global_colors_info=\u00bb{}\u00bb]<\/p>\n<p>2<\/p>\n<p>[\/et_pb_text][et_pb_text module_class=\u00bbcredit\u00bb _builder_version=\u00bb4.27.4&#8243; _module_preset=\u00bbdefault\u00bb text_font_size=\u00bb0.8rem\u00bb global_colors_info=\u00bb{}\u00bb]<\/p>\n<p>Foto de N. Ljuslin<\/p>\n<p>[\/et_pb_text][\/et_pb_column][\/et_pb_row][et_pb_row column_structure=\u00bb2_5,3_5&#8243; admin_label=\u00bbl\u00e9gende 2&#8243; _builder_version=\u00bb4.27.4&#8243; _module_preset=\u00bbdefault\u00bb max_width_last_edited=\u00bboff|tablet\u00bb custom_margin=\u00bb||||false|false\u00bb custom_padding=\u00bb0px||||false|false\u00bb global_colors_info=\u00bb{}\u00bb][et_pb_column type=\u00bb2_5&#8243; _builder_version=\u00bb4.27.4&#8243; _module_preset=\u00bbdefault\u00bb global_colors_info=\u00bb{}\u00bb filter_saturate__hover_enabled=\u00bboff|desktop\u00bb filter_saturate__hover=\u00bb100%\u00bb][\/et_pb_column][et_pb_column type=\u00bb3_5&#8243; _builder_version=\u00bb4.27.4&#8243; _module_preset=\u00bbdefault\u00bb global_colors_info=\u00bb{}\u00bb][et_pb_text _builder_version=\u00bb4.27.4&#8243; _module_preset=\u00bbdefault\u00bb custom_margin=\u00bb0.8rem||||false|false\u00bb global_colors_info=\u00bb{}\u00bb]<\/p>\n<h4>Investigamos el impacto de la m\u00fasica y de quienes la crean en la sociedad.<\/h4>\n<p>[\/et_pb_text][\/et_pb_column][\/et_pb_row][\/et_pb_section][et_pb_section fb_built=\u00bb1&#8243; custom_padding_last_edited=\u00bbon|phone\u00bb admin_label=\u00bbS4 Our Main project + impact\u00bb _builder_version=\u00bb4.27.4&#8243; _module_preset=\u00bbdefault\u00bb background_color=\u00bb#F1FF30&#8243; custom_padding=\u00bb5rem||3rem||false|false\u00bb custom_padding_tablet=\u00bb3rem||1rem||false|false\u00bb custom_padding_phone=\u00bb3rem||1rem||false|false\u00bb collapsed=\u00bboff\u00bb global_colors_info=\u00bb{}\u00bb][et_pb_row _builder_version=\u00bb4.27.4&#8243; _module_preset=\u00bbdefault\u00bb global_colors_info=\u00bb{}\u00bb][et_pb_column type=\u00bb4_4&#8243; _builder_version=\u00bb4.27.4&#8243; _module_preset=\u00bbdefault\u00bb global_colors_info=\u00bb{}\u00bb][et_pb_text _builder_version=\u00bb4.27.4&#8243; _module_preset=\u00bbdefault\u00bb global_colors_info=\u00bb{}\u00bb]<\/p>\n<h3>Nuestro proyecto principal<\/h3>\n<h2>AMP: Amplificando las perspectivas de quienes hacen m\u00fasica<\/h2>\n<p>[\/et_pb_text][\/et_pb_column][\/et_pb_row][et_pb_row column_structure=\u00bb1_2,1_2&#8243; module_class=\u00bbmiddle\u00bb _builder_version=\u00bb4.27.4&#8243; _module_preset=\u00bbdefault\u00bb custom_margin=\u00bb||3rem||false|false\u00bb custom_margin_tablet=\u00bb||0rem||false|false\u00bb custom_margin_phone=\u00bb||0rem||false|false\u00bb custom_margin_last_edited=\u00bbon|desktop\u00bb global_colors_info=\u00bb{}\u00bb][et_pb_column type=\u00bb1_2&#8243; _builder_version=\u00bb4.27.4&#8243; _module_preset=\u00bbdefault\u00bb global_colors_info=\u00bb{}\u00bb][et_pb_text _builder_version=\u00bb4.27.4&#8243; _module_preset=\u00bb20481be7-2273-4696-9762-3ac21d12901e\u00bb global_colors_info=\u00bb{}\u00bb]<\/p>\n<p>Cada a\u00f1o, miles de personas se grad\u00faan en escuelas de m\u00fasica con sue\u00f1os profesionales. Sin embargo, muchas carecen de los conocimientos b\u00e1sicos de producci\u00f3n y gesti\u00f3n necesarios para prosperar en una industria saturada. <\/p>\n<p>Nuestro proyecto AMP surge como respuesta a este desaf\u00edo. Se trata de una formaci\u00f3n basada en dispositivos m\u00f3viles que impulsa a quienes hacen m\u00fasica a convertirse en creadoras y creadores capaces de destacar en un entorno competitivo. <\/p>\n<p>[\/et_pb_text][\/et_pb_column][et_pb_column type=\u00bb1_2&#8243; _builder_version=\u00bb4.27.4&#8243; _module_preset=\u00bbdefault\u00bb global_colors_info=\u00bb{}\u00bb][et_pb_text _builder_version=\u00bb4.27.5&#8243; _module_preset=\u00bb20481be7-2273-4696-9762-3ac21d12901e\u00bb custom_padding=\u00bb||||false|false\u00bb global_colors_info=\u00bb{}\u00bb]<\/p>\n<p><strong>AMP<\/strong> ofrece:<\/p>\n<ul>\n<li>Habilidades pr\u00e1cticas en producci\u00f3n de audio y video utilizando \u00fanicamente tel\u00e9fonos inteligentes<\/li>\n<li>Impacto cultural mediante el aprendizaje de estrategias para documentar y compartir creaciones musicales<\/li>\n<li>Aspectos esenciales del negocio musical, incluyendo promoci\u00f3n, gesti\u00f3n de la carrera y salud (mental)<\/li>\n<\/ul>\n<p>[\/et_pb_text][\/et_pb_column][\/et_pb_row][et_pb_row _builder_version=\u00bb4.27.4&#8243; _module_preset=\u00bbdefault\u00bb global_colors_info=\u00bb{}\u00bb][et_pb_column type=\u00bb4_4&#8243; _builder_version=\u00bb4.27.4&#8243; _module_preset=\u00bbdefault\u00bb global_colors_info=\u00bb{}\u00bb][et_pb_text _builder_version=\u00bb4.27.5&#8243; _module_preset=\u00bb20481be7-2273-4696-9762-3ac21d12901e\u00bb text_orientation=\u00bbcenter\u00bb global_colors_info=\u00bb{}\u00bb]<\/p>\n<p>Lo que dijeron las personas participantes en nuestro proyecto piloto AMP en S\u00e3o Paulo:<\/p>\n<p>[\/et_pb_text][\/et_pb_column][\/et_pb_row][et_pb_row column_structure=\u00bb1_3,1_3,1_3&#8243; _builder_version=\u00bb4.27.4&#8243; _module_preset=\u00bbdefault\u00bb global_colors_info=\u00bb{}\u00bb][et_pb_column type=\u00bb1_3&#8243; _builder_version=\u00bb4.27.4&#8243; _module_preset=\u00bbdefault\u00bb global_colors_info=\u00bb{}\u00bb][dipi_counter _builder_version=\u00bb4.27.4&#8243; _module_preset=\u00bbcbdb5513-9fae-474f-b857-1cbbdfdd56c4&#8243; global_colors_info=\u00bb{}\u00bb][\/dipi_counter][et_pb_text _builder_version=\u00bb4.27.4&#8243; _module_preset=\u00bbdefault\u00bb text_orientation=\u00bbcenter\u00bb custom_margin=\u00bb||||false|false\u00bb custom_padding=\u00bb||||false|false\u00bb global_colors_info=\u00bb{}\u00bb]<\/p>\n<p>adquiri\u00f3 un sentido de fortalecimiento como artista<\/p>\n<p>[\/et_pb_text][\/et_pb_column][et_pb_column type=\u00bb1_3&#8243; _builder_version=\u00bb4.27.4&#8243; _module_preset=\u00bbdefault\u00bb global_colors_info=\u00bb{}\u00bb][dipi_counter suffix=\u00bb%\u00bb text_direction=\u00bbinline\u00bb counter_type=\u00bbhalf_circle\u00bb count_circle_percent=\u00bb88&#8243; count_to_number=\u00bb88&#8243; count_from_number=\u00bb0&#8243; circle_track_color=\u00bbRGBA(255,255,255,0)\u00bb _builder_version=\u00bb4.27.4&#8243; _module_preset=\u00bbdefault\u00bb suffix_font_size=\u00bb0.5em\u00bb custom_margin=\u00bb||||false|false\u00bb custom_padding=\u00bb||||false|false\u00bb global_colors_info=\u00bb{}\u00bb][\/dipi_counter][et_pb_text _builder_version=\u00bb4.27.4&#8243; _module_preset=\u00bbdefault\u00bb text_orientation=\u00bbcenter\u00bb custom_margin=\u00bb||||false|false\u00bb custom_padding=\u00bb||||false|false\u00bb global_colors_info=\u00bb{}\u00bb]<\/p>\n<p>consider\u00f3 excelente el programa AMP<\/p>\n<p>[\/et_pb_text][\/et_pb_column][et_pb_column type=\u00bb1_3&#8243; _builder_version=\u00bb4.27.4&#8243; _module_preset=\u00bbdefault\u00bb global_colors_info=\u00bb{}\u00bb][dipi_counter suffix=\u00bb%\u00bb text_direction=\u00bbinline\u00bb counter_type=\u00bbhalf_circle\u00bb count_circle_percent=\u00bb100&#8243; count_to_number=\u00bb100&#8243; count_from_number=\u00bb0&#8243; circle_track_color=\u00bbRGBA(255,255,255,0)\u00bb _builder_version=\u00bb4.27.4&#8243; _module_preset=\u00bbdefault\u00bb suffix_font_size=\u00bb0.5em\u00bb custom_margin=\u00bb||||false|false\u00bb custom_padding=\u00bb||||false|false\u00bb global_colors_info=\u00bb{}\u00bb][\/dipi_counter][et_pb_text _builder_version=\u00bb4.27.4&#8243; _module_preset=\u00bbdefault\u00bb text_orientation=\u00bbcenter\u00bb custom_margin=\u00bb||||false|false\u00bb custom_padding=\u00bb||||false|false\u00bb global_colors_info=\u00bb{}\u00bb]<\/p>\n<p>obtuvieron nuevas perspectivas profesionales<\/p>\n<p>[\/et_pb_text][\/et_pb_column][\/et_pb_row][et_pb_row _builder_version=\u00bb4.27.4&#8243; _module_preset=\u00bbdefault\u00bb width_tablet=\u00bb60%\u00bb width_phone=\u00bb60%\u00bb width_last_edited=\u00bboff|desktop\u00bb custom_margin=\u00bb5rem||||false|false\u00bb custom_margin_tablet=\u00bb3rem||0rem||false|false\u00bb custom_margin_phone=\u00bb2rem||||false|false\u00bb custom_margin_last_edited=\u00bbon|desktop\u00bb global_colors_info=\u00bb{}\u00bb custom_margin__hover_enabled=\u00bboff|hover\u00bb custom_margin__hover=\u00bb||0rem||false|false\u00bb][et_pb_column type=\u00bb4_4&#8243; _builder_version=\u00bb4.27.4&#8243; _module_preset=\u00bbdefault\u00bb global_colors_info=\u00bb{}\u00bb][et_pb_text _builder_version=\u00bb4.27.4&#8243; _module_preset=\u00bb94b7047c-6776-44d7-b6e7-70199b4b2eb9&#8243; text_orientation=\u00bbcenter\u00bb module_alignment=\u00bbcenter\u00bb text_font_size_tablet=\u00bb2rem\u00bb text_font_size_phone=\u00bb2rem\u00bb text_font_size_last_edited=\u00bbon|desktop\u00bb text_orientation_tablet=\u00bbleft\u00bb text_orientation_phone=\u00bbleft\u00bb text_orientation_last_edited=\u00bbon|tablet\u00bb global_colors_info=\u00bb{}\u00bb]<\/p>\n<p>Nuestra investigaci\u00f3n demuestra que la formaci\u00f3n en producci\u00f3n musical enriquece la educaci\u00f3n musical, activa la comunicaci\u00f3n y ampl\u00eda las perspectivas profesionales de los m\u00fasic@s, entre otros beneficios.<\/p>\n<p>[\/et_pb_text][\/et_pb_column][\/et_pb_row][\/et_pb_section][et_pb_section fb_built=\u00bb1&#8243; custom_padding_last_edited=\u00bbon|tablet\u00bb admin_label=\u00bbS5 Same as in Activities\u00bb _builder_version=\u00bb4.27.4&#8243; _module_preset=\u00bbdefault\u00bb custom_padding=\u00bb5rem||0px||false|false\u00bb custom_padding_tablet=\u00bb5rem||0px||false|false\u00bb custom_padding_phone=\u00bb3rem||||false|false\u00bb collapsed=\u00bboff\u00bb global_colors_info=\u00bb{}\u00bb][et_pb_row _builder_version=\u00bb4.27.4&#8243; _module_preset=\u00bbdefault\u00bb max_width_last_edited=\u00bboff|desktop\u00bb custom_padding=\u00bb0px||||false|false\u00bb global_colors_info=\u00bb{}\u00bb][et_pb_column type=\u00bb4_4&#8243; _builder_version=\u00bb4.27.4&#8243; _module_preset=\u00bbdefault\u00bb global_colors_info=\u00bb{}\u00bb][et_pb_video src=\u00bbhttps:\/\/irma.ac\/wp-content\/uploads\/2025\/10\/IRMA-promo-video-2026.mov\u00bb image_src=\u00bbhttps:\/\/irma.ac\/wp-content\/uploads\/2025\/11\/Thumbnail-scaled.png\u00bb _builder_version=\u00bb4.27.4&#8243; _module_preset=\u00bbdefault\u00bb global_colors_info=\u00bb{}\u00bb][\/et_pb_video][\/et_pb_column][\/et_pb_row][et_pb_row _builder_version=\u00bb4.27.4&#8243; _module_preset=\u00bbdefault\u00bb custom_margin=\u00bb||3rem||false|false\u00bb custom_padding=\u00bb||||false|false\u00bb global_colors_info=\u00bb{}\u00bb][et_pb_column type=\u00bb4_4&#8243; _builder_version=\u00bb4.27.4&#8243; _module_preset=\u00bbdefault\u00bb global_colors_info=\u00bb{}\u00bb][et_pb_divider color=\u00bb#FFF600&#8243; divider_weight=\u00bb3px\u00bb _builder_version=\u00bb4.27.4&#8243; _module_preset=\u00bbdefault\u00bb custom_margin=\u00bb||||false|false\u00bb custom_padding=\u00bb2rem||||false|false\u00bb global_colors_info=\u00bb{}\u00bb][\/et_pb_divider][et_pb_text _builder_version=\u00bb4.27.4&#8243; _module_preset=\u00bbdefault\u00bb global_colors_info=\u00bb{}\u00bb]<\/p>\n<h3>Lo que dijeron las personas participantes en nuestro proyecto piloto AMP en S\u00e3o Paulo:<\/h3>\n<p>[\/et_pb_text][dipi_testimonial item_align=\u00bbleft\u00bb use_hide_img=\u00bbon\u00bb use_hide_rating=\u00bbon\u00bb use_hide_readmore=\u00bbon\u00bb review_length=\u00bb500&#8243; orderby=\u00bbtitle_asc\u00bb review_type=\u00bboff|off|off|off\u00bb testimonial_categories=\u00bb29&#8243; testimonial_suppress_filters=\u00bboff\u00bb use_show_popup_rating=\u00bboff\u00bb use_show_popup_review=\u00bboff\u00bb use_show_popup_image=\u00bboff\u00bb use_show_popup_company=\u00bboff\u00bb use_show_popup_name=\u00bboff\u00bb columns=\u00bb2&#8243; container_padding=\u00bb30px|30px|30px|30px|false|false\u00bb loop=\u00bbon\u00bb navigation=\u00bbon\u00bb pagination=\u00bbon\u00bb use_navi_prev_icon=\u00bbon\u00bb navi_prev_icon=\u00bb&#x34;||divi||400&#8243; use_navi_next_icon=\u00bbon\u00bb navi_next_icon=\u00bb&#x35;||divi||400&#8243; pagi_position=\u00bb10&#8243; pagi_color=\u00bbrgba(0,7,73,0.6)\u00bb columns_tablet=\u00bb1&#8243; columns_phone=\u00bb1&#8243; columns_last_edited=\u00bbon|phone\u00bb navi_position_left_tablet=\u00bb-30&#8243; navi_position_left_phone=\u00bb-18&#8243; navi_position_left_last_edited=\u00bbon|tablet\u00bb navi_position_right_tablet=\u00bb-30&#8243; navi_position_right_phone=\u00bb-18&#8243; navi_position_right_last_edited=\u00bbon|phone\u00bb _builder_version=\u00bb4.27.5&#8243; _module_preset=\u00bbdefault\u00bb testimonial_text_font=\u00bb||on||||||\u00bb testimonial_text_font_size=\u00bb1.5rem\u00bb testimonial_text_line_height=\u00bb1.35em\u00bb global_colors_info=\u00bb{}\u00bb][\/dipi_testimonial][\/et_pb_column][\/et_pb_row][\/et_pb_section][et_pb_section fb_built=\u00bb1&#8243; admin_label=\u00bbOur impact\u00bb _builder_version=\u00bb4.27.4&#8243; _module_preset=\u00bbdefault\u00bb background_color=\u00bb#7FFFF6&#8243; custom_padding=\u00bb5rem||0px||false|false\u00bb collapsed=\u00bboff\u00bb global_colors_info=\u00bb{}\u00bb][et_pb_row column_structure=\u00bb1_2,1_2&#8243; _builder_version=\u00bb4.27.4&#8243; _module_preset=\u00bbdefault\u00bb max_width_last_edited=\u00bboff|desktop\u00bb custom_padding=\u00bb0px||2rem||false|false\u00bb global_colors_info=\u00bb{}\u00bb][et_pb_column type=\u00bb1_2&#8243; _builder_version=\u00bb4.27.4&#8243; _module_preset=\u00bbdefault\u00bb global_colors_info=\u00bb{}\u00bb][et_pb_text _builder_version=\u00bb4.27.4&#8243; _module_preset=\u00bbdefault\u00bb global_colors_info=\u00bb{}\u00bb]<\/p>\n<h3>Nuestro trabajo en general<\/h3>\n<p>[\/et_pb_text][\/et_pb_column][et_pb_column type=\u00bb1_2&#8243; _builder_version=\u00bb4.27.4&#8243; _module_preset=\u00bbdefault\u00bb global_colors_info=\u00bb{}\u00bb][et_pb_text _builder_version=\u00bb4.27.4&#8243; _module_preset=\u00bb20481be7-2273-4696-9762-3ac21d12901e\u00bb global_colors_info=\u00bb{}\u00bb]<\/p>\n<ul>\n<li>Investigaci\u00f3n basada en evidencias y presentaciones sobre el impacto de la m\u00fasica en la sociedad.<\/li>\n<li>Reflexiones colectivas: talleres en los que artistas exploran c\u00f3mo pueden actuar en un mundo en crisis.<\/li>\n<li>Colaboraciones: apoyo a ni\u00f1as y ni\u00f1os afectados por la guerra en Armenia, a personas<br \/>m\u00fasicas refugiadas ucranianas y a proyectos de sensibilizaci\u00f3n sobre el clima.<\/li>\n<\/ul>\n<p>[\/et_pb_text][et_pb_button button_url=\u00bb@ET-DC@eyJkeW5hbWljIjp0cnVlLCJjb250ZW50IjoicG9zdF9saW5rX3VybF9wYWdlIiwic2V0dGluZ3MiOnsicG9zdF9pZCI6Ijg1NyJ9fQ==@\u00bb button_text=\u00bbSaber m\u00e1s\u00bb _builder_version=\u00bb4.27.4&#8243; _dynamic_attributes=\u00bbbutton_url\u00bb _module_preset=\u00bb090a9174-c0ce-4f3a-9897-8c3a69069ef9&#8243; global_colors_info=\u00bb{}\u00bb button_border_color__hover=\u00bb\u00bb button_border_color__hover_enabled=\u00bbon|desktop\u00bb][\/et_pb_button][\/et_pb_column][\/et_pb_row][et_pb_row _builder_version=\u00bb4.27.4&#8243; _module_preset=\u00bbdefault\u00bb width=\u00bb75%\u00bb width_tablet=\u00bb75%\u00bb width_phone=\u00bb98%\u00bb width_last_edited=\u00bbon|tablet\u00bb module_alignment=\u00bbright\u00bb custom_padding=\u00bb0px||0px||false|false\u00bb global_colors_info=\u00bb{}\u00bb][et_pb_column type=\u00bb4_4&#8243; _builder_version=\u00bb4.27.4&#8243; _module_preset=\u00bbdefault\u00bb global_colors_info=\u00bb{}\u00bb][et_pb_text admin_label=\u00bbCredit\u00bb module_class=\u00bbcredit\u00bb _builder_version=\u00bb4.27.4&#8243; _module_preset=\u00bbdefault\u00bb text_font_size=\u00bb0.8rem\u00bb custom_margin=\u00bb||0px||false|false\u00bb custom_padding=\u00bb||||false|false\u00bb global_colors_info=\u00bb{}\u00bb]<\/p>\n<p>Foto de N. Ljuslin<\/p>\n<p>[\/et_pb_text][et_pb_image src=\u00bbhttps:\/\/irma.ac\/wp-content\/uploads\/2025\/08\/Homepage-05-RC.jpg\u00bb title_text=\u00bbP\u00e1gina de inicio 05 &#8211; RC\u00bb module_class=\u00bbimage-cadre\u00bb _builder_version=\u00bb4.27.5&#8243; _module_preset=\u00bbdefault\u00bb custom_margin=\u00bb||0px||false|false\u00bb custom_padding=\u00bb||||false|false\u00bb global_colors_info=\u00bb{}\u00bb][\/et_pb_image][\/et_pb_column][\/et_pb_row][\/et_pb_section]<\/p>\n","protected":false},"excerpt":{"rendered":"<p><div class=\"et_pb_module dipi_dual_heading dipi_dual_heading_0\">\n\t\t\t\t\n\t\t\t\t\n\t\t\t\t\n\t\t\t\t\n\t\t\t\t\n\t\t\t\t\n\t\t\t\t<div class=\"et_pb_module_inner\">\n\t\t\t\t\t\n                <div class=\"dipi-dual-heading \">\n                    <h1 class=\"dipi-dh-main\">\n                        <span class=\"dipi-dh-first-heading\">\n                            <span class=\"dipi-dh-animation-container\">\n                                <span class=\"dipi-dh-bg-container\">\n                                    amplificar el arte, \n                                <\/span>\n                            <\/span>\n                        <\/span>\n                        <span class=\"dipi-dh-second-heading\">\n                            <span class=\"dipi-dh-animation-container\">\n                                <span class=\"dipi-dh-bg-container\">\n                                    ecualizar oportunidades\n                                <\/span>\n                            <\/span>\n                        <\/span>\n                    <\/h1>\n                <\/div>\n\t\t\t\t<\/div>\n\t\t\t<\/div>Demasiadas personas aspirantes a dedicarse profesionalmente a la m\u00fasica enfrentan el reto de convertir su arte en un medio de vida [&hellip;]<\/p>\n","protected":false},"author":1,"featured_media":0,"parent":0,"menu_order":0,"comment_status":"closed","ping_status":"closed","template":"","meta":{"_et_pb_use_builder":"on","_et_pb_old_content":"","_et_gb_content_width":"","footnotes":""},"dipi_cpt_category":[],"class_list":["post-3384","page","type-page","status-publish","hentry"],"_links":{"self":[{"href":"https:\/\/irma.ac\/es\/wp-json\/wp\/v2\/pages\/3384","targetHints":{"allow":["GET"]}}],"collection":[{"href":"https:\/\/irma.ac\/es\/wp-json\/wp\/v2\/pages"}],"about":[{"href":"https:\/\/irma.ac\/es\/wp-json\/wp\/v2\/types\/page"}],"author":[{"embeddable":true,"href":"https:\/\/irma.ac\/es\/wp-json\/wp\/v2\/users\/1"}],"replies":[{"embeddable":true,"href":"https:\/\/irma.ac\/es\/wp-json\/wp\/v2\/comments?post=3384"}],"version-history":[{"count":44,"href":"https:\/\/irma.ac\/es\/wp-json\/wp\/v2\/pages\/3384\/revisions"}],"predecessor-version":[{"id":4908,"href":"https:\/\/irma.ac\/es\/wp-json\/wp\/v2\/pages\/3384\/revisions\/4908"}],"wp:attachment":[{"href":"https:\/\/irma.ac\/es\/wp-json\/wp\/v2\/media?parent=3384"}],"wp:term":[{"taxonomy":"dipi_cpt_category","embeddable":true,"href":"https:\/\/irma.ac\/es\/wp-json\/wp\/v2\/dipi_cpt_category?post=3384"}],"curies":[{"name":"wp","href":"https:\/\/api.w.org\/{rel}","templated":true}]}}